{"id":274,"date":"2019-09-05T19:55:17","date_gmt":"2019-09-05T17:55:17","guid":{"rendered":"http:\/\/dgpp.de\/de\/?page_id=274"},"modified":"2026-03-11T13:47:30","modified_gmt":"2026-03-11T12:47:30","slug":"links","status":"publish","type":"page","link":"https:\/\/dgpp.de\/de\/links\/","title":{"rendered":"Links"},"content":{"rendered":"<p>Auf dieser Seite finden Sie die Web-Adressen f\u00fcr phoniatrische und p\u00e4daudiologische Institutionen sowie (inter-)nationale Partner und Freunde der DGPP. Wenn Ihre Organisation in dieses Verzeichnis aufgenommen werden soll, kontaktieren Sie bitte die <a href=\"https:\/\/dgpp.de\/de\/praesidium-vorstand\/\">Gesch\u00e4ftsstelle der DGPP<\/a>.<\/p>\n<h2>Webseiten<\/h2>\n<div style=\"clear:both;\"><\/div><div id=\"gallery-wplf\" class=\"galleryid-wplf gallery-columns-3 wplf-display\"><figure id=\"gallery-item-0\" class=\"gallery-item wplf-item\">\r\n\t\t\t\t<div class=\"gallery-icon landscape\">\r\n\t\t\t\t<a class=\"wplf_link\" href=\"http:\/\/www.awmf.org\" target=\"_blank\">\r\n\t\t\t\t<img width=\"500\" height=\"348\" src=\"https:\/\/dgpp.de\/de\/wp-content\/uploads\/wp-links-page\/AGderWissenschaftlichenMedFachgesellschaftenAWMF1699594545.jpg\" class=\"attachment-full size-full\" alt=\"\" decoding=\"async\" loading=\"lazy\" style=\"box-shadow: 0 5px 15px 0 rgba(0,0,0,0.19);\" srcset=\"https:\/\/dgpp.de\/de\/wp-content\/uploads\/wp-links-page\/AGderWissenschaftlichenMedFachgesellschaftenAWMF1699594545.jpg 500w, https:\/\/dgpp.de\/de\/wp-content\/uploads\/wp-links-page\/AGderWissenschaftlichenMedFachgesellschaftenAWMF1699594545-300x209.jpg 300w\" sizes=\"(max-width: 500px) 100vw, 500px\" \/>\r\n\t\t\t\t<p class=\"wplf_display\" style=\"text-align: center\" >AG der Wissenschaftlichen Med. Fachgesellschaften (AWMF)<\/p>\r\n\t\t\t\t<\/a>\r\n\t\t\t\t<\/div>\r\n\t\t\t\t<\/figure><figure id=\"gallery-item-1\" class=\"gallery-item wplf-item\">\r\n\t\t\t\t<div class=\"gallery-icon landscape\">\r\n\t\t\t\t<a class=\"wplf_link\" href=\"http:\/\/www.aha-luebeck.de\" target=\"_blank\">\r\n\t\t\t\t<img width=\"500\" height=\"348\" src=\"https:\/\/dgpp.de\/de\/wp-content\/uploads\/wp-links-page\/AkademiefrHrgerteakustikinLbeck1699594887.jpg\" class=\"attachment-full size-full\" alt=\"\" decoding=\"async\" loading=\"lazy\" style=\"box-shadow: 0 5px 15px 0 rgba(0,0,0,0.19);\" srcset=\"https:\/\/dgpp.de\/de\/wp-content\/uploads\/wp-links-page\/AkademiefrHrgerteakustikinLbeck1699594887.jpg 500w, https:\/\/dgpp.de\/de\/wp-content\/uploads\/wp-links-page\/AkademiefrHrgerteakustikinLbeck1699594887-300x209.jpg 300w\" sizes=\"(max-width: 500px) 100vw, 500px\" \/>\r\n\t\t\t\t<p class=\"wplf_display\" style=\"text-align: center\" >Akademie f\u00fcr H\u00f6rger\u00e4teakustik in L\u00fcbeck<\/p>\r\n\t\t\t\t<\/a>\r\n\t\t\t\t<\/div>\r\n\t\t\t\t<\/figure><figure id=\"gallery-item-2\" class=\"gallery-item wplf-item\">\r\n\t\t\t\t<div class=\"gallery-icon landscape\">\r\n\t\t\t\t<a class=\"wplf_link\" href=\"http:\/\/www.entnet.org\" target=\"_blank\">\r\n\t\t\t\t<img width=\"500\" height=\"348\" src=\"https:\/\/dgpp.de\/de\/wp-content\/uploads\/wp-links-page\/AmericanSocietyofPediatricOtolaryngologistsASPO1699595389.jpg\" class=\"attachment-full size-full\" alt=\"\" decoding=\"async\" loading=\"lazy\" style=\"box-shadow: 0 5px 15px 0 rgba(0,0,0,0.19);\" srcset=\"https:\/\/dgpp.de\/de\/wp-content\/uploads\/wp-links-page\/AmericanSocietyofPediatricOtolaryngologistsASPO1699595389.jpg 500w, https:\/\/dgpp.de\/de\/wp-content\/uploads\/wp-links-page\/AmericanSocietyofPediatricOtolaryngologistsASPO1699595389-300x209.jpg 300w\" sizes=\"(max-width: 500px) 100vw, 500px\" \/>\r\n\t\t\t\t<p class=\"wplf_display\" style=\"text-align: center\" >American Society of Pediatric Otolaryngologists (ASPO)<\/p>\r\n\t\t\t\t<\/a>\r\n\t\t\t\t<\/div>\r\n\t\t\t\t<\/figure><figure id=\"gallery-item-3\" class=\"gallery-item wplf-item\">\r\n\t\t\t\t<div class=\"gallery-icon landscape\">\r\n\t\t\t\t<a class=\"wplf_link\" href=\"http:\/\/www.asha.org\" target=\"_blank\">\r\n\t\t\t\t<img width=\"500\" height=\"348\" src=\"https:\/\/dgpp.de\/de\/wp-content\/uploads\/wp-links-page\/AmericanSpeechLanguageHearingAssociationASHA1699595408.jpg\" class=\"attachment-full size-full\" alt=\"\" decoding=\"async\" loading=\"lazy\" style=\"box-shadow: 0 5px 15px 0 rgba(0,0,0,0.19);\" srcset=\"https:\/\/dgpp.de\/de\/wp-content\/uploads\/wp-links-page\/AmericanSpeechLanguageHearingAssociationASHA1699595408.jpg 500w, https:\/\/dgpp.de\/de\/wp-content\/uploads\/wp-links-page\/AmericanSpeechLanguageHearingAssociationASHA1699595408-300x209.jpg 300w\" sizes=\"(max-width: 500px) 100vw, 500px\" \/>\r\n\t\t\t\t<p class=\"wplf_display\" style=\"text-align: center\" >American Speech-Language-Hearing Association (ASHA)<\/p>\r\n\t\t\t\t<\/a>\r\n\t\t\t\t<\/div>\r\n\t\t\t\t<\/figure><figure id=\"gallery-item-4\" class=\"gallery-item wplf-item\">\r\n\t\t\t\t<div class=\"gallery-icon landscape\">\r\n\t\t\t\t<a class=\"wplf_link\" href=\"http:\/\/www.biha.de\" target=\"_blank\">\r\n\t\t\t\t<img width=\"500\" height=\"348\" src=\"https:\/\/dgpp.de\/de\/wp-content\/uploads\/wp-links-page\/BundesinnungderHrgerteakustiker1699594876.jpg\" class=\"attachment-full size-full\" alt=\"\" decoding=\"async\" loading=\"lazy\" style=\"box-shadow: 0 5px 15px 0 rgba(0,0,0,0.19);\" srcset=\"https:\/\/dgpp.de\/de\/wp-content\/uploads\/wp-links-page\/BundesinnungderHrgerteakustiker1699594876.jpg 500w, https:\/\/dgpp.de\/de\/wp-content\/uploads\/wp-links-page\/BundesinnungderHrgerteakustiker1699594876-300x209.jpg 300w\" sizes=\"(max-width: 500px) 100vw, 500px\" \/>\r\n\t\t\t\t<p class=\"wplf_display\" style=\"text-align: center\" >Bundesinnung der H\u00f6rger\u00e4teakustiker<\/p>\r\n\t\t\t\t<\/a>\r\n\t\t\t\t<\/div>\r\n\t\t\t\t<\/figure><figure id=\"gallery-item-5\" class=\"gallery-item wplf-item\">\r\n\t\t\t\t<div class=\"gallery-icon landscape\">\r\n\t\t\t\t<a class=\"wplf_link\" href=\"http:\/\/www.bdsl-ev.de\" target=\"_blank\">\r\n\t\t\t\t<img width=\"500\" height=\"348\" src=\"https:\/\/dgpp.de\/de\/wp-content\/uploads\/wp-links-page\/BundesverbandDeutscherSchulenfrLogopdie1699594578.jpg\" class=\"attachment-full size-full\" alt=\"\" decoding=\"async\" loading=\"lazy\" style=\"box-shadow: 0 5px 15px 0 rgba(0,0,0,0.19);\" srcset=\"https:\/\/dgpp.de\/de\/wp-content\/uploads\/wp-links-page\/BundesverbandDeutscherSchulenfrLogopdie1699594578.jpg 500w, https:\/\/dgpp.de\/de\/wp-content\/uploads\/wp-links-page\/BundesverbandDeutscherSchulenfrLogopdie1699594578-300x209.jpg 300w\" sizes=\"(max-width: 500px) 100vw, 500px\" \/>\r\n\t\t\t\t<p class=\"wplf_display\" style=\"text-align: center\" >Bundesverband Deutscher Schulen f\u00fcr Logop\u00e4die<\/p>\r\n\t\t\t\t<\/a>\r\n\t\t\t\t<\/div>\r\n\t\t\t\t<\/figure><figure id=\"gallery-item-6\" class=\"gallery-item wplf-item\">\r\n\t\t\t\t<div class=\"gallery-icon landscape\">\r\n\t\t\t\t<a class=\"wplf_link\" href=\"http:\/\/www.biap.org\" target=\"_blank\">\r\n\t\t\t\t<img width=\"500\" height=\"348\" src=\"https:\/\/dgpp.de\/de\/wp-content\/uploads\/wp-links-page\/BureauInternationaldAudiophonologieBIAP1699594923.jpg\" class=\"attachment-full size-full\" alt=\"\" decoding=\"async\" loading=\"lazy\" style=\"box-shadow: 0 5px 15px 0 rgba(0,0,0,0.19);\" srcset=\"https:\/\/dgpp.de\/de\/wp-content\/uploads\/wp-links-page\/BureauInternationaldAudiophonologieBIAP1699594923.jpg 500w, https:\/\/dgpp.de\/de\/wp-content\/uploads\/wp-links-page\/BureauInternationaldAudiophonologieBIAP1699594923-300x209.jpg 300w\" sizes=\"(max-width: 500px) 100vw, 500px\" \/>\r\n\t\t\t\t<p class=\"wplf_display\" style=\"text-align: center\" >Bureau International d'Audiophonologie (BIAP)<\/p>\r\n\t\t\t\t<\/a>\r\n\t\t\t\t<\/div>\r\n\t\t\t\t<\/figure><figure id=\"gallery-item-7\" class=\"gallery-item wplf-item\">\r\n\t\t\t\t<div class=\"gallery-icon landscape\">\r\n\t\t\t\t<a class=\"wplf_link\" href=\"http:\/\/www.caslpa.ca\" target=\"_blank\">\r\n\t\t\t\t<img width=\"500\" height=\"348\" src=\"https:\/\/dgpp.de\/de\/wp-content\/uploads\/wp-links-page\/CDNAssociationofSpeechLanguagePathologistsandAudiologists1699595424.jpg\" class=\"attachment-full size-full\" alt=\"\" decoding=\"async\" loading=\"lazy\" style=\"box-shadow: 0 5px 15px 0 rgba(0,0,0,0.19);\" srcset=\"https:\/\/dgpp.de\/de\/wp-content\/uploads\/wp-links-page\/CDNAssociationofSpeechLanguagePathologistsandAudiologists1699595424.jpg 500w, https:\/\/dgpp.de\/de\/wp-content\/uploads\/wp-links-page\/CDNAssociationofSpeechLanguagePathologistsandAudiologists1699595424-300x209.jpg 300w\" sizes=\"(max-width: 500px) 100vw, 500px\" \/>\r\n\t\t\t\t<p class=\"wplf_display\" style=\"text-align: center\" >CDN Association of Speech-Language Pathologists and Audiologists<\/p>\r\n\t\t\t\t<\/a>\r\n\t\t\t\t<\/div>\r\n\t\t\t\t<\/figure><figure id=\"gallery-item-8\" class=\"gallery-item wplf-item\">\r\n\t\t\t\t<div class=\"gallery-icon landscape\">\r\n\t\t\t\t<a class=\"wplf_link\" href=\"http:\/\/www.hno.org\" target=\"_blank\">\r\n\t\t\t\t<img width=\"500\" height=\"348\" src=\"https:\/\/dgpp.de\/de\/wp-content\/uploads\/wp-links-page\/DeutscheGesellschaftfrHNO1699594481.jpg\" class=\"attachment-full size-full\" alt=\"\" decoding=\"async\" loading=\"lazy\" style=\"box-shadow: 0 5px 15px 0 rgba(0,0,0,0.19);\" srcset=\"https:\/\/dgpp.de\/de\/wp-content\/uploads\/wp-links-page\/DeutscheGesellschaftfrHNO1699594481.jpg 500w, https:\/\/dgpp.de\/de\/wp-content\/uploads\/wp-links-page\/DeutscheGesellschaftfrHNO1699594481-300x209.jpg 300w\" sizes=\"(max-width: 500px) 100vw, 500px\" \/>\r\n\t\t\t\t<p class=\"wplf_display\" style=\"text-align: center\" >Deutsche Gesellschaft f\u00fcr HNO<\/p>\r\n\t\t\t\t<\/a>\r\n\t\t\t\t<\/div>\r\n\t\t\t\t<\/figure><figure id=\"gallery-item-9\" class=\"gallery-item wplf-item\">\r\n\t\t\t\t<div class=\"gallery-icon landscape\">\r\n\t\t\t\t<a class=\"wplf_link\" href=\"http:\/\/www.gfhev.de\" target=\"_blank\">\r\n\t\t\t\t<img width=\"500\" height=\"348\" src=\"https:\/\/dgpp.de\/de\/wp-content\/uploads\/wp-links-page\/DeutscheGesellschaftfrHumangenetik1699594528.jpg\" class=\"attachment-full size-full\" alt=\"\" decoding=\"async\" loading=\"lazy\" style=\"box-shadow: 0 5px 15px 0 rgba(0,0,0,0.19);\" srcset=\"https:\/\/dgpp.de\/de\/wp-content\/uploads\/wp-links-page\/DeutscheGesellschaftfrHumangenetik1699594528.jpg 500w, https:\/\/dgpp.de\/de\/wp-content\/uploads\/wp-links-page\/DeutscheGesellschaftfrHumangenetik1699594528-300x209.jpg 300w\" sizes=\"(max-width: 500px) 100vw, 500px\" \/>\r\n\t\t\t\t<p class=\"wplf_display\" style=\"text-align: center\" >Deutsche Gesellschaft f\u00fcr Humangenetik<\/p>\r\n\t\t\t\t<\/a>\r\n\t\t\t\t<\/div>\r\n\t\t\t\t<\/figure><figure id=\"gallery-item-10\" class=\"gallery-item wplf-item\">\r\n\t\t\t\t<div class=\"gallery-icon landscape\">\r\n\t\t\t\t<a class=\"wplf_link\" href=\"http:\/\/www.dgn.org\" target=\"_blank\">\r\n\t\t\t\t<img width=\"500\" height=\"348\" src=\"https:\/\/dgpp.de\/de\/wp-content\/uploads\/wp-links-page\/DeutscheGesellschaftfrNeurologieDGN1699594517.jpg\" class=\"attachment-full size-full\" alt=\"\" decoding=\"async\" loading=\"lazy\" style=\"box-shadow: 0 5px 15px 0 rgba(0,0,0,0.19);\" srcset=\"https:\/\/dgpp.de\/de\/wp-content\/uploads\/wp-links-page\/DeutscheGesellschaftfrNeurologieDGN1699594517.jpg 500w, https:\/\/dgpp.de\/de\/wp-content\/uploads\/wp-links-page\/DeutscheGesellschaftfrNeurologieDGN1699594517-300x209.jpg 300w\" sizes=\"(max-width: 500px) 100vw, 500px\" \/>\r\n\t\t\t\t<p class=\"wplf_display\" style=\"text-align: center\" >Deutsche Gesellschaft f\u00fcr Neurologie (DGN)<\/p>\r\n\t\t\t\t<\/a>\r\n\t\t\t\t<\/div>\r\n\t\t\t\t<\/figure><figure id=\"gallery-item-11\" class=\"gallery-item wplf-item\">\r\n\t\t\t\t<div class=\"gallery-icon landscape\">\r\n\t\t\t\t<a class=\"wplf_link\" href=\"http:\/\/www.dgs-ev.de\" target=\"_blank\">\r\n\t\t\t\t<img width=\"500\" height=\"348\" src=\"https:\/\/dgpp.de\/de\/wp-content\/uploads\/wp-links-page\/DeutscheGesellschaftfrSprachheilpdagogik1699594592.jpg\" class=\"attachment-full size-full\" alt=\"\" decoding=\"async\" loading=\"lazy\" style=\"box-shadow: 0 5px 15px 0 rgba(0,0,0,0.19);\" srcset=\"https:\/\/dgpp.de\/de\/wp-content\/uploads\/wp-links-page\/DeutscheGesellschaftfrSprachheilpdagogik1699594592.jpg 500w, https:\/\/dgpp.de\/de\/wp-content\/uploads\/wp-links-page\/DeutscheGesellschaftfrSprachheilpdagogik1699594592-300x209.jpg 300w\" sizes=\"(max-width: 500px) 100vw, 500px\" \/>\r\n\t\t\t\t<p class=\"wplf_display\" style=\"text-align: center\" >Deutsche Gesellschaft f\u00fcr Sprachheilp\u00e4dagogik<\/p>\r\n\t\t\t\t<\/a>\r\n\t\t\t\t<\/div>\r\n\t\t\t\t<\/figure><figure id=\"gallery-item-12\" class=\"gallery-item wplf-item\">\r\n\t\t\t\t<div class=\"gallery-icon landscape\">\r\n\t\t\t\t<a class=\"wplf_link\" href=\"http:\/\/www.dbvpp.de\" target=\"_blank\">\r\n\t\t\t\t<img width=\"320\" height=\"179\" src=\"https:\/\/dgpp.de\/de\/wp-content\/uploads\/wp-links-page\/DeutscherBerufsverbandfrPhoniatrieundPdaudiologie1588916120.jpg\" class=\"attachment-full size-full\" alt=\"\" decoding=\"async\" loading=\"lazy\" style=\"box-shadow: 0 5px 15px 0 rgba(0,0,0,0.19);\" srcset=\"https:\/\/dgpp.de\/de\/wp-content\/uploads\/wp-links-page\/DeutscherBerufsverbandfrPhoniatrieundPdaudiologie1588916120.jpg 320w, https:\/\/dgpp.de\/de\/wp-content\/uploads\/wp-links-page\/DeutscherBerufsverbandfrPhoniatrieundPdaudiologie1588916120-300x168.jpg 300w\" sizes=\"(max-width: 320px) 100vw, 320px\" \/>\r\n\t\t\t\t<p class=\"wplf_display\" style=\"text-align: center\" >Deutscher Berufsverband f\u00fcr Phoniatrie und P\u00e4daudiologie<\/p>\r\n\t\t\t\t<\/a>\r\n\t\t\t\t<\/div>\r\n\t\t\t\t<\/figure><figure id=\"gallery-item-13\" class=\"gallery-item wplf-item\">\r\n\t\t\t\t<div class=\"gallery-icon landscape\">\r\n\t\t\t\t<a class=\"wplf_link\" href=\"https:\/\/www.dba-ev.de\/\" target=\"_blank\">\r\n\t\t\t\t<img width=\"500\" height=\"348\" src=\"https:\/\/dgpp.de\/de\/wp-content\/uploads\/wp-links-page\/DeutscherBundesverbandderAtemSprechundStimmlehrerinnenASSL1699595469.jpg\" class=\"attachment-full size-full\" alt=\"\" decoding=\"async\" loading=\"lazy\" style=\"box-shadow: 0 5px 15px 0 rgba(0,0,0,0.19);\" srcset=\"https:\/\/dgpp.de\/de\/wp-content\/uploads\/wp-links-page\/DeutscherBundesverbandderAtemSprechundStimmlehrerinnenASSL1699595469.jpg 500w, https:\/\/dgpp.de\/de\/wp-content\/uploads\/wp-links-page\/DeutscherBundesverbandderAtemSprechundStimmlehrerinnenASSL1699595469-300x209.jpg 300w\" sizes=\"(max-width: 500px) 100vw, 500px\" \/>\r\n\t\t\t\t<p class=\"wplf_display\" style=\"text-align: center\" >Deutscher Bundesverband der Atem-, Sprech- und Stimmlehrer\/innen (ASSL)<\/p>\r\n\t\t\t\t<\/a>\r\n\t\t\t\t<\/div>\r\n\t\t\t\t<\/figure><figure id=\"gallery-item-14\" class=\"gallery-item wplf-item\">\r\n\t\t\t\t<div class=\"gallery-icon landscape\">\r\n\t\t\t\t<a class=\"wplf_link\" href=\"http:\/\/www.dbl-ev.de\" target=\"_blank\">\r\n\t\t\t\t<img width=\"500\" height=\"348\" src=\"https:\/\/dgpp.de\/de\/wp-content\/uploads\/wp-links-page\/DeutscherBundesverbandfrLogopdieDBL1699594568.jpg\" class=\"attachment-full size-full\" alt=\"\" decoding=\"async\" loading=\"lazy\" style=\"box-shadow: 0 5px 15px 0 rgba(0,0,0,0.19);\" srcset=\"https:\/\/dgpp.de\/de\/wp-content\/uploads\/wp-links-page\/DeutscherBundesverbandfrLogopdieDBL1699594568.jpg 500w, https:\/\/dgpp.de\/de\/wp-content\/uploads\/wp-links-page\/DeutscherBundesverbandfrLogopdieDBL1699594568-300x209.jpg 300w\" sizes=\"(max-width: 500px) 100vw, 500px\" \/>\r\n\t\t\t\t<p class=\"wplf_display\" style=\"text-align: center\" >Deutscher Bundesverband f\u00fcr Logop\u00e4die (DBL)<\/p>\r\n\t\t\t\t<\/a>\r\n\t\t\t\t<\/div>\r\n\t\t\t\t<\/figure><figure id=\"gallery-item-15\" class=\"gallery-item wplf-item\">\r\n\t\t\t\t<div class=\"gallery-icon landscape\">\r\n\t\t\t\t<a class=\"wplf_link\" href=\"http:\/\/www.dgn.de\" target=\"_blank\">\r\n\t\t\t\t<img width=\"500\" height=\"348\" src=\"https:\/\/dgpp.de\/de\/wp-content\/uploads\/wp-links-page\/DeutschesGesundheitsnetz1699594909.jpg\" class=\"attachment-full size-full\" alt=\"\" decoding=\"async\" loading=\"lazy\" style=\"box-shadow: 0 5px 15px 0 rgba(0,0,0,0.19);\" srcset=\"https:\/\/dgpp.de\/de\/wp-content\/uploads\/wp-links-page\/DeutschesGesundheitsnetz1699594909.jpg 500w, https:\/\/dgpp.de\/de\/wp-content\/uploads\/wp-links-page\/DeutschesGesundheitsnetz1699594909-300x209.jpg 300w\" sizes=\"(max-width: 500px) 100vw, 500px\" \/>\r\n\t\t\t\t<p class=\"wplf_display\" style=\"text-align: center\" >Deutsches Gesundheitsnetz<\/p>\r\n\t\t\t\t<\/a>\r\n\t\t\t\t<\/div>\r\n\t\t\t\t<\/figure><figure id=\"gallery-item-16\" class=\"gallery-item wplf-item\">\r\n\t\t\t\t<div class=\"gallery-icon landscape\">\r\n\t\t\t\t<a class=\"wplf_link\" href=\"https:\/\/audiologie-phoniatrie.charite.de\/forschung\/drittmittelfoerderung\/das_deutsche_zentralregister_fuer_kindliche_hoerstoerungen_dzh\/\" target=\"_blank\">\r\n\t\t\t\t<img width=\"500\" height=\"348\" src=\"https:\/\/dgpp.de\/de\/wp-content\/uploads\/wp-links-page\/DeutschesZentralregisterfrkindlicheHrstrungenChariteBerlin1699594015.jpg\" class=\"attachment-full size-full\" alt=\"\" decoding=\"async\" loading=\"lazy\" style=\"box-shadow: 0 5px 15px 0 rgba(0,0,0,0.19);\" srcset=\"https:\/\/dgpp.de\/de\/wp-content\/uploads\/wp-links-page\/DeutschesZentralregisterfrkindlicheHrstrungenChariteBerlin1699594015.jpg 500w, https:\/\/dgpp.de\/de\/wp-content\/uploads\/wp-links-page\/DeutschesZentralregisterfrkindlicheHrstrungenChariteBerlin1699594015-300x209.jpg 300w\" sizes=\"(max-width: 500px) 100vw, 500px\" \/>\r\n\t\t\t\t<p class=\"wplf_display\" style=\"text-align: center\" >Deutsches Zentralregister f\u00fcr kindliche H\u00f6rst\u00f6rungen Charite Berlin<\/p>\r\n\t\t\t\t<\/a>\r\n\t\t\t\t<\/div>\r\n\t\t\t\t<\/figure><figure id=\"gallery-item-17\" class=\"gallery-item wplf-item\">\r\n\t\t\t\t<div class=\"gallery-icon landscape\">\r\n\t\t\t\t<a class=\"wplf_link\" href=\"http:\/\/www.european-academy-of-voice.org\" target=\"_blank\">\r\n\t\t\t\t<img width=\"500\" height=\"348\" src=\"https:\/\/dgpp.de\/de\/wp-content\/uploads\/wp-links-page\/EuropeanAcademyofVoiceEAV1699594989.jpg\" class=\"attachment-full size-full\" alt=\"\" decoding=\"async\" loading=\"lazy\" style=\"box-shadow: 0 5px 15px 0 rgba(0,0,0,0.19);\" srcset=\"https:\/\/dgpp.de\/de\/wp-content\/uploads\/wp-links-page\/EuropeanAcademyofVoiceEAV1699594989.jpg 500w, https:\/\/dgpp.de\/de\/wp-content\/uploads\/wp-links-page\/EuropeanAcademyofVoiceEAV1699594989-300x209.jpg 300w\" sizes=\"(max-width: 500px) 100vw, 500px\" \/>\r\n\t\t\t\t<p class=\"wplf_display\" style=\"text-align: center\" >European Academy of Voice (EAV)<\/p>\r\n\t\t\t\t<\/a>\r\n\t\t\t\t<\/div>\r\n\t\t\t\t<\/figure><figure id=\"gallery-item-18\" class=\"gallery-item wplf-item\">\r\n\t\t\t\t<div class=\"gallery-icon landscape\">\r\n\t\t\t\t<a class=\"wplf_link\" href=\"http:\/\/www.elsoc.org\" target=\"_blank\">\r\n\t\t\t\t<img width=\"500\" height=\"348\" src=\"https:\/\/dgpp.de\/de\/wp-content\/uploads\/wp-links-page\/EuropeanLaryngologicalSocietyELS1699594972.jpg\" class=\"attachment-full size-full\" alt=\"\" decoding=\"async\" loading=\"lazy\" style=\"box-shadow: 0 5px 15px 0 rgba(0,0,0,0.19);\" srcset=\"https:\/\/dgpp.de\/de\/wp-content\/uploads\/wp-links-page\/EuropeanLaryngologicalSocietyELS1699594972.jpg 500w, https:\/\/dgpp.de\/de\/wp-content\/uploads\/wp-links-page\/EuropeanLaryngologicalSocietyELS1699594972-300x209.jpg 300w\" sizes=\"(max-width: 500px) 100vw, 500px\" \/>\r\n\t\t\t\t<p class=\"wplf_display\" style=\"text-align: center\" >European Laryngological Society (ELS)<\/p>\r\n\t\t\t\t<\/a>\r\n\t\t\t\t<\/div>\r\n\t\t\t\t<\/figure><figure id=\"gallery-item-19\" class=\"gallery-item wplf-item\">\r\n\t\t\t\t<div class=\"gallery-icon landscape\">\r\n\t\t\t\t<a class=\"wplf_link\" href=\"http:\/\/www.cordis.lu\/de\" target=\"_blank\">\r\n\t\t\t\t<img width=\"500\" height=\"348\" src=\"https:\/\/dgpp.de\/de\/wp-content\/uploads\/wp-links-page\/ForschunginderEuropischenUnion1696959540.jpg\" class=\"attachment-full size-full\" alt=\"\" decoding=\"async\" loading=\"lazy\" style=\"box-shadow: 0 5px 15px 0 rgba(0,0,0,0.19);\" srcset=\"https:\/\/dgpp.de\/de\/wp-content\/uploads\/wp-links-page\/ForschunginderEuropischenUnion1696959540.jpg 500w, https:\/\/dgpp.de\/de\/wp-content\/uploads\/wp-links-page\/ForschunginderEuropischenUnion1696959540-300x209.jpg 300w\" sizes=\"(max-width: 500px) 100vw, 500px\" \/>\r\n\t\t\t\t<p class=\"wplf_display\" style=\"text-align: center\" >Forschung in der Europ\u00e4ischen Union<\/p>\r\n\t\t\t\t<\/a>\r\n\t\t\t\t<\/div>\r\n\t\t\t\t<\/figure><figure id=\"gallery-item-20\" class=\"gallery-item wplf-item\">\r\n\t\t\t\t<div class=\"gallery-icon landscape\">\r\n\t\t\t\t<a class=\"wplf_link\" href=\"http:\/\/www.hoerzentrum-oldenburg.de\" target=\"_blank\">\r\n\t\t\t\t<img width=\"500\" height=\"348\" src=\"https:\/\/dgpp.de\/de\/wp-content\/uploads\/wp-links-page\/HrzentrumOldenburg1699594866.jpg\" class=\"attachment-full size-full\" alt=\"\" decoding=\"async\" loading=\"lazy\" style=\"box-shadow: 0 5px 15px 0 rgba(0,0,0,0.19);\" srcset=\"https:\/\/dgpp.de\/de\/wp-content\/uploads\/wp-links-page\/HrzentrumOldenburg1699594866.jpg 500w, https:\/\/dgpp.de\/de\/wp-content\/uploads\/wp-links-page\/HrzentrumOldenburg1699594866-300x209.jpg 300w\" sizes=\"(max-width: 500px) 100vw, 500px\" \/>\r\n\t\t\t\t<p class=\"wplf_display\" style=\"text-align: center\" >H\u00f6rzentrum Oldenburg<\/p>\r\n\t\t\t\t<\/a>\r\n\t\t\t\t<\/div>\r\n\t\t\t\t<\/figure><figure id=\"gallery-item-21\" class=\"gallery-item wplf-item\">\r\n\t\t\t\t<div class=\"gallery-icon landscape\">\r\n\t\t\t\t<a class=\"wplf_link\" href=\"http:\/\/www.ialp.info\" target=\"_blank\">\r\n\t\t\t\t<img width=\"500\" height=\"348\" src=\"https:\/\/dgpp.de\/de\/wp-content\/uploads\/wp-links-page\/IntAssociationofLogopedicsandPhoniatricsIALP1699595364.jpg\" class=\"attachment-full size-full\" alt=\"\" decoding=\"async\" loading=\"lazy\" style=\"box-shadow: 0 5px 15px 0 rgba(0,0,0,0.19);\" srcset=\"https:\/\/dgpp.de\/de\/wp-content\/uploads\/wp-links-page\/IntAssociationofLogopedicsandPhoniatricsIALP1699595364.jpg 500w, https:\/\/dgpp.de\/de\/wp-content\/uploads\/wp-links-page\/IntAssociationofLogopedicsandPhoniatricsIALP1699595364-300x209.jpg 300w\" sizes=\"(max-width: 500px) 100vw, 500px\" \/>\r\n\t\t\t\t<p class=\"wplf_display\" style=\"text-align: center\" >Int Association of Logopedics and Phoniatrics (IALP)<\/p>\r\n\t\t\t\t<\/a>\r\n\t\t\t\t<\/div>\r\n\t\t\t\t<\/figure><figure id=\"gallery-item-22\" class=\"gallery-item wplf-item\">\r\n\t\t\t\t<div class=\"gallery-icon landscape\">\r\n\t\t\t\t<a class=\"wplf_link\" href=\"http:\/\/www.fruehkindliches-hoeren.de\" target=\"_blank\">\r\n\t\t\t\t<img width=\"500\" height=\"348\" src=\"https:\/\/dgpp.de\/de\/wp-content\/uploads\/wp-links-page\/JointCommitteeFrhkindlichesHren1699594026.jpg\" class=\"attachment-full size-full\" alt=\"\" decoding=\"async\" loading=\"lazy\" style=\"box-shadow: 0 5px 15px 0 rgba(0,0,0,0.19);\" srcset=\"https:\/\/dgpp.de\/de\/wp-content\/uploads\/wp-links-page\/JointCommitteeFrhkindlichesHren1699594026.jpg 500w, https:\/\/dgpp.de\/de\/wp-content\/uploads\/wp-links-page\/JointCommitteeFrhkindlichesHren1699594026-300x209.jpg 300w\" sizes=\"(max-width: 500px) 100vw, 500px\" \/>\r\n\t\t\t\t<p class=\"wplf_display\" style=\"text-align: center\" >Joint Committee Fr\u00fchkindliches H\u00f6ren<\/p>\r\n\t\t\t\t<\/a>\r\n\t\t\t\t<\/div>\r\n\t\t\t\t<\/figure><figure id=\"gallery-item-23\" class=\"gallery-item wplf-item\">\r\n\t\t\t\t<div class=\"gallery-icon landscape\">\r\n\t\t\t\t<a class=\"wplf_link\" href=\"http:\/\/www.klinische-linguistik.de\" target=\"_blank\">\r\n\t\t\t\t<img width=\"500\" height=\"348\" src=\"https:\/\/dgpp.de\/de\/wp-content\/uploads\/wp-links-page\/OnlineForumklinischeLinguistik1660070262.jpg\" class=\"attachment-full size-full\" alt=\"\" decoding=\"async\" loading=\"lazy\" style=\"box-shadow: 0 5px 15px 0 rgba(0,0,0,0.19);\" srcset=\"https:\/\/dgpp.de\/de\/wp-content\/uploads\/wp-links-page\/OnlineForumklinischeLinguistik1660070262.jpg 500w, https:\/\/dgpp.de\/de\/wp-content\/uploads\/wp-links-page\/OnlineForumklinischeLinguistik1660070262-300x209.jpg 300w\" sizes=\"(max-width: 500px) 100vw, 500px\" \/>\r\n\t\t\t\t<p class=\"wplf_display\" style=\"text-align: center\" >Online-Forum klinische Linguistik<\/p>\r\n\t\t\t\t<\/a>\r\n\t\t\t\t<\/div>\r\n\t\t\t\t<\/figure><figure id=\"gallery-item-24\" class=\"gallery-item wplf-item\">\r\n\t\t\t\t<div class=\"gallery-icon landscape\">\r\n\t\t\t\t<a class=\"wplf_link\" href=\"http:\/\/www.pevoc.org\" target=\"_blank\">\r\n\t\t\t\t<img width=\"500\" height=\"348\" src=\"https:\/\/dgpp.de\/de\/wp-content\/uploads\/wp-links-page\/PanEuropeanVoiceConferencePEVOC1699594980.jpg\" class=\"attachment-full size-full\" alt=\"\" decoding=\"async\" loading=\"lazy\" style=\"box-shadow: 0 5px 15px 0 rgba(0,0,0,0.19);\" srcset=\"https:\/\/dgpp.de\/de\/wp-content\/uploads\/wp-links-page\/PanEuropeanVoiceConferencePEVOC1699594980.jpg 500w, https:\/\/dgpp.de\/de\/wp-content\/uploads\/wp-links-page\/PanEuropeanVoiceConferencePEVOC1699594980-300x209.jpg 300w\" sizes=\"(max-width: 500px) 100vw, 500px\" \/>\r\n\t\t\t\t<p class=\"wplf_display\" style=\"text-align: center\" >Pan-European Voice Conference (PEVOC)<\/p>\r\n\t\t\t\t<\/a>\r\n\t\t\t\t<\/div>\r\n\t\t\t\t<\/figure><figure id=\"gallery-item-25\" class=\"gallery-item wplf-item\">\r\n\t\t\t\t<div class=\"gallery-icon landscape\">\r\n\t\t\t\t<a class=\"wplf_link\" href=\"http:\/\/www.logopaedieschweiz.ch\" target=\"_blank\">\r\n\t\t\t\t<img width=\"500\" height=\"348\" src=\"https:\/\/dgpp.de\/de\/wp-content\/uploads\/wp-links-page\/SchweizerArbeitsgemeinschaftfrLogopdieSAL1699594936.jpg\" class=\"attachment-full size-full\" alt=\"\" decoding=\"async\" loading=\"lazy\" style=\"box-shadow: 0 5px 15px 0 rgba(0,0,0,0.19);\" srcset=\"https:\/\/dgpp.de\/de\/wp-content\/uploads\/wp-links-page\/SchweizerArbeitsgemeinschaftfrLogopdieSAL1699594936.jpg 500w, https:\/\/dgpp.de\/de\/wp-content\/uploads\/wp-links-page\/SchweizerArbeitsgemeinschaftfrLogopdieSAL1699594936-300x209.jpg 300w\" sizes=\"(max-width: 500px) 100vw, 500px\" \/>\r\n\t\t\t\t<p class=\"wplf_display\" style=\"text-align: center\" >Schweizer Arbeitsgemeinschaft f\u00fcr Logop\u00e4die (SAL)<\/p>\r\n\t\t\t\t<\/a>\r\n\t\t\t\t<\/div>\r\n\t\t\t\t<\/figure><figure id=\"gallery-item-26\" class=\"gallery-item wplf-item\">\r\n\t\t\t\t<div class=\"gallery-icon landscape\">\r\n\t\t\t\t<a class=\"wplf_link\" href=\"https:\/\/www.orl-hno.ch\" target=\"_blank\">\r\n\t\t\t\t<img width=\"500\" height=\"348\" src=\"https:\/\/dgpp.de\/de\/wp-content\/uploads\/wp-links-page\/SchweizerischeGesellschaftfrOtoRhinoLaryngologieHalsundGesichtschirurgie1699595437.jpg\" class=\"attachment-full size-full\" alt=\"\" decoding=\"async\" loading=\"lazy\" style=\"box-shadow: 0 5px 15px 0 rgba(0,0,0,0.19);\" srcset=\"https:\/\/dgpp.de\/de\/wp-content\/uploads\/wp-links-page\/SchweizerischeGesellschaftfrOtoRhinoLaryngologieHalsundGesichtschirurgie1699595437.jpg 500w, https:\/\/dgpp.de\/de\/wp-content\/uploads\/wp-links-page\/SchweizerischeGesellschaftfrOtoRhinoLaryngologieHalsundGesichtschirurgie1699595437-300x209.jpg 300w\" sizes=\"(max-width: 500px) 100vw, 500px\" \/>\r\n\t\t\t\t<p class=\"wplf_display\" style=\"text-align: center\" >Schweizerische Gesellschaft f\u00fcr Oto-Rhino-Laryngologie, Hals- und Gesichtschirurgie<\/p>\r\n\t\t\t\t<\/a>\r\n\t\t\t\t<\/div>\r\n\t\t\t\t<\/figure><figure id=\"gallery-item-27\" class=\"gallery-item wplf-item\">\r\n\t\t\t\t<div class=\"gallery-icon landscape\">\r\n\t\t\t\t<a class=\"wplf_link\" href=\"http:\/\/www.bdp-klinische-psychologie.de\" target=\"_blank\">\r\n\t\t\t\t<img width=\"500\" height=\"348\" src=\"https:\/\/dgpp.de\/de\/wp-content\/uploads\/wp-links-page\/SektionKlinischePsychologiedesBDP1699594557.jpg\" class=\"attachment-full size-full\" alt=\"\" decoding=\"async\" loading=\"lazy\" style=\"box-shadow: 0 5px 15px 0 rgba(0,0,0,0.19);\" srcset=\"https:\/\/dgpp.de\/de\/wp-content\/uploads\/wp-links-page\/SektionKlinischePsychologiedesBDP1699594557.jpg 500w, https:\/\/dgpp.de\/de\/wp-content\/uploads\/wp-links-page\/SektionKlinischePsychologiedesBDP1699594557-300x209.jpg 300w\" sizes=\"(max-width: 500px) 100vw, 500px\" \/>\r\n\t\t\t\t<p class=\"wplf_display\" style=\"text-align: center\" >Sektion Klinische Psychologie des BDP<\/p>\r\n\t\t\t\t<\/a>\r\n\t\t\t\t<\/div>\r\n\t\t\t\t<\/figure><figure id=\"gallery-item-28\" class=\"gallery-item wplf-item\">\r\n\t\t\t\t<div class=\"gallery-icon landscape\">\r\n\t\t\t\t<a class=\"wplf_link\" href=\"http:\/\/www.hno.at\" target=\"_blank\">\r\n\t\t\t\t<img width=\"500\" height=\"348\" src=\"https:\/\/dgpp.de\/de\/wp-content\/uploads\/wp-links-page\/SektionPhoniatriedersterreichischenHNOGesellschaft1699594952.jpg\" class=\"attachment-full size-full\" alt=\"\" decoding=\"async\" loading=\"lazy\" style=\"box-shadow: 0 5px 15px 0 rgba(0,0,0,0.19);\" srcset=\"https:\/\/dgpp.de\/de\/wp-content\/uploads\/wp-links-page\/SektionPhoniatriedersterreichischenHNOGesellschaft1699594952.jpg 500w, https:\/\/dgpp.de\/de\/wp-content\/uploads\/wp-links-page\/SektionPhoniatriedersterreichischenHNOGesellschaft1699594952-300x209.jpg 300w\" sizes=\"(max-width: 500px) 100vw, 500px\" \/>\r\n\t\t\t\t<p class=\"wplf_display\" style=\"text-align: center\" >Sektion Phoniatrie der \u00d6sterreichischen HNO-Gesellschaft<\/p>\r\n\t\t\t\t<\/a>\r\n\t\t\t\t<\/div>\r\n\t\t\t\t<\/figure><figure id=\"gallery-item-29\" class=\"gallery-item wplf-item\">\r\n\t\t\t\t<div class=\"gallery-icon landscape\">\r\n\t\t\t\t<a class=\"wplf_link\" href=\"https:\/\/www.uep.phoniatrics.eu\/\" target=\"_blank\">\r\n\t\t\t\t<img width=\"500\" height=\"348\" src=\"https:\/\/dgpp.de\/de\/wp-content\/uploads\/wp-links-page\/UnionoftheEuropeanPhoniatricsUEP1699595459.jpg\" class=\"attachment-full size-full\" alt=\"\" decoding=\"async\" loading=\"lazy\" style=\"box-shadow: 0 5px 15px 0 rgba(0,0,0,0.19);\" srcset=\"https:\/\/dgpp.de\/de\/wp-content\/uploads\/wp-links-page\/UnionoftheEuropeanPhoniatricsUEP1699595459.jpg 500w, https:\/\/dgpp.de\/de\/wp-content\/uploads\/wp-links-page\/UnionoftheEuropeanPhoniatricsUEP1699595459-300x209.jpg 300w\" sizes=\"(max-width: 500px) 100vw, 500px\" \/>\r\n\t\t\t\t<p class=\"wplf_display\" style=\"text-align: center\" >Union of the European Phoniatrics (UEP)<\/p>\r\n\t\t\t\t<\/a>\r\n\t\t\t\t<\/div>\r\n\t\t\t\t<\/figure><\/div><div style=\"clear:both;\"><\/div>\n","protected":false},"excerpt":{"rendered":"<p>Auf dieser Seite finden Sie die Web-Adressen f\u00fcr phoniatrische und p\u00e4daudiologische Institutionen sowie (inter-)nationale Partner und Freunde der DGPP. Wenn Ihre Organisation in dieses Verzeichnis aufgenommen werden soll, kontaktieren Sie bitte die Gesch\u00e4ftsstelle der DGPP. Webseiten <a href=\"https:\/\/dgpp.de\/de\/wplp_link\/https-www-uep-phoniatrics-eu\/\" class=\"more-link\"> &#8230; weiterlesen<\/a><\/p>\n","protected":false},"author":1,"featured_media":0,"parent":0,"menu_order":0,"comment_status":"closed","ping_status":"closed","template":"","meta":{"_links_to":"","_links_to_target":""},"_links":{"self":[{"href":"https:\/\/dgpp.de\/de\/wp-json\/wp\/v2\/pages\/274"}],"collection":[{"href":"https:\/\/dgpp.de\/de\/wp-json\/wp\/v2\/pages"}],"about":[{"href":"https:\/\/dgpp.de\/de\/wp-json\/wp\/v2\/types\/page"}],"author":[{"embeddable":true,"href":"https:\/\/dgpp.de\/de\/wp-json\/wp\/v2\/users\/1"}],"replies":[{"embeddable":true,"href":"https:\/\/dgpp.de\/de\/wp-json\/wp\/v2\/comments?post=274"}],"version-history":[{"count":1,"href":"https:\/\/dgpp.de\/de\/wp-json\/wp\/v2\/pages\/274\/revisions"}],"predecessor-version":[{"id":2915,"href":"https:\/\/dgpp.de\/de\/wp-json\/wp\/v2\/pages\/274\/revisions\/2915"}],"wp:attachment":[{"href":"https:\/\/dgpp.de\/de\/wp-json\/wp\/v2\/media?parent=274"}],"curies":[{"name":"wp","href":"https:\/\/api.w.org\/{rel}","templated":true}]}}