{"id":266,"date":"2019-09-05T19:52:00","date_gmt":"2019-09-05T17:52:00","guid":{"rendered":"http:\/\/dgpp.de\/de\/?page_id=266"},"modified":"2026-02-10T11:19:11","modified_gmt":"2026-02-10T10:19:11","slug":"adressen","status":"publish","type":"page","link":"https:\/\/dgpp.de\/de\/adressen\/","title":{"rendered":"Adressen"},"content":{"rendered":"<p>Auf dieser Seite finden Sie die Adressen f\u00fcr phoniatrische und p\u00e4daudiologische Praxen beziehungsweise Kliniken mit entsprechenden Abteilungen. Telefon- und Faxnummern, Anschriften und Homepage-Adressen k\u00f6nnen \u00fcber den &#8220;Detail&#8221;-Knopf aufgerufen werden. Sie k\u00f6nnen auch direkt zur Liste f\u00fcr <a href=\"#de\">Deutschland<\/a>, <a href=\"#a\">\u00d6sterreich<\/a> oder die <a href=\"#ch\">Schweiz<\/a> springen. Die Suchfunktion filtert die jeweilige Tabelle des ausgew\u00e4hlten Landes.<\/p>\n<p>F\u00fcr die Bekanntgabe von Adress\u00e4nderungen kontaktieren Sie bitte die <a href=\"http:\/\/dgpp.de\/de\/praesidium-vorstand\/\">Gesch\u00e4ftsstelle der DGPP<\/a>.<\/p>\n<h2 id=\"de\">Adressen in Deutschland<\/h2>\n<div class='kbe_search_field'><input type='text' id='filterInput_de' onkeyup='filterTable(\"de\")' placeholder='Tabelle filtern (DE)...'><\/div>\n<table class='dgpp_addr' id='dgpp_addr_de'><tr><th>Stadt<\/th><th>Institution<\/th><th>Ansprechpartner<\/th><th>Details<\/th><\/tr><tr><td class='dgpp_addr_city'>Aachen<\/td><td class='dgpp_addr_institution'>Universit\u00e4tsklinikum RWTH Aachen - Klinik f\u00fcr Phoniatrie, P\u00e4daudiologie und Kommunikationsst\u00f6rungen<\/td><td class='dgpp_addr_doc'>Univ.-Prof. Dr. Christiane Neuschaefer-Rube<\/td><td><a href='#de1'>Details<\/a><div id='de1' class='pop_overlay'><div class='pop_popup'><h2>Details<\/h2><a class='pop_close' href='#'>&times;<\/a><div class='pop_content'><p class='pop_institution'>Universit\u00e4tsklinikum RWTH Aachen - Klinik f\u00fcr Phoniatrie, P\u00e4daudiologie und Kommunikationsst\u00f6rungen<\/p><p class='pop_doc'>Univ.-Prof. Dr. Christiane Neuschaefer-Rube<\/p><p class='pop_address'>Pauwelsstra\u00dfe 30, 52074 Aachen<\/p><p class='pop_tel'>Telefon: +49 (0)241 80-88954<\/p><p class='pop_fax'>Telefax: +49 (0)241 80-82513<\/p><p class='pop_web'>Homepage: <a href='http:\/\/www.phoniatrie.ukaachen.de' target='_blank'>http:\/\/www.phoniatrie.ukaachen.de<\/a><\/p><p class='pop_mail'>E-Mail: <\/p><\/div><\/div><\/div><\/td><\/tr><tr><td class='dgpp_addr_city'>Augsburg<\/td><td class='dgpp_addr_institution'>Klinikum Augsburg, Abteilung Phoniatrie und P\u00e4daudiologie<\/td><td class='dgpp_addr_doc'><\/td><td><a href='#de2'>Details<\/a><div id='de2' class='pop_overlay'><div class='pop_popup'><h2>Details<\/h2><a class='pop_close' href='#'>&times;<\/a><div class='pop_content'><p class='pop_institution'>Klinikum Augsburg, Abteilung Phoniatrie und P\u00e4daudiologie<\/p><p class='pop_doc'><\/p><p class='pop_address'>Stenglinstr. 2, 86156 Augsburg<\/p><p class='pop_tel'>Telefon: +49 (0)821 400 7101 <\/p><p class='pop_fax'>Telefax: +49 (0)821 400 177101<\/p><p class='pop_web'>Homepage: <a href='' target='_blank'><\/a><\/p><p class='pop_mail'>E-Mail: <\/p><\/div><\/div><\/div><\/td><\/tr><tr><td class='dgpp_addr_city'>Augsburg<\/td><td class='dgpp_addr_institution'>Praxis Dr. Ellen-Rita Adelmann<\/td><td class='dgpp_addr_doc'>Dr. Ellen-Rita Adelmann<\/td><td><a href='#de3'>Details<\/a><div id='de3' class='pop_overlay'><div class='pop_popup'><h2>Details<\/h2><a class='pop_close' href='#'>&times;<\/a><div class='pop_content'><p class='pop_institution'>Praxis Dr. Ellen-Rita Adelmann<\/p><p class='pop_doc'>Dr. Ellen-Rita Adelmann<\/p><p class='pop_address'>Kurzes Gel\u00e4nd 14, 86156 Augsburg<\/p><p class='pop_tel'>Telefon: +49 (0)173 206 0442<\/p><p class='pop_fax'>Telefax: <\/p><p class='pop_web'>Homepage: <a href='' target='_blank'><\/a><\/p><p class='pop_mail'>E-Mail: <\/p><\/div><\/div><\/div><\/td><\/tr><tr><td class='dgpp_addr_city'>Augsburg<\/td><td class='dgpp_addr_institution'>Privatambulanz Prof. Dr. Eberhard Kruse<\/td><td class='dgpp_addr_doc'>Prof. Dr. Eberhard Kruse<\/td><td><a href='#de4'>Details<\/a><div id='de4' class='pop_overlay'><div class='pop_popup'><h2>Details<\/h2><a class='pop_close' href='#'>&times;<\/a><div class='pop_content'><p class='pop_institution'>Privatambulanz Prof. Dr. Eberhard Kruse<\/p><p class='pop_doc'>Prof. Dr. Eberhard Kruse<\/p><p class='pop_address'>Stenglinstr. 2, 86156 Augsburg<\/p><p class='pop_tel'>Telefon: +49 (0)821 440 920<\/p><p class='pop_fax'>Telefax: <\/p><p class='pop_web'>Homepage: <a href='' target='_blank'><\/a><\/p><p class='pop_mail'>E-Mail: <\/p><\/div><\/div><\/div><\/td><\/tr><tr><td class='dgpp_addr_city'>Bad G\u00f6gging<\/td><td class='dgpp_addr_institution'>Passauer Wolf Reha-Zentrum, Abteilung HNO\/Phoniatrie<\/td><td class='dgpp_addr_doc'>Hansj\u00f6rg Kramer<\/td><td><a href='#de5'>Details<\/a><div id='de5' class='pop_overlay'><div class='pop_popup'><h2>Details<\/h2><a class='pop_close' href='#'>&times;<\/a><div class='pop_content'><p class='pop_institution'>Passauer Wolf Reha-Zentrum, Abteilung HNO\/Phoniatrie<\/p><p class='pop_doc'>Hansj\u00f6rg Kramer<\/p><p class='pop_address'>Kaiser-Augustus-Str. 9, 93333 Bad G\u00f6gging<\/p><p class='pop_tel'>Telefon: +49 (0)9445 201 2840<\/p><p class='pop_fax'>Telefax: +49 (0)9445 201 2844<\/p><p class='pop_web'>Homepage: <a href='https:\/\/www.passauerwolf.de\/medizin\/medizinische-fachbereiche\/hno-phoniatrie\/' target='_blank'>https:\/\/www.passauerwolf.de\/medizin\/medizinische-fachbereiche\/hno-phoniatrie\/<\/a><\/p><p class='pop_mail'>E-Mail: <\/p><\/div><\/div><\/div><\/td><\/tr><tr><td class='dgpp_addr_city'>Bad Kreuznach<\/td><td class='dgpp_addr_institution'>Praxis f\u00fcr HNO, Phoniatrie und P\u00e4daudiologie<\/td><td class='dgpp_addr_doc'>Dr. Sebastian Dippold<\/td><td><a href='#de6'>Details<\/a><div id='de6' class='pop_overlay'><div class='pop_popup'><h2>Details<\/h2><a class='pop_close' href='#'>&times;<\/a><div class='pop_content'><p class='pop_institution'>Praxis f\u00fcr HNO, Phoniatrie und P\u00e4daudiologie<\/p><p class='pop_doc'>Dr. Sebastian Dippold<\/p><p class='pop_address'>M\u00fchlenstra\u00dfe 41, 55543 Bad Kreuznach<\/p><p class='pop_tel'>Telefon: 0671\/33351<\/p><p class='pop_fax'>Telefax: 0671\/92898050<\/p><p class='pop_web'>Homepage: <a href='http:\/\/meine-hno-praxis.de' target='_blank'>http:\/\/meine-hno-praxis.de<\/a><\/p><p class='pop_mail'>E-Mail: info@meine-hno-praxis.de<\/p><\/div><\/div><\/div><\/td><\/tr><tr><td class='dgpp_addr_city'>Bad Lippspringe<\/td><td class='dgpp_addr_institution'>Karl-Hansen-Klinik, Abteilung f\u00fcr Phoniatrie und P\u00e4daudiologie<\/td><td class='dgpp_addr_doc'>Dr. med. Karin Rosenauer<\/td><td><a href='#de7'>Details<\/a><div id='de7' class='pop_overlay'><div class='pop_popup'><h2>Details<\/h2><a class='pop_close' href='#'>&times;<\/a><div class='pop_content'><p class='pop_institution'>Karl-Hansen-Klinik, Abteilung f\u00fcr Phoniatrie und P\u00e4daudiologie<\/p><p class='pop_doc'>Dr. med. Karin Rosenauer<\/p><p class='pop_address'>Antoniusstr. 19, 33175 Bad Lippspringe<\/p><p class='pop_tel'>Telefon: +49 (0)5252 954 180<\/p><p class='pop_fax'>Telefax: +49 (0)5252 954 184<\/p><p class='pop_web'>Homepage: <a href='http:\/\/medizinisches-zentrum.de' target='_blank'>http:\/\/medizinisches-zentrum.de<\/a><\/p><p class='pop_mail'>E-Mail: K.rosenauer@medizinisches-zentrum.de<\/p><\/div><\/div><\/div><\/td><\/tr><tr><td class='dgpp_addr_city'>Bad Rappenau<\/td><td class='dgpp_addr_institution'>Stimmheilzentrum, Rehabilitationsklinik f\u00fcr Stimm-, Sprach-, Sprech- und Schluckst\u00f6rungen<\/td><td class='dgpp_addr_doc'> Prof. Dr. Annerose Keilmann<\/td><td><a href='#de9'>Details<\/a><div id='de9' class='pop_overlay'><div class='pop_popup'><h2>Details<\/h2><a class='pop_close' href='#'>&times;<\/a><div class='pop_content'><p class='pop_institution'>Stimmheilzentrum, Rehabilitationsklinik f\u00fcr Stimm-, Sprach-, Sprech- und Schluckst\u00f6rungen<\/p><p class='pop_doc'> Prof. Dr. Annerose Keilmann<\/p><p class='pop_address'>Salinenstr. 28, 74906 Bad Rappenau<\/p><p class='pop_tel'>Telefon: +49 (0)7264 808 4507<\/p><p class='pop_fax'>Telefax: +49 (0)7264 808 4570<\/p><p class='pop_web'>Homepage: <a href='http:\/\/www.stimmheilzentrum.de' target='_blank'>http:\/\/www.stimmheilzentrum.de<\/a><\/p><p class='pop_mail'>E-Mail: <\/p><\/div><\/div><\/div><\/td><\/tr><tr><td class='dgpp_addr_city'>Bad Salzungen<\/td><td class='dgpp_addr_institution'>Kreiskrankenhaus<\/td><td class='dgpp_addr_doc'>Dr. Reinhard Huch<\/td><td><a href='#de10'>Details<\/a><div id='de10' class='pop_overlay'><div class='pop_popup'><h2>Details<\/h2><a class='pop_close' href='#'>&times;<\/a><div class='pop_content'><p class='pop_institution'>Kreiskrankenhaus<\/p><p class='pop_doc'>Dr. Reinhard Huch<\/p><p class='pop_address'>Langenfelderstr. 8, 36433 Bad Salzungen<\/p><p class='pop_tel'>Telefon: <\/p><p class='pop_fax'>Telefax: <\/p><p class='pop_web'>Homepage: <a href='' target='_blank'><\/a><\/p><p class='pop_mail'>E-Mail: <\/p><\/div><\/div><\/div><\/td><\/tr><tr><td class='dgpp_addr_city'>Bad Wildbad<\/td><td class='dgpp_addr_institution'>Praxis Dr. Carl-Albert Bader<\/td><td class='dgpp_addr_doc'>Dr. Carl-Albert Bader<\/td><td><a href='#de11'>Details<\/a><div id='de11' class='pop_overlay'><div class='pop_popup'><h2>Details<\/h2><a class='pop_close' href='#'>&times;<\/a><div class='pop_content'><p class='pop_institution'>Praxis Dr. Carl-Albert Bader<\/p><p class='pop_doc'>Dr. Carl-Albert Bader<\/p><p class='pop_address'>Johanneshaus\/Haus B, Hochwiesenhof 5-10, 75323 Bad Wildbad<\/p><p class='pop_tel'>Telefon: <\/p><p class='pop_fax'>Telefax: <\/p><p class='pop_web'>Homepage: <a href='' target='_blank'><\/a><\/p><p class='pop_mail'>E-Mail: <\/p><\/div><\/div><\/div><\/td><\/tr><tr><td class='dgpp_addr_city'>Beelitz<\/td><td class='dgpp_addr_institution'>Praxis Dr. Elisabeth Rosenberg<\/td><td class='dgpp_addr_doc'>Dr. Elisabeth Rosenberg<\/td><td><a href='#de12'>Details<\/a><div id='de12' class='pop_overlay'><div class='pop_popup'><h2>Details<\/h2><a class='pop_close' href='#'>&times;<\/a><div class='pop_content'><p class='pop_institution'>Praxis Dr. Elisabeth Rosenberg<\/p><p class='pop_doc'>Dr. Elisabeth Rosenberg<\/p><p class='pop_address'>Trebbiner Str. 94, 14547 Beelitz<\/p><p class='pop_tel'>Telefon: <\/p><p class='pop_fax'>Telefax: <\/p><p class='pop_web'>Homepage: <a href='' target='_blank'><\/a><\/p><p class='pop_mail'>E-Mail: <\/p><\/div><\/div><\/div><\/td><\/tr><tr><td class='dgpp_addr_city'>Berlin<\/td><td class='dgpp_addr_institution'>Beratungsstelle f\u00fcr h\u00f6rbehinderte Kinder und Jugendliche<\/td><td class='dgpp_addr_doc'>Dr. Ulrike Napiontek<\/td><td><a href='#de15'>Details<\/a><div id='de15' class='pop_overlay'><div class='pop_popup'><h2>Details<\/h2><a class='pop_close' href='#'>&times;<\/a><div class='pop_content'><p class='pop_institution'>Beratungsstelle f\u00fcr h\u00f6rbehinderte Kinder und Jugendliche<\/p><p class='pop_doc'>Dr. Ulrike Napiontek<\/p><p class='pop_address'>Standort Friedrichshain, Koppenstr. 38-40, 10243 Berlin<\/p><p class='pop_tel'>Telefon: +49 (0)30 \/ 902982824<\/p><p class='pop_fax'>Telefax: +49 (0)30 \/ 902982060<\/p><p class='pop_web'>Homepage: <a href='' target='_blank'><\/a><\/p><p class='pop_mail'>E-Mail: hoerberatung@ba-fk.berlin.de<\/p><\/div><\/div><\/div><\/td><\/tr><tr><td class='dgpp_addr_city'>Berlin<\/td><td class='dgpp_addr_institution'>Beratungsstelle f\u00fcr h\u00f6rbehinderte Kinder und Jugendliche<\/td><td class='dgpp_addr_doc'>Dr. Ulrike Napiontek<\/td><td><a href='#de16'>Details<\/a><div id='de16' class='pop_overlay'><div class='pop_popup'><h2>Details<\/h2><a class='pop_close' href='#'>&times;<\/a><div class='pop_content'><p class='pop_institution'>Beratungsstelle f\u00fcr h\u00f6rbehinderte Kinder und Jugendliche<\/p><p class='pop_doc'>Dr. Ulrike Napiontek<\/p><p class='pop_address'>Standort Neuk\u00f6lln, Paster-Behrens-Str. 81, 12359 Berlin<\/p><p class='pop_tel'>Telefon: +49 (0)30 \/ 60972500<\/p><p class='pop_fax'>Telefax: +49 (0)30 \/ 60972501<\/p><p class='pop_web'>Homepage: <a href='' target='_blank'><\/a><\/p><p class='pop_mail'>E-Mail: auris@ba-fk.berlin.de<\/p><\/div><\/div><\/div><\/td><\/tr><tr><td class='dgpp_addr_city'>Berlin<\/td><td class='dgpp_addr_institution'>Charit\u00e9 - Universit\u00e4tsmedizin Berlin, Klinik f\u00fcr Audiologie und Phoniatrie<\/td><td class='dgpp_addr_doc'>Univ.-Prof. Dr. Dirk M\u00fcrbe<\/td><td><a href='#de13'>Details<\/a><div id='de13' class='pop_overlay'><div class='pop_popup'><h2>Details<\/h2><a class='pop_close' href='#'>&times;<\/a><div class='pop_content'><p class='pop_institution'>Charit\u00e9 - Universit\u00e4tsmedizin Berlin, Klinik f\u00fcr Audiologie und Phoniatrie<\/p><p class='pop_doc'>Univ.-Prof. Dr. Dirk M\u00fcrbe<\/p><p class='pop_address'>Standort Mitte (CCM), Luisenstr. 12\/13, 10117 Berlin<\/p><p class='pop_tel'>Telefon: +49 (0)30 \/ 450 555 125<\/p><p class='pop_fax'>Telefax: +49 (0)30 \/ 450 555 931<\/p><p class='pop_web'>Homepage: <a href='http:\/\/audiologie-phoniatrie.charite.de' target='_blank'>http:\/\/audiologie-phoniatrie.charite.de<\/a><\/p><p class='pop_mail'>E-Mail: <\/p><\/div><\/div><\/div><\/td><\/tr><tr><td class='dgpp_addr_city'>Berlin<\/td><td class='dgpp_addr_institution'>Charit\u00e9 - Universit\u00e4tsmedizin Berlin, Klinik f\u00fcr Audiologie und Phoniatrie<\/td><td class='dgpp_addr_doc'>Univ.-Prof. Dr. Dirk M\u00fcrbe<\/td><td><a href='#de14'>Details<\/a><div id='de14' class='pop_overlay'><div class='pop_popup'><h2>Details<\/h2><a class='pop_close' href='#'>&times;<\/a><div class='pop_content'><p class='pop_institution'>Charit\u00e9 - Universit\u00e4tsmedizin Berlin, Klinik f\u00fcr Audiologie und Phoniatrie<\/p><p class='pop_doc'>Univ.-Prof. Dr. Dirk M\u00fcrbe<\/p><p class='pop_address'>Standort Wedding (CVK), Augustenburger Platz 1, 13353 Berlin<\/p><p class='pop_tel'>Telefon: +49 (0)30 \/ 450 555 402<\/p><p class='pop_fax'>Telefax: +49 (0)30 \/ 450 555 920<\/p><p class='pop_web'>Homepage: <a href='http:\/\/audiologie-phoniatrie.charite.de' target='_blank'>http:\/\/audiologie-phoniatrie.charite.de<\/a><\/p><p class='pop_mail'>E-Mail: <\/p><\/div><\/div><\/div><\/td><\/tr><tr><td class='dgpp_addr_city'>Berlin<\/td><td class='dgpp_addr_institution'>Gemeinschaftspraxis Dr. Kathrin Mahlstedt \/ Dr. Karsten Nubel<\/td><td class='dgpp_addr_doc'>Dr. Kathrin Mahlstedt \/ Dr. Karsten Nubel<\/td><td><a href='#de23'>Details<\/a><div id='de23' class='pop_overlay'><div class='pop_popup'><h2>Details<\/h2><a class='pop_close' href='#'>&times;<\/a><div class='pop_content'><p class='pop_institution'>Gemeinschaftspraxis Dr. Kathrin Mahlstedt \/ Dr. Karsten Nubel<\/p><p class='pop_doc'>Dr. Kathrin Mahlstedt \/ Dr. Karsten Nubel<\/p><p class='pop_address'>Reichsstr. 108, 14052 Berlin<\/p><p class='pop_tel'>Telefon: (030) 3057023<\/p><p class='pop_fax'>Telefax: (030) 3048612<\/p><p class='pop_web'>Homepage: <a href='' target='_blank'><\/a><\/p><p class='pop_mail'>E-Mail: <\/p><\/div><\/div><\/div><\/td><\/tr><tr><td class='dgpp_addr_city'>Berlin<\/td><td class='dgpp_addr_institution'>Klinikum Berlin-Buch<\/td><td class='dgpp_addr_doc'>Dr. Fenger<\/td><td><a href='#de17'>Details<\/a><div id='de17' class='pop_overlay'><div class='pop_popup'><h2>Details<\/h2><a class='pop_close' href='#'>&times;<\/a><div class='pop_content'><p class='pop_institution'>Klinikum Berlin-Buch<\/p><p class='pop_doc'>Dr. Fenger<\/p><p class='pop_address'>Karower Str. 11, 13125 Berlin<\/p><p class='pop_tel'>Telefon: <\/p><p class='pop_fax'>Telefax: <\/p><p class='pop_web'>Homepage: <a href='' target='_blank'><\/a><\/p><p class='pop_mail'>E-Mail: <\/p><\/div><\/div><\/div><\/td><\/tr><tr><td class='dgpp_addr_city'>Berlin<\/td><td class='dgpp_addr_institution'>Krankenhaus Berlin-Prenzlauer Berg, HNO-Klinik\/Phoniatrie<\/td><td class='dgpp_addr_doc'>Dr. Anne-Margret Heinicke<\/td><td><a href='#de18'>Details<\/a><div id='de18' class='pop_overlay'><div class='pop_popup'><h2>Details<\/h2><a class='pop_close' href='#'>&times;<\/a><div class='pop_content'><p class='pop_institution'>Krankenhaus Berlin-Prenzlauer Berg, HNO-Klinik\/Phoniatrie<\/p><p class='pop_doc'>Dr. Anne-Margret Heinicke<\/p><p class='pop_address'>Fr\u00f6belstr. 15, 10405 Berlin<\/p><p class='pop_tel'>Telefon: <\/p><p class='pop_fax'>Telefax: <\/p><p class='pop_web'>Homepage: <a href='' target='_blank'><\/a><\/p><p class='pop_mail'>E-Mail: <\/p><\/div><\/div><\/div><\/td><\/tr><tr><td class='dgpp_addr_city'>Berlin<\/td><td class='dgpp_addr_institution'>Poliklinik am Klinikum Buch, HNO-Abteilung<\/td><td class='dgpp_addr_doc'>Dr. Dagmar Neumann<\/td><td><a href='#de19'>Details<\/a><div id='de19' class='pop_overlay'><div class='pop_popup'><h2>Details<\/h2><a class='pop_close' href='#'>&times;<\/a><div class='pop_content'><p class='pop_institution'>Poliklinik am Klinikum Buch, HNO-Abteilung<\/p><p class='pop_doc'>Dr. Dagmar Neumann<\/p><p class='pop_address'>Hobrechtsfelder Chaussee 100, 13122 Berlin<\/p><p class='pop_tel'>Telefon: <\/p><p class='pop_fax'>Telefax: <\/p><p class='pop_web'>Homepage: <a href='' target='_blank'><\/a><\/p><p class='pop_mail'>E-Mail: <\/p><\/div><\/div><\/div><\/td><\/tr><tr><td class='dgpp_addr_city'>Berlin<\/td><td class='dgpp_addr_institution'>Praxis Dr. Gerrit Wohlt<\/td><td class='dgpp_addr_doc'>Dr. Gerrit Wohlt<\/td><td><a href='#de26'>Details<\/a><div id='de26' class='pop_overlay'><div class='pop_popup'><h2>Details<\/h2><a class='pop_close' href='#'>&times;<\/a><div class='pop_content'><p class='pop_institution'>Praxis Dr. Gerrit Wohlt<\/p><p class='pop_doc'>Dr. Gerrit Wohlt<\/p><p class='pop_address'>Fasanenstr. 70, 10719 Berlin<\/p><p class='pop_tel'>Telefon: +49 (0)30 3150 7655<\/p><p class='pop_fax'>Telefax: +49 (0)30 3150 7656<\/p><p class='pop_web'>Homepage: <a href='http:\/\/stimmarzt.de' target='_blank'>http:\/\/stimmarzt.de<\/a><\/p><p class='pop_mail'>E-Mail: info@stimmarzt.de<\/p><\/div><\/div><\/div><\/td><\/tr><tr><td class='dgpp_addr_city'>Berlin<\/td><td class='dgpp_addr_institution'>Praxis Dr. Karin Zieger<\/td><td class='dgpp_addr_doc'>Dr. Karin Zieger<\/td><td><a href='#de27'>Details<\/a><div id='de27' class='pop_overlay'><div class='pop_popup'><h2>Details<\/h2><a class='pop_close' href='#'>&times;<\/a><div class='pop_content'><p class='pop_institution'>Praxis Dr. Karin Zieger<\/p><p class='pop_doc'>Dr. Karin Zieger<\/p><p class='pop_address'>Senftenberger Ring 13, 13439 Berlin<\/p><p class='pop_tel'>Telefon: <\/p><p class='pop_fax'>Telefax: <\/p><p class='pop_web'>Homepage: <a href='' target='_blank'><\/a><\/p><p class='pop_mail'>E-Mail: <\/p><\/div><\/div><\/div><\/td><\/tr><tr><td class='dgpp_addr_city'>Berlin<\/td><td class='dgpp_addr_institution'>Praxis Dr. Kunibert Hippel<\/td><td class='dgpp_addr_doc'>Dr. Kunibert Hippel<\/td><td><a href='#de21'>Details<\/a><div id='de21' class='pop_overlay'><div class='pop_popup'><h2>Details<\/h2><a class='pop_close' href='#'>&times;<\/a><div class='pop_content'><p class='pop_institution'>Praxis Dr. Kunibert Hippel<\/p><p class='pop_doc'>Dr. Kunibert Hippel<\/p><p class='pop_address'>Krumme Str. 70, 10627 Berlin<\/p><p class='pop_tel'>Telefon: <\/p><p class='pop_fax'>Telefax: <\/p><p class='pop_web'>Homepage: <a href='' target='_blank'><\/a><\/p><p class='pop_mail'>E-Mail: <\/p><\/div><\/div><\/div><\/td><\/tr><tr><td class='dgpp_addr_city'>Berlin<\/td><td class='dgpp_addr_institution'>Praxis Dr. Peter Fehland<\/td><td class='dgpp_addr_doc'>Dr. Peter Fehland<\/td><td><a href='#de20'>Details<\/a><div id='de20' class='pop_overlay'><div class='pop_popup'><h2>Details<\/h2><a class='pop_close' href='#'>&times;<\/a><div class='pop_content'><p class='pop_institution'>Praxis Dr. Peter Fehland<\/p><p class='pop_doc'>Dr. Peter Fehland<\/p><p class='pop_address'>Reichenberger Str. 3, 13055 Berlin<\/p><p class='pop_tel'>Telefon: (030) 9715209<\/p><p class='pop_fax'>Telefax: (030) 97998619<\/p><p class='pop_web'>Homepage: <a href='' target='_blank'><\/a><\/p><p class='pop_mail'>E-Mail: <\/p><\/div><\/div><\/div><\/td><\/tr><tr><td class='dgpp_addr_city'>Berlin<\/td><td class='dgpp_addr_institution'>Praxis Dr. Wolfgang Renner<\/td><td class='dgpp_addr_doc'>Dr. Wolfgang Renner<\/td><td><a href='#de25'>Details<\/a><div id='de25' class='pop_overlay'><div class='pop_popup'><h2>Details<\/h2><a class='pop_close' href='#'>&times;<\/a><div class='pop_content'><p class='pop_institution'>Praxis Dr. Wolfgang Renner<\/p><p class='pop_doc'>Dr. Wolfgang Renner<\/p><p class='pop_address'>Tempelhofer Damm 139, 12099 Berlin<\/p><p class='pop_tel'>Telefon: <\/p><p class='pop_fax'>Telefax: <\/p><p class='pop_web'>Homepage: <a href='' target='_blank'><\/a><\/p><p class='pop_mail'>E-Mail: <\/p><\/div><\/div><\/div><\/td><\/tr><tr><td class='dgpp_addr_city'>Berlin<\/td><td class='dgpp_addr_institution'>Praxis Prof. Dr. Ovidiu K\u00f6nig<\/td><td class='dgpp_addr_doc'>Prof. Dr. Ovidiu K\u00f6nig<\/td><td><a href='#de22'>Details<\/a><div id='de22' class='pop_overlay'><div class='pop_popup'><h2>Details<\/h2><a class='pop_close' href='#'>&times;<\/a><div class='pop_content'><p class='pop_institution'>Praxis Prof. Dr. Ovidiu K\u00f6nig<\/p><p class='pop_doc'>Prof. Dr. Ovidiu K\u00f6nig<\/p><p class='pop_address'>Weinbergsweg 1, 10119 Berlin<\/p><p class='pop_tel'>Telefon: +49 (0)30 4490 330<\/p><p class='pop_fax'>Telefax: +49 (0)30 4400 9619<\/p><p class='pop_web'>Homepage: <a href='http:\/\/praxisverbund-berlin.de' target='_blank'>http:\/\/praxisverbund-berlin.de<\/a><\/p><p class='pop_mail'>E-Mail: sekretariat@praxisverbund-berlin.de<\/p><\/div><\/div><\/div><\/td><\/tr><tr><td class='dgpp_addr_city'>Biberach\/Ri\u00df<\/td><td class='dgpp_addr_institution'>Praxisgemeinschaft Dr. Michael Tisch \/ B. Rauschhuber-Tisch<\/td><td class='dgpp_addr_doc'>Dr. Michael Tisch<\/td><td><a href='#de28'>Details<\/a><div id='de28' class='pop_overlay'><div class='pop_popup'><h2>Details<\/h2><a class='pop_close' href='#'>&times;<\/a><div class='pop_content'><p class='pop_institution'>Praxisgemeinschaft Dr. Michael Tisch \/ B. Rauschhuber-Tisch<\/p><p class='pop_doc'>Dr. Michael Tisch<\/p><p class='pop_address'>Grabengasse 6, 88400 Biberach\/Ri\u00df<\/p><p class='pop_tel'>Telefon: +49 (0)7351 \/ 6036<\/p><p class='pop_fax'>Telefax: +49 (0)7351 \/ 6085<\/p><p class='pop_web'>Homepage: <a href='' target='_blank'><\/a><\/p><p class='pop_mail'>E-Mail: <\/p><\/div><\/div><\/div><\/td><\/tr><tr><td class='dgpp_addr_city'>Bielefeld<\/td><td class='dgpp_addr_institution'>Praxis Dr. Olaf Kuschel \/ Dr. Dirk Verges<\/td><td class='dgpp_addr_doc'>Dr. Olaf Kuschel \/ Dr. Dirk Verges<\/td><td><a href='#de29'>Details<\/a><div id='de29' class='pop_overlay'><div class='pop_popup'><h2>Details<\/h2><a class='pop_close' href='#'>&times;<\/a><div class='pop_content'><p class='pop_institution'>Praxis Dr. Olaf Kuschel \/ Dr. Dirk Verges<\/p><p class='pop_doc'>Dr. Olaf Kuschel \/ Dr. Dirk Verges<\/p><p class='pop_address'>Am Bahnhof 6, 33602 Bielefeld<\/p><p class='pop_tel'>Telefon: +49 (0)521 61598<\/p><p class='pop_fax'>Telefax: +49 (0)521 139626<\/p><p class='pop_web'>Homepage: <a href='' target='_blank'><\/a><\/p><p class='pop_mail'>E-Mail: <\/p><\/div><\/div><\/div><\/td><\/tr><tr><td class='dgpp_addr_city'>Bissendorf bei Osnabr\u00fcck<\/td><td class='dgpp_addr_institution'>Rehabiltationsklinik Werscherberg mit Schwerpunkt Phoniatrie und P\u00e4daudiologie<\/td><td class='dgpp_addr_doc'><\/td><td><a href='#de30'>Details<\/a><div id='de30' class='pop_overlay'><div class='pop_popup'><h2>Details<\/h2><a class='pop_close' href='#'>&times;<\/a><div class='pop_content'><p class='pop_institution'>Rehabiltationsklinik Werscherberg mit Schwerpunkt Phoniatrie und P\u00e4daudiologie<\/p><p class='pop_doc'><\/p><p class='pop_address'><\/p><p class='pop_tel'>Telefon: +49 (0)5402-406-0<\/p><p class='pop_fax'>Telefax: +49 (0)5402-406-110<\/p><p class='pop_web'>Homepage: <a href='http:\/\/www.klinik-werscherberg.de' target='_blank'>http:\/\/www.klinik-werscherberg.de<\/a><\/p><p class='pop_mail'>E-Mail: <\/p><\/div><\/div><\/div><\/td><\/tr><tr><td class='dgpp_addr_city'>Bitterfeld<\/td><td class='dgpp_addr_institution'>Praxis Dr. Petra Strobel<\/td><td class='dgpp_addr_doc'>Dr. Petra Strobel<\/td><td><a href='#de31'>Details<\/a><div id='de31' class='pop_overlay'><div class='pop_popup'><h2>Details<\/h2><a class='pop_close' href='#'>&times;<\/a><div class='pop_content'><p class='pop_institution'>Praxis Dr. Petra Strobel<\/p><p class='pop_doc'>Dr. Petra Strobel<\/p><p class='pop_address'>Walter-Rathenau-Str. 11, 06749 Bitterfeld<\/p><p class='pop_tel'>Telefon: +49 (0)3493-22130<\/p><p class='pop_fax'>Telefax: <\/p><p class='pop_web'>Homepage: <a href='' target='_blank'><\/a><\/p><p class='pop_mail'>E-Mail: <\/p><\/div><\/div><\/div><\/td><\/tr><tr><td class='dgpp_addr_city'>B\u00f6blingen<\/td><td class='dgpp_addr_institution'>HNO-Zentrum B\u00f6blingen<\/td><td class='dgpp_addr_doc'>Dr. Hausmann\/Steinriede\/Kleiner<\/td><td><a href='#de32'>Details<\/a><div id='de32' class='pop_overlay'><div class='pop_popup'><h2>Details<\/h2><a class='pop_close' href='#'>&times;<\/a><div class='pop_content'><p class='pop_institution'>HNO-Zentrum B\u00f6blingen<\/p><p class='pop_doc'>Dr. Hausmann\/Steinriede\/Kleiner<\/p><p class='pop_address'>Bahnhofstr. 18, 71034 B\u00f6blingen<\/p><p class='pop_tel'>Telefon: 07031 220006<\/p><p class='pop_fax'>Telefax: <\/p><p class='pop_web'>Homepage: <a href='http:\/\/www.hno-zentrum-bb.de' target='_blank'>http:\/\/www.hno-zentrum-bb.de<\/a><\/p><p class='pop_mail'>E-Mail: <\/p><\/div><\/div><\/div><\/td><\/tr><tr><td class='dgpp_addr_city'>Bochum<\/td><td class='dgpp_addr_institution'>St.-Elisabeth-Hospital, Abteilung Phoniatrie und P\u00e4daudiologie<\/td><td class='dgpp_addr_doc'>Prof. Dr. Katrin Neumann<\/td><td><a href='#de33'>Details<\/a><div id='de33' class='pop_overlay'><div class='pop_popup'><h2>Details<\/h2><a class='pop_close' href='#'>&times;<\/a><div class='pop_content'><p class='pop_institution'>St.-Elisabeth-Hospital, Abteilung Phoniatrie und P\u00e4daudiologie<\/p><p class='pop_doc'>Prof. Dr. Katrin Neumann<\/p><p class='pop_address'>Bleichstra\u00dfe 15, 44787 Bochum<\/p><p class='pop_tel'>Telefon: 0234\/509-8464<\/p><p class='pop_fax'>Telefax: <\/p><p class='pop_web'>Homepage: <a href='http:\/\/www.elis-stiftung.de' target='_blank'>http:\/\/www.elis-stiftung.de<\/a><\/p><p class='pop_mail'>E-Mail: <\/p><\/div><\/div><\/div><\/td><\/tr><tr><td class='dgpp_addr_city'>Bonn<\/td><td class='dgpp_addr_institution'>Universit\u00e4tsklinikum Bonn - A\u00f6R - Klinik f\u00fcr Hals-Nasen-Ohrenheilkunde\/Chirurgie, Abteilung f\u00fcr Phoniatrie\/P\u00e4daudiologie<\/td><td class='dgpp_addr_doc'>Univ.-Prof. Dr. G\u00f6tz Schade<\/td><td><a href='#de34'>Details<\/a><div id='de34' class='pop_overlay'><div class='pop_popup'><h2>Details<\/h2><a class='pop_close' href='#'>&times;<\/a><div class='pop_content'><p class='pop_institution'>Universit\u00e4tsklinikum Bonn - A\u00f6R - Klinik f\u00fcr Hals-Nasen-Ohrenheilkunde\/Chirurgie, Abteilung f\u00fcr Phoniatrie\/P\u00e4daudiologie<\/p><p class='pop_doc'>Univ.-Prof. Dr. G\u00f6tz Schade<\/p><p class='pop_address'>Sigmund-Freud-Str. 25, 53105 Bonn<\/p><p class='pop_tel'>Telefon: +49 (0)228-287-11280<\/p><p class='pop_fax'>Telefax: +49 (0)228-287-11934<\/p><p class='pop_web'>Homepage: <a href='' target='_blank'><\/a><\/p><p class='pop_mail'>E-Mail: <\/p><\/div><\/div><\/div><\/td><\/tr><tr><td class='dgpp_addr_city'>Brandenburg<\/td><td class='dgpp_addr_institution'>Praxis Dipl.-Med. Bernd Heuer<\/td><td class='dgpp_addr_doc'>Dipl.-Med. Bernd Heuer<\/td><td><a href='#de35'>Details<\/a><div id='de35' class='pop_overlay'><div class='pop_popup'><h2>Details<\/h2><a class='pop_close' href='#'>&times;<\/a><div class='pop_content'><p class='pop_institution'>Praxis Dipl.-Med. Bernd Heuer<\/p><p class='pop_doc'>Dipl.-Med. Bernd Heuer<\/p><p class='pop_address'>Kanalstr. 8\/9, 14776 Brandenburg<\/p><p class='pop_tel'>Telefon: <\/p><p class='pop_fax'>Telefax: <\/p><p class='pop_web'>Homepage: <a href='' target='_blank'><\/a><\/p><p class='pop_mail'>E-Mail: <\/p><\/div><\/div><\/div><\/td><\/tr><tr><td class='dgpp_addr_city'>Braunschweig<\/td><td class='dgpp_addr_institution'>HNO-Praxis im Schlosscarree<\/td><td class='dgpp_addr_doc'>Dr. Claudia H\u00fcbner<\/td><td><a href='#de190'>Details<\/a><div id='de190' class='pop_overlay'><div class='pop_popup'><h2>Details<\/h2><a class='pop_close' href='#'>&times;<\/a><div class='pop_content'><p class='pop_institution'>HNO-Praxis im Schlosscarree<\/p><p class='pop_doc'>Dr. Claudia H\u00fcbner<\/p><p class='pop_address'>Ritterbunnen 4-7, 38100 Braunschweig<\/p><p class='pop_tel'>Telefon: +49 (0)531-43618<\/p><p class='pop_fax'>Telefax: <\/p><p class='pop_web'>Homepage: <a href='' target='_blank'><\/a><\/p><p class='pop_mail'>E-Mail: hno-schlosscarree@web.de<\/p><\/div><\/div><\/div><\/td><\/tr><tr><td class='dgpp_addr_city'>Braunschweig<\/td><td class='dgpp_addr_institution'>Praxis Dr. Petra Blaukat<\/td><td class='dgpp_addr_doc'>Dr. Petra Blaukat<\/td><td><a href='#de36'>Details<\/a><div id='de36' class='pop_overlay'><div class='pop_popup'><h2>Details<\/h2><a class='pop_close' href='#'>&times;<\/a><div class='pop_content'><p class='pop_institution'>Praxis Dr. Petra Blaukat<\/p><p class='pop_doc'>Dr. Petra Blaukat<\/p><p class='pop_address'>Eiermarkt 1, 38100 Braunschweig<\/p><p class='pop_tel'>Telefon: +49 (0)531-400 104<\/p><p class='pop_fax'>Telefax: +49 (0)531-400 105<\/p><p class='pop_web'>Homepage: <a href='' target='_blank'><\/a><\/p><p class='pop_mail'>E-Mail: info@praxis-pp-braunschweig.de<\/p><\/div><\/div><\/div><\/td><\/tr><tr><td class='dgpp_addr_city'>Bremen<\/td><td class='dgpp_addr_institution'>Praxis Dr. Rolf Schiel<\/td><td class='dgpp_addr_doc'>Dr. Rolf Schiel<\/td><td><a href='#de37'>Details<\/a><div id='de37' class='pop_overlay'><div class='pop_popup'><h2>Details<\/h2><a class='pop_close' href='#'>&times;<\/a><div class='pop_content'><p class='pop_institution'>Praxis Dr. Rolf Schiel<\/p><p class='pop_doc'>Dr. Rolf Schiel<\/p><p class='pop_address'>Friedrich-Ebert-Stra\u00dfe 59, 28199 Bremen-Neustadt<\/p><p class='pop_tel'>Telefon: +49 (0)421-532 300<\/p><p class='pop_fax'>Telefax: +49 (0)421-532 324<\/p><p class='pop_web'>Homepage: <a href='http:\/\/www.praxis-terjung-schiel.de' target='_blank'>http:\/\/www.praxis-terjung-schiel.de<\/a><\/p><p class='pop_mail'>E-Mail: <\/p><\/div><\/div><\/div><\/td><\/tr><tr><td class='dgpp_addr_city'>Celle<\/td><td class='dgpp_addr_institution'>Praxis Dr. Klingelh\u00f6fer<\/td><td class='dgpp_addr_doc'>Dr. med. Gabriele Klingelh\u00f6fer<\/td><td><a href='#de188'>Details<\/a><div id='de188' class='pop_overlay'><div class='pop_popup'><h2>Details<\/h2><a class='pop_close' href='#'>&times;<\/a><div class='pop_content'><p class='pop_institution'>Praxis Dr. Klingelh\u00f6fer<\/p><p class='pop_doc'>Dr. med. Gabriele Klingelh\u00f6fer<\/p><p class='pop_address'>Neumarkt 1, 29221 Celle<\/p><p class='pop_tel'>Telefon: +49 (0) 5141 28788<\/p><p class='pop_fax'>Telefax: <\/p><p class='pop_web'>Homepage: <a href='http:\/\/www.hno-pp-celle.de' target='_blank'>http:\/\/www.hno-pp-celle.de<\/a><\/p><p class='pop_mail'>E-Mail: info@hno-pp-celle.de<\/p><\/div><\/div><\/div><\/td><\/tr><tr><td class='dgpp_addr_city'>Chemnitz<\/td><td class='dgpp_addr_institution'>Praxis Dr. Wieland Woltersdorf<\/td><td class='dgpp_addr_doc'>Dr. Wieland Woltersdorf<\/td><td><a href='#de38'>Details<\/a><div id='de38' class='pop_overlay'><div class='pop_popup'><h2>Details<\/h2><a class='pop_close' href='#'>&times;<\/a><div class='pop_content'><p class='pop_institution'>Praxis Dr. Wieland Woltersdorf<\/p><p class='pop_doc'>Dr. Wieland Woltersdorf<\/p><p class='pop_address'>Am Rathaus 8 (im Gesundheitsamt 5. Etage), 09111 Chemnitz<\/p><p class='pop_tel'>Telefon: +49 (0)371 \/ 66 62 780<\/p><p class='pop_fax'>Telefax: +49 (0)371 \/ 66 62 786 9<\/p><p class='pop_web'>Homepage: <a href='http:\/\/www.hno-praxis-chemnitz.de' target='_blank'>http:\/\/www.hno-praxis-chemnitz.de<\/a><\/p><p class='pop_mail'>E-Mail: <\/p><\/div><\/div><\/div><\/td><\/tr><tr><td class='dgpp_addr_city'>Cottbus<\/td><td class='dgpp_addr_institution'>Carl-Thiem-Klinikum HNO-Klinik<\/td><td class='dgpp_addr_doc'>Dr. Dietrich Schweitzer<\/td><td><a href='#de39'>Details<\/a><div id='de39' class='pop_overlay'><div class='pop_popup'><h2>Details<\/h2><a class='pop_close' href='#'>&times;<\/a><div class='pop_content'><p class='pop_institution'>Carl-Thiem-Klinikum HNO-Klinik<\/p><p class='pop_doc'>Dr. Dietrich Schweitzer<\/p><p class='pop_address'>Thiemstr. 111, 03048 Cottbus<\/p><p class='pop_tel'>Telefon: <\/p><p class='pop_fax'>Telefax: <\/p><p class='pop_web'>Homepage: <a href='' target='_blank'><\/a><\/p><p class='pop_mail'>E-Mail: <\/p><\/div><\/div><\/div><\/td><\/tr><tr><td class='dgpp_addr_city'>Datteln<\/td><td class='dgpp_addr_institution'>Vestische Kinderklinik Witte\/Herdecke, Abteilung f\u00fcr Phoniatrie und P\u00e4daudiologie, CI-Rehabilitationszentrum<\/td><td class='dgpp_addr_doc'><\/td><td><a href='#de40'>Details<\/a><div id='de40' class='pop_overlay'><div class='pop_popup'><h2>Details<\/h2><a class='pop_close' href='#'>&times;<\/a><div class='pop_content'><p class='pop_institution'>Vestische Kinderklinik Witte\/Herdecke, Abteilung f\u00fcr Phoniatrie und P\u00e4daudiologie, CI-Rehabilitationszentrum<\/p><p class='pop_doc'><\/p><p class='pop_address'><\/p><p class='pop_tel'>Telefon: +49-(0)2363-975-280<\/p><p class='pop_fax'>Telefax: +49-(0)2363-975-289<\/p><p class='pop_web'>Homepage: <a href='http:\/\/www.kinderklinik-datteln.de' target='_blank'>http:\/\/www.kinderklinik-datteln.de<\/a><\/p><p class='pop_mail'>E-Mail: p.nowack@kinderklinik-datteln.de<\/p><\/div><\/div><\/div><\/td><\/tr><tr><td class='dgpp_addr_city'>Dessau<\/td><td class='dgpp_addr_institution'>Praxis Dr. Helga Zischka<\/td><td class='dgpp_addr_doc'>Dr. Helga Zischka<\/td><td><a href='#de41'>Details<\/a><div id='de41' class='pop_overlay'><div class='pop_popup'><h2>Details<\/h2><a class='pop_close' href='#'>&times;<\/a><div class='pop_content'><p class='pop_institution'>Praxis Dr. Helga Zischka<\/p><p class='pop_doc'>Dr. Helga Zischka<\/p><p class='pop_address'>Weinbergweg 12, D-06846 Dessau<\/p><p class='pop_tel'>Telefon: +49-(0)340-616525<\/p><p class='pop_fax'>Telefax: <\/p><p class='pop_web'>Homepage: <a href='' target='_blank'><\/a><\/p><p class='pop_mail'>E-Mail: <\/p><\/div><\/div><\/div><\/td><\/tr><tr><td class='dgpp_addr_city'>Diepholz<\/td><td class='dgpp_addr_institution'>Praxis Dr. med. Oliver und Katrin Goldschmidt<\/td><td class='dgpp_addr_doc'>Dr. med. Oliver und Katrin Goldschmidt<\/td><td><a href='#de42'>Details<\/a><div id='de42' class='pop_overlay'><div class='pop_popup'><h2>Details<\/h2><a class='pop_close' href='#'>&times;<\/a><div class='pop_content'><p class='pop_institution'>Praxis Dr. med. Oliver und Katrin Goldschmidt<\/p><p class='pop_doc'>Dr. med. Oliver und Katrin Goldschmidt<\/p><p class='pop_address'>Bahnhofstr. 13, 49356 Diepholz<\/p><p class='pop_tel'>Telefon: +49-(0)5441 5210<\/p><p class='pop_fax'>Telefax: <\/p><p class='pop_web'>Homepage: <a href='http:\/\/www.jogophon.de' target='_blank'>http:\/\/www.jogophon.de<\/a><\/p><p class='pop_mail'>E-Mail: <\/p><\/div><\/div><\/div><\/td><\/tr><tr><td class='dgpp_addr_city'>Dortmund<\/td><td class='dgpp_addr_institution'>St\u00e4dtische Kliniken Dortmund, Abteilung Phoniatrie und P\u00e4daudiologie<\/td><td class='dgpp_addr_doc'>Dr. Sabine Hartmann<\/td><td><a href='#de43'>Details<\/a><div id='de43' class='pop_overlay'><div class='pop_popup'><h2>Details<\/h2><a class='pop_close' href='#'>&times;<\/a><div class='pop_content'><p class='pop_institution'>St\u00e4dtische Kliniken Dortmund, Abteilung Phoniatrie und P\u00e4daudiologie<\/p><p class='pop_doc'>Dr. Sabine Hartmann<\/p><p class='pop_address'>Beurhausstr. 40, 44137 Dortmund<\/p><p class='pop_tel'>Telefon: <\/p><p class='pop_fax'>Telefax: <\/p><p class='pop_web'>Homepage: <a href='' target='_blank'><\/a><\/p><p class='pop_mail'>E-Mail: <\/p><\/div><\/div><\/div><\/td><\/tr><tr><td class='dgpp_addr_city'>Dresden<\/td><td class='dgpp_addr_institution'>HNO-Gemeinschaftspraxis Dr. S. Berndt, Dr. I. Doberenz, C.Kirchner<\/td><td class='dgpp_addr_doc'>Christiane Kirchner<\/td><td><a href='#de49'>Details<\/a><div id='de49' class='pop_overlay'><div class='pop_popup'><h2>Details<\/h2><a class='pop_close' href='#'>&times;<\/a><div class='pop_content'><p class='pop_institution'>HNO-Gemeinschaftspraxis Dr. S. Berndt, Dr. I. Doberenz, C.Kirchner<\/p><p class='pop_doc'>Christiane Kirchner<\/p><p class='pop_address'>B\u00fcnaustra\u00dfe 11, 01159 Dresden<\/p><p class='pop_tel'>Telefon: <\/p><p class='pop_fax'>Telefax: <\/p><p class='pop_web'>Homepage: <a href='' target='_blank'><\/a><\/p><p class='pop_mail'>E-Mail: <\/p><\/div><\/div><\/div><\/td><\/tr><tr><td class='dgpp_addr_city'>Dresden<\/td><td class='dgpp_addr_institution'>Praxis Dr. Eva Maria Pilz<\/td><td class='dgpp_addr_doc'>Dr. Eva Maria Pilz<\/td><td><a href='#de48'>Details<\/a><div id='de48' class='pop_overlay'><div class='pop_popup'><h2>Details<\/h2><a class='pop_close' href='#'>&times;<\/a><div class='pop_content'><p class='pop_institution'>Praxis Dr. Eva Maria Pilz<\/p><p class='pop_doc'>Dr. Eva Maria Pilz<\/p><p class='pop_address'>Wurzener Str. 5, 01127 Dresden<\/p><p class='pop_tel'>Telefon: +49 (0)351\/8522290<\/p><p class='pop_fax'>Telefax: +49 (0)351\/8522299<\/p><p class='pop_web'>Homepage: <a href='' target='_blank'><\/a><\/p><p class='pop_mail'>E-Mail: <\/p><\/div><\/div><\/div><\/td><\/tr><tr><td class='dgpp_addr_city'>Dresden<\/td><td class='dgpp_addr_institution'>St\u00e4dtisches Klinikum Dresden-Friedrichstadt, HNO-Klinik\/Abteilung f\u00fcr Phoniatrie und P\u00e4daudiologie<\/td><td class='dgpp_addr_doc'>Prof. Dr. Friedemann Pabst<\/td><td><a href='#de45'>Details<\/a><div id='de45' class='pop_overlay'><div class='pop_popup'><h2>Details<\/h2><a class='pop_close' href='#'>&times;<\/a><div class='pop_content'><p class='pop_institution'>St\u00e4dtisches Klinikum Dresden-Friedrichstadt, HNO-Klinik\/Abteilung f\u00fcr Phoniatrie und P\u00e4daudiologie<\/p><p class='pop_doc'>Prof. Dr. Friedemann Pabst<\/p><p class='pop_address'>Friedrichstra\u00dfe 41, 01067 Dresden<\/p><p class='pop_tel'>Telefon: <\/p><p class='pop_fax'>Telefax: <\/p><p class='pop_web'>Homepage: <a href='http:\/\/www.khdf.de' target='_blank'>http:\/\/www.khdf.de<\/a><\/p><p class='pop_mail'>E-Mail: pabst-fr@khdf.de<\/p><\/div><\/div><\/div><\/td><\/tr><tr><td class='dgpp_addr_city'>Dresden<\/td><td class='dgpp_addr_institution'>St\u00e4dtisches Klinikum Dresden-Friedrichstadt, HNO-Klinik\/Abteilung f\u00fcr Phoniatrie und P\u00e4daudiologie<\/td><td class='dgpp_addr_doc'>Frau Dr. med. Heidrun Ku\u00df<\/td><td><a href='#de47'>Details<\/a><div id='de47' class='pop_overlay'><div class='pop_popup'><h2>Details<\/h2><a class='pop_close' href='#'>&times;<\/a><div class='pop_content'><p class='pop_institution'>St\u00e4dtisches Klinikum Dresden-Friedrichstadt, HNO-Klinik\/Abteilung f\u00fcr Phoniatrie und P\u00e4daudiologie<\/p><p class='pop_doc'>Frau Dr. med. Heidrun Ku\u00df<\/p><p class='pop_address'>Friedrichstra\u00dfe 41, 01067 Dresden<\/p><p class='pop_tel'>Telefon: +49 (0)351 480-1721<\/p><p class='pop_fax'>Telefax: <\/p><p class='pop_web'>Homepage: <a href='http:\/\/www.khdf.de' target='_blank'>http:\/\/www.khdf.de<\/a><\/p><p class='pop_mail'>E-Mail: <\/p><\/div><\/div><\/div><\/td><\/tr><tr><td class='dgpp_addr_city'>Dresden<\/td><td class='dgpp_addr_institution'>Studio f\u00fcr Stimmforschung der Hochschule f\u00fcr Musik Carl Maria von Weber Dresden<\/td><td class='dgpp_addr_doc'>Prof. Dr. Friedemann Pabst<\/td><td><a href='#de46'>Details<\/a><div id='de46' class='pop_overlay'><div class='pop_popup'><h2>Details<\/h2><a class='pop_close' href='#'>&times;<\/a><div class='pop_content'><p class='pop_institution'>Studio f\u00fcr Stimmforschung der Hochschule f\u00fcr Musik Carl Maria von Weber Dresden<\/p><p class='pop_doc'>Prof. Dr. Friedemann Pabst<\/p><p class='pop_address'>Wettiner Platz 13, 01067 Dresden<\/p><p class='pop_tel'>Telefon: <\/p><p class='pop_fax'>Telefax: <\/p><p class='pop_web'>Homepage: <a href='' target='_blank'><\/a><\/p><p class='pop_mail'>E-Mail: pabst-fr@khdf.de<\/p><\/div><\/div><\/div><\/td><\/tr><tr><td class='dgpp_addr_city'>Dresden<\/td><td class='dgpp_addr_institution'>Universit\u00e4tsklinikum Carl Gustav Carus der TU Dresden, Abteilung f\u00fcr Phoniatrie und Audiologie<\/td><td class='dgpp_addr_doc'>Dr. med. Katrin Palisch<\/td><td><a href='#de44'>Details<\/a><div id='de44' class='pop_overlay'><div class='pop_popup'><h2>Details<\/h2><a class='pop_close' href='#'>&times;<\/a><div class='pop_content'><p class='pop_institution'>Universit\u00e4tsklinikum Carl Gustav Carus der TU Dresden, Abteilung f\u00fcr Phoniatrie und Audiologie<\/p><p class='pop_doc'>Dr. med. Katrin Palisch<\/p><p class='pop_address'>Fetscherstr. 74, 01307 Dresden<\/p><p class='pop_tel'>Telefon: +49 (0)351 458-3539<\/p><p class='pop_fax'>Telefax: <\/p><p class='pop_web'>Homepage: <a href='http:\/\/uniklinikum-dresden.de' target='_blank'>http:\/\/uniklinikum-dresden.de<\/a><\/p><p class='pop_mail'>E-Mail: phoniatrie@uniklinikum-dresden.de<\/p><\/div><\/div><\/div><\/td><\/tr><tr><td class='dgpp_addr_city'>Duisburg<\/td><td class='dgpp_addr_institution'>Malteser-Krankenhaus St. Anna, Abteilung Phoniatrie\/P\u00e4daudiologie und SPZ Duisburg<\/td><td class='dgpp_addr_doc'>Dr. Donald Becker<\/td><td><a href='#de50'>Details<\/a><div id='de50' class='pop_overlay'><div class='pop_popup'><h2>Details<\/h2><a class='pop_close' href='#'>&times;<\/a><div class='pop_content'><p class='pop_institution'>Malteser-Krankenhaus St. Anna, Abteilung Phoniatrie\/P\u00e4daudiologie und SPZ Duisburg<\/p><p class='pop_doc'>Dr. Donald Becker<\/p><p class='pop_address'>Albertus-Magnus-Str. 33, 47259 Duisburg<\/p><p class='pop_tel'>Telefon: <\/p><p class='pop_fax'>Telefax: <\/p><p class='pop_web'>Homepage: <a href='http:\/\/www.malteser-stanna.de' target='_blank'>http:\/\/www.malteser-stanna.de<\/a><\/p><p class='pop_mail'>E-Mail: <\/p><\/div><\/div><\/div><\/td><\/tr><tr><td class='dgpp_addr_city'>D\u00fclmen<\/td><td class='dgpp_addr_institution'>Gemeinschaftspraxis Dr. Wolfgang Schmid, Dr. R.-Dieter Kranich, Dr. Dipl.-Ing Hugo Erwig, Dr. Ulrich Heimann<\/td><td class='dgpp_addr_doc'><\/td><td><a href='#de51'>Details<\/a><div id='de51' class='pop_overlay'><div class='pop_popup'><h2>Details<\/h2><a class='pop_close' href='#'>&times;<\/a><div class='pop_content'><p class='pop_institution'>Gemeinschaftspraxis Dr. Wolfgang Schmid, Dr. R.-Dieter Kranich, Dr. Dipl.-Ing Hugo Erwig, Dr. Ulrich Heimann<\/p><p class='pop_doc'><\/p><p class='pop_address'>Brokweg 10, 48249 D\u00fclmen<\/p><p class='pop_tel'>Telefon: <\/p><p class='pop_fax'>Telefax: <\/p><p class='pop_web'>Homepage: <a href='http:\/\/www.hno-duelmen.de' target='_blank'>http:\/\/www.hno-duelmen.de<\/a><\/p><p class='pop_mail'>E-Mail: <\/p><\/div><\/div><\/div><\/td><\/tr><tr><td class='dgpp_addr_city'>D\u00fcsseldorf<\/td><td class='dgpp_addr_institution'> Abteilung f\u00fcr Phoniatrie und P\u00e4daudiologie der Univ.-HNO-Klinik<\/td><td class='dgpp_addr_doc'>Prof. Dr. Wolfgang Angerstein<\/td><td><a href='#de52'>Details<\/a><div id='de52' class='pop_overlay'><div class='pop_popup'><h2>Details<\/h2><a class='pop_close' href='#'>&times;<\/a><div class='pop_content'><p class='pop_institution'> Abteilung f\u00fcr Phoniatrie und P\u00e4daudiologie der Univ.-HNO-Klinik<\/p><p class='pop_doc'>Prof. Dr. Wolfgang Angerstein<\/p><p class='pop_address'>Moorenstr. 5, 40225 D\u00fcsseldorf<\/p><p class='pop_tel'>Telefon: +49 (0)211 81 17583\/4<\/p><p class='pop_fax'>Telefax: +49 (0)211 81 19511<\/p><p class='pop_web'>Homepage: <a href='http:\/\/www.uniklinik-duesseldorf.de\/phoniatrie-paedaudiologie' target='_blank'>http:\/\/www.uniklinik-duesseldorf.de\/phoniatrie-paedaudiologie<\/a><\/p><p class='pop_mail'>E-Mail: <\/p><\/div><\/div><\/div><\/td><\/tr><tr><td class='dgpp_addr_city'>D\u00fcsseldorf<\/td><td class='dgpp_addr_institution'> Phoniatrisch-P\u00e4daudiologisches Zentrum D\u00fcsseldorf-Gerresheim<\/td><td class='dgpp_addr_doc'>Dr. Dorothee Bernemann<\/td><td><a href='#de53'>Details<\/a><div id='de53' class='pop_overlay'><div class='pop_popup'><h2>Details<\/h2><a class='pop_close' href='#'>&times;<\/a><div class='pop_content'><p class='pop_institution'> Phoniatrisch-P\u00e4daudiologisches Zentrum D\u00fcsseldorf-Gerresheim<\/p><p class='pop_doc'>Dr. Dorothee Bernemann<\/p><p class='pop_address'>Gr\u00e4ulinger Str. 120, 40625 D\u00fcsseldorf<\/p><p class='pop_tel'>Telefon: <\/p><p class='pop_fax'>Telefax: <\/p><p class='pop_web'>Homepage: <a href='' target='_blank'><\/a><\/p><p class='pop_mail'>E-Mail: <\/p><\/div><\/div><\/div><\/td><\/tr><tr><td class='dgpp_addr_city'>Ebersberg<\/td><td class='dgpp_addr_institution'>Praxis f\u00fcr HNO-Heilkunde, Stimm-, Sprach- und kindliche H\u00f6rst\u00f6rungen in Ebersberg<\/td><td class='dgpp_addr_doc'>Dr. Viktor Voigt<\/td><td><a href='#de186'>Details<\/a><div id='de186' class='pop_overlay'><div class='pop_popup'><h2>Details<\/h2><a class='pop_close' href='#'>&times;<\/a><div class='pop_content'><p class='pop_institution'>Praxis f\u00fcr HNO-Heilkunde, Stimm-, Sprach- und kindliche H\u00f6rst\u00f6rungen in Ebersberg<\/p><p class='pop_doc'>Dr. Viktor Voigt<\/p><p class='pop_address'>Bahnhofstrasse 13a, 85560 Ebersberg<\/p><p class='pop_tel'>Telefon: +49 (0)8092 21550<\/p><p class='pop_fax'>Telefax: +49 (0)8092-20099<\/p><p class='pop_web'>Homepage: <a href='http:\/\/www.hno-ebersberg.de' target='_blank'>http:\/\/www.hno-ebersberg.de<\/a><\/p><p class='pop_mail'>E-Mail: info@hno-ebersberg.de<\/p><\/div><\/div><\/div><\/td><\/tr><tr><td class='dgpp_addr_city'>Eilenburg<\/td><td class='dgpp_addr_institution'>Praxis Dr. Konrad Reuter<\/td><td class='dgpp_addr_doc'>Dr. Konrad Reuter<\/td><td><a href='#de54'>Details<\/a><div id='de54' class='pop_overlay'><div class='pop_popup'><h2>Details<\/h2><a class='pop_close' href='#'>&times;<\/a><div class='pop_content'><p class='pop_institution'>Praxis Dr. Konrad Reuter<\/p><p class='pop_doc'>Dr. Konrad Reuter<\/p><p class='pop_address'>Wilhelm-Grune-Str. 5, 04838 Eilenburg<\/p><p class='pop_tel'>Telefon: <\/p><p class='pop_fax'>Telefax: <\/p><p class='pop_web'>Homepage: <a href='' target='_blank'><\/a><\/p><p class='pop_mail'>E-Mail: <\/p><\/div><\/div><\/div><\/td><\/tr><tr><td class='dgpp_addr_city'>Eisenach<\/td><td class='dgpp_addr_institution'>Praxis Dr. Christine Schulz<\/td><td class='dgpp_addr_doc'>Dr. Christine Schulz<\/td><td><a href='#de55'>Details<\/a><div id='de55' class='pop_overlay'><div class='pop_popup'><h2>Details<\/h2><a class='pop_close' href='#'>&times;<\/a><div class='pop_content'><p class='pop_institution'>Praxis Dr. Christine Schulz<\/p><p class='pop_doc'>Dr. Christine Schulz<\/p><p class='pop_address'>Schillerstr. 15, 99817 Eisenach<\/p><p class='pop_tel'>Telefon: +49 (0)36 91 \/ 203661<\/p><p class='pop_fax'>Telefax: <\/p><p class='pop_web'>Homepage: <a href='http:\/\/www.drschulz.de' target='_blank'>http:\/\/www.drschulz.de<\/a><\/p><p class='pop_mail'>E-Mail: <\/p><\/div><\/div><\/div><\/td><\/tr><tr><td class='dgpp_addr_city'>Erfurt<\/td><td class='dgpp_addr_institution'>Helios Klinikum Erfurt<\/td><td class='dgpp_addr_doc'>Dr. Kerstin Breitenstein<\/td><td><a href='#de58'>Details<\/a><div id='de58' class='pop_overlay'><div class='pop_popup'><h2>Details<\/h2><a class='pop_close' href='#'>&times;<\/a><div class='pop_content'><p class='pop_institution'>Helios Klinikum Erfurt<\/p><p class='pop_doc'>Dr. Kerstin Breitenstein<\/p><p class='pop_address'>Nordhauser Str. 74, 99089 Erfurt<\/p><p class='pop_tel'>Telefon: +49 (0)361 781 6311<\/p><p class='pop_fax'>Telefax: <\/p><p class='pop_web'>Homepage: <a href='' target='_blank'><\/a><\/p><p class='pop_mail'>E-Mail: <\/p><\/div><\/div><\/div><\/td><\/tr><tr><td class='dgpp_addr_city'>Erfurt<\/td><td class='dgpp_addr_institution'>Praxis Dr. Matthias Leisen<\/td><td class='dgpp_addr_doc'>Dr. Matthias Leisen<\/td><td><a href='#de59'>Details<\/a><div id='de59' class='pop_overlay'><div class='pop_popup'><h2>Details<\/h2><a class='pop_close' href='#'>&times;<\/a><div class='pop_content'><p class='pop_institution'>Praxis Dr. Matthias Leisen<\/p><p class='pop_doc'>Dr. Matthias Leisen<\/p><p class='pop_address'>Bodelschwinghstr. 26, 99096 Erfurt<\/p><p class='pop_tel'>Telefon: <\/p><p class='pop_fax'>Telefax: <\/p><p class='pop_web'>Homepage: <a href='' target='_blank'><\/a><\/p><p class='pop_mail'>E-Mail: <\/p><\/div><\/div><\/div><\/td><\/tr><tr><td class='dgpp_addr_city'>Erlangen<\/td><td class='dgpp_addr_institution'>Praxis Dr. J. Mayer-Brix<\/td><td class='dgpp_addr_doc'>Dr. J. Mayer-Brix<\/td><td><a href='#de57'>Details<\/a><div id='de57' class='pop_overlay'><div class='pop_popup'><h2>Details<\/h2><a class='pop_close' href='#'>&times;<\/a><div class='pop_content'><p class='pop_institution'>Praxis Dr. J. Mayer-Brix<\/p><p class='pop_doc'>Dr. J. Mayer-Brix<\/p><p class='pop_address'>Allee am R\u00f6thelheimpark 6, 91052 Erlangen<\/p><p class='pop_tel'>Telefon: <\/p><p class='pop_fax'>Telefax: <\/p><p class='pop_web'>Homepage: <a href='http:\/\/www.dr-mayer-brix.de' target='_blank'>http:\/\/www.dr-mayer-brix.de<\/a><\/p><p class='pop_mail'>E-Mail: <\/p><\/div><\/div><\/div><\/td><\/tr><tr><td class='dgpp_addr_city'>Erlangen<\/td><td class='dgpp_addr_institution'>Universit\u00e4tsklinikum Erlangen, Abteilung f\u00fcr Phoniatrie und P\u00e4daudiologie<\/td><td class='dgpp_addr_doc'>Dr. med. Anne Sch\u00fctzenberger<\/td><td><a href='#de56'>Details<\/a><div id='de56' class='pop_overlay'><div class='pop_popup'><h2>Details<\/h2><a class='pop_close' href='#'>&times;<\/a><div class='pop_content'><p class='pop_institution'>Universit\u00e4tsklinikum Erlangen, Abteilung f\u00fcr Phoniatrie und P\u00e4daudiologie<\/p><p class='pop_doc'>Dr. med. Anne Sch\u00fctzenberger<\/p><p class='pop_address'>Waldstr. 1, 91054 Erlangen<\/p><p class='pop_tel'>Telefon: +49 (0)9131 85-32782<\/p><p class='pop_fax'>Telefax: +49 (0)9131 85-32687<\/p><p class='pop_web'>Homepage: <a href='http:\/\/www.hno-klinik.uk-erlangen.de\/phoniatrie\/' target='_blank'>http:\/\/www.hno-klinik.uk-erlangen.de\/phoniatrie\/<\/a><\/p><p class='pop_mail'>E-Mail: <\/p><\/div><\/div><\/div><\/td><\/tr><tr><td class='dgpp_addr_city'>Essen<\/td><td class='dgpp_addr_institution'>Praxis Dr. Georg Schulte Holthausen<\/td><td class='dgpp_addr_doc'>Dr. Georg Schulte Holthausen<\/td><td><a href='#de60'>Details<\/a><div id='de60' class='pop_overlay'><div class='pop_popup'><h2>Details<\/h2><a class='pop_close' href='#'>&times;<\/a><div class='pop_content'><p class='pop_institution'>Praxis Dr. Georg Schulte Holthausen<\/p><p class='pop_doc'>Dr. Georg Schulte Holthausen<\/p><p class='pop_address'>K\u00f6rholzstr. 5-7, 45239 Essen-Werden<\/p><p class='pop_tel'>Telefon: <\/p><p class='pop_fax'>Telefax: <\/p><p class='pop_web'>Homepage: <a href='' target='_blank'><\/a><\/p><p class='pop_mail'>E-Mail: <\/p><\/div><\/div><\/div><\/td><\/tr><tr><td class='dgpp_addr_city'>Essen<\/td><td class='dgpp_addr_institution'>Universit\u00e4tsklinikum Essen - Klinik f\u00fcr HNO-Heilkunde, Kopf und Hals-Chirurgie, Abt. f\u00fcr Phoniatrie und P\u00e4daudiologie<\/td><td class='dgpp_addr_doc'><\/td><td><a href='#de184'>Details<\/a><div id='de184' class='pop_overlay'><div class='pop_popup'><h2>Details<\/h2><a class='pop_close' href='#'>&times;<\/a><div class='pop_content'><p class='pop_institution'>Universit\u00e4tsklinikum Essen - Klinik f\u00fcr HNO-Heilkunde, Kopf und Hals-Chirurgie, Abt. f\u00fcr Phoniatrie und P\u00e4daudiologie<\/p><p class='pop_doc'><\/p><p class='pop_address'>Hufelandstr. 55, 45147 Essen<\/p><p class='pop_tel'>Telefon: +49 (0)201-723-2429 <\/p><p class='pop_fax'>Telefax: +49 (0) 201-723-6838 <\/p><p class='pop_web'>Homepage: <a href='https:\/\/hno.uk-essen.de\/ambulanz\/' target='_blank'>https:\/\/hno.uk-essen.de\/ambulanz\/<\/a><\/p><p class='pop_mail'>E-Mail: phon.paed@uk\u2010essen.de<\/p><\/div><\/div><\/div><\/td><\/tr><tr><td class='dgpp_addr_city'>Fellbach<\/td><td class='dgpp_addr_institution'>Praxis Dr. Beate Leonardy-Doller<\/td><td class='dgpp_addr_doc'>Dr. Beate Leonardy-Doller<\/td><td><a href='#de61'>Details<\/a><div id='de61' class='pop_overlay'><div class='pop_popup'><h2>Details<\/h2><a class='pop_close' href='#'>&times;<\/a><div class='pop_content'><p class='pop_institution'>Praxis Dr. Beate Leonardy-Doller<\/p><p class='pop_doc'>Dr. Beate Leonardy-Doller<\/p><p class='pop_address'>Gerhard-Hauptmann-Str. 25, 70734 Fellbach<\/p><p class='pop_tel'>Telefon: <\/p><p class='pop_fax'>Telefax: <\/p><p class='pop_web'>Homepage: <a href='' target='_blank'><\/a><\/p><p class='pop_mail'>E-Mail: <\/p><\/div><\/div><\/div><\/td><\/tr><tr><td class='dgpp_addr_city'>Frankfurt (Main)<\/td><td class='dgpp_addr_institution'>Praxis Dr. Holger Hanschmann<\/td><td class='dgpp_addr_doc'>Dr. Holger Hanschmann<\/td><td><a href='#de66'>Details<\/a><div id='de66' class='pop_overlay'><div class='pop_popup'><h2>Details<\/h2><a class='pop_close' href='#'>&times;<\/a><div class='pop_content'><p class='pop_institution'>Praxis Dr. Holger Hanschmann<\/p><p class='pop_doc'>Dr. Holger Hanschmann<\/p><p class='pop_address'>Hochstra\u00dfe 50, 60313 Frankfurt<\/p><p class='pop_tel'>Telefon: <\/p><p class='pop_fax'>Telefax: <\/p><p class='pop_web'>Homepage: <a href='' target='_blank'><\/a><\/p><p class='pop_mail'>E-Mail: <\/p><\/div><\/div><\/div><\/td><\/tr><tr><td class='dgpp_addr_city'>Frankfurt (Main)<\/td><td class='dgpp_addr_institution'>Praxis Dr. Oliver Erb \/ Dr. E. Schmidt<\/td><td class='dgpp_addr_doc'><\/td><td><a href='#de65'>Details<\/a><div id='de65' class='pop_overlay'><div class='pop_popup'><h2>Details<\/h2><a class='pop_close' href='#'>&times;<\/a><div class='pop_content'><p class='pop_institution'>Praxis Dr. Oliver Erb \/ Dr. E. Schmidt<\/p><p class='pop_doc'><\/p><p class='pop_address'>T\u00f6ngesgasse 22, 60311 Frankfurt<\/p><p class='pop_tel'>Telefon: +49 (0)69-288377<\/p><p class='pop_fax'>Telefax: +49 (0)69-2979955<\/p><p class='pop_web'>Homepage: <a href='http:\/\/hno-hauptwache.de' target='_blank'>http:\/\/hno-hauptwache.de<\/a><\/p><p class='pop_mail'>E-Mail: info@hno-f.de<\/p><\/div><\/div><\/div><\/td><\/tr><tr><td class='dgpp_addr_city'>Frankfurt (Main)<\/td><td class='dgpp_addr_institution'>Praxis Dr. Wanda Cieslar-Rakus<\/td><td class='dgpp_addr_doc'>Dr. Wanda Cieslar-Rakus<\/td><td><a href='#de64'>Details<\/a><div id='de64' class='pop_overlay'><div class='pop_popup'><h2>Details<\/h2><a class='pop_close' href='#'>&times;<\/a><div class='pop_content'><p class='pop_institution'>Praxis Dr. Wanda Cieslar-Rakus<\/p><p class='pop_doc'>Dr. Wanda Cieslar-Rakus<\/p><p class='pop_address'>Eschersheimer Landstra\u00dfe 9, 60322 Frankfurt\/Main<\/p><p class='pop_tel'>Telefon: +49 (0)69-78800182<\/p><p class='pop_fax'>Telefax: <\/p><p class='pop_web'>Homepage: <a href='' target='_blank'><\/a><\/p><p class='pop_mail'>E-Mail: <\/p><\/div><\/div><\/div><\/td><\/tr><tr><td class='dgpp_addr_city'>Frankfurt (Main)<\/td><td class='dgpp_addr_institution'>Universit\u00e4tsklinikum Frankfurt am Main - Abteilung f\u00fcr Phoniatrie und P\u00e4daudiologie<\/td><td class='dgpp_addr_doc'>Dr. S. Kramer<\/td><td><a href='#de63'>Details<\/a><div id='de63' class='pop_overlay'><div class='pop_popup'><h2>Details<\/h2><a class='pop_close' href='#'>&times;<\/a><div class='pop_content'><p class='pop_institution'>Universit\u00e4tsklinikum Frankfurt am Main - Abteilung f\u00fcr Phoniatrie und P\u00e4daudiologie<\/p><p class='pop_doc'>Dr. S. Kramer<\/p><p class='pop_address'>Theodor-Stern-Kai 7, 60596 Frankfurt am Main<\/p><p class='pop_tel'>Telefon: +49 (0)69 \/ 6301-5775<\/p><p class='pop_fax'>Telefax: +49 (0)69 \/ 6301-5002<\/p><p class='pop_web'>Homepage: <a href='http:\/\/www.kgu.de' target='_blank'>http:\/\/www.kgu.de<\/a><\/p><p class='pop_mail'>E-Mail: anmeldung.phoniatrie@kgu.de<\/p><\/div><\/div><\/div><\/td><\/tr><tr><td class='dgpp_addr_city'>Frankfurt (Oder)<\/td><td class='dgpp_addr_institution'>Klinikum Frankfurt (Oder)<\/td><td class='dgpp_addr_doc'>Dr. Helmut Fraatz<\/td><td><a href='#de62'>Details<\/a><div id='de62' class='pop_overlay'><div class='pop_popup'><h2>Details<\/h2><a class='pop_close' href='#'>&times;<\/a><div class='pop_content'><p class='pop_institution'>Klinikum Frankfurt (Oder)<\/p><p class='pop_doc'>Dr. Helmut Fraatz<\/p><p class='pop_address'>M\u00fcllroser Chaussee 7, 15236 Frankfurt (Oder)<\/p><p class='pop_tel'>Telefon: <\/p><p class='pop_fax'>Telefax: <\/p><p class='pop_web'>Homepage: <a href='' target='_blank'><\/a><\/p><p class='pop_mail'>E-Mail: <\/p><\/div><\/div><\/div><\/td><\/tr><tr><td class='dgpp_addr_city'>Freiburg<\/td><td class='dgpp_addr_institution'>Praxis Dr. Ilse-Monica Kohlberger<\/td><td class='dgpp_addr_doc'>Dr. Ilse-Monica Kohlberger<\/td><td><a href='#de68'>Details<\/a><div id='de68' class='pop_overlay'><div class='pop_popup'><h2>Details<\/h2><a class='pop_close' href='#'>&times;<\/a><div class='pop_content'><p class='pop_institution'>Praxis Dr. Ilse-Monica Kohlberger<\/p><p class='pop_doc'>Dr. Ilse-Monica Kohlberger<\/p><p class='pop_address'>Kaiser-Josephstr. 248, 79098 Freiburg<\/p><p class='pop_tel'>Telefon: +49 (0)761 - 296 34 51<\/p><p class='pop_fax'>Telefax: +49 (0)761 - 296 34 59<\/p><p class='pop_web'>Homepage: <a href='http:\/\/www.wahrnehmungsst\u00f6rungen-kohlberger.de' target='_blank'>http:\/\/www.wahrnehmungsst\u00f6rungen-kohlberger.de<\/a><\/p><p class='pop_mail'>E-Mail: dr.kohlberger@praxisgemeinschft-martinstor.de<\/p><\/div><\/div><\/div><\/td><\/tr><tr><td class='dgpp_addr_city'>Freiburg<\/td><td class='dgpp_addr_institution'>Universit\u00e4tsklinikum Freiburg - Sektion Phoniatrie und P\u00e4daudiologie der Univ.-HNO-Klinik<\/td><td class='dgpp_addr_doc'>Univ.-Prof. Dr. Erwin L\u00f6hle<\/td><td><a href='#de67'>Details<\/a><div id='de67' class='pop_overlay'><div class='pop_popup'><h2>Details<\/h2><a class='pop_close' href='#'>&times;<\/a><div class='pop_content'><p class='pop_institution'>Universit\u00e4tsklinikum Freiburg - Sektion Phoniatrie und P\u00e4daudiologie der Univ.-HNO-Klinik<\/p><p class='pop_doc'>Univ.-Prof. Dr. Erwin L\u00f6hle<\/p><p class='pop_address'><\/p><p class='pop_tel'>Telefon: +49 (0)761 \/ 270-42530<\/p><p class='pop_fax'>Telefax: +49 (0)761 \/ 270-41930<\/p><p class='pop_web'>Homepage: <a href='http:\/\/www.uniklinik-freiburg.de\/phoniatrie' target='_blank'>http:\/\/www.uniklinik-freiburg.de\/phoniatrie<\/a><\/p><p class='pop_mail'>E-Mail: <\/p><\/div><\/div><\/div><\/td><\/tr><tr><td class='dgpp_addr_city'>F\u00fcrth<\/td><td class='dgpp_addr_institution'>Praxis Dr. Friedrun Schell<\/td><td class='dgpp_addr_doc'>Dr. Friedrun Schell<\/td><td><a href='#de69'>Details<\/a><div id='de69' class='pop_overlay'><div class='pop_popup'><h2>Details<\/h2><a class='pop_close' href='#'>&times;<\/a><div class='pop_content'><p class='pop_institution'>Praxis Dr. Friedrun Schell<\/p><p class='pop_doc'>Dr. Friedrun Schell<\/p><p class='pop_address'>K\u00f6nigstr. 137, 90672 F\u00fcrth<\/p><p class='pop_tel'>Telefon: <\/p><p class='pop_fax'>Telefax: <\/p><p class='pop_web'>Homepage: <a href='' target='_blank'><\/a><\/p><p class='pop_mail'>E-Mail: <\/p><\/div><\/div><\/div><\/td><\/tr><tr><td class='dgpp_addr_city'>Gera<\/td><td class='dgpp_addr_institution'>SRH Wald-Klinikum Gera, Klinik f\u00fcr HNO\/Plastische Operationen<\/td><td class='dgpp_addr_doc'>Dr. med. Ahmed Nasr<\/td><td><a href='#de180'>Details<\/a><div id='de180' class='pop_overlay'><div class='pop_popup'><h2>Details<\/h2><a class='pop_close' href='#'>&times;<\/a><div class='pop_content'><p class='pop_institution'>SRH Wald-Klinikum Gera, Klinik f\u00fcr HNO\/Plastische Operationen<\/p><p class='pop_doc'>Dr. med. Ahmed Nasr<\/p><p class='pop_address'>Stra\u00dfe des Friedens 122, 07548 Gera<\/p><p class='pop_tel'>Telefon: 0365 828-2676<\/p><p class='pop_fax'>Telefax: 0365 828-2695<\/p><p class='pop_web'>Homepage: <a href='http:\/\/www.srh.de' target='_blank'>http:\/\/www.srh.de<\/a><\/p><p class='pop_mail'>E-Mail: ahmed.nasr@srh.de<\/p><\/div><\/div><\/div><\/td><\/tr><tr><td class='dgpp_addr_city'>Gie\u00dfen<\/td><td class='dgpp_addr_institution'>Gemeinschaftspraxis Dr. Christian Wachsmuth<\/td><td class='dgpp_addr_doc'>Dr. Christian Wachsmuth<\/td><td><a href='#de70'>Details<\/a><div id='de70' class='pop_overlay'><div class='pop_popup'><h2>Details<\/h2><a class='pop_close' href='#'>&times;<\/a><div class='pop_content'><p class='pop_institution'>Gemeinschaftspraxis Dr. Christian Wachsmuth<\/p><p class='pop_doc'>Dr. Christian Wachsmuth<\/p><p class='pop_address'>Marktlaubenstr. 9, 35390 Gie\u00dfen<\/p><p class='pop_tel'>Telefon: +49 (0)641-34032<\/p><p class='pop_fax'>Telefax: +49 (0)641-3010960<\/p><p class='pop_web'>Homepage: <a href='http:\/\/www.hnogiessen.de' target='_blank'>http:\/\/www.hnogiessen.de<\/a><\/p><p class='pop_mail'>E-Mail: hno-giessen@gmx.de<\/p><\/div><\/div><\/div><\/td><\/tr><tr><td class='dgpp_addr_city'>G\u00f6rlitz<\/td><td class='dgpp_addr_institution'>Praxis Dr. Brigitte Fleischer<\/td><td class='dgpp_addr_doc'>Dr. Brigitte Fleischer<\/td><td><a href='#de71'>Details<\/a><div id='de71' class='pop_overlay'><div class='pop_popup'><h2>Details<\/h2><a class='pop_close' href='#'>&times;<\/a><div class='pop_content'><p class='pop_institution'>Praxis Dr. Brigitte Fleischer<\/p><p class='pop_doc'>Dr. Brigitte Fleischer<\/p><p class='pop_address'>Landeskronstr. 57, 02826 G\u00f6rlitz<\/p><p class='pop_tel'>Telefon: <\/p><p class='pop_fax'>Telefax: <\/p><p class='pop_web'>Homepage: <a href='' target='_blank'><\/a><\/p><p class='pop_mail'>E-Mail: <\/p><\/div><\/div><\/div><\/td><\/tr><tr><td class='dgpp_addr_city'>Goslar<\/td><td class='dgpp_addr_institution'>Praxis f\u00fcr HNO-Heilkunde, Phoniatrie und P\u00e4daudiologie<\/td><td class='dgpp_addr_doc'>Dr. med. Stefan Leopold<\/td><td><a href='#de189'>Details<\/a><div id='de189' class='pop_overlay'><div class='pop_popup'><h2>Details<\/h2><a class='pop_close' href='#'>&times;<\/a><div class='pop_content'><p class='pop_institution'>Praxis f\u00fcr HNO-Heilkunde, Phoniatrie und P\u00e4daudiologie<\/p><p class='pop_doc'>Dr. med. Stefan Leopold<\/p><p class='pop_address'>Rosentorstra\u00dfe 13, 38640 Goslar<\/p><p class='pop_tel'>Telefon: +49 (0)5321 22306<\/p><p class='pop_fax'>Telefax: <\/p><p class='pop_web'>Homepage: <a href='http:\/\/www.hno-leopold.de' target='_blank'>http:\/\/www.hno-leopold.de<\/a><\/p><p class='pop_mail'>E-Mail: praxis@hno-leopold.de<\/p><\/div><\/div><\/div><\/td><\/tr><tr><td class='dgpp_addr_city'>G\u00f6ttingen<\/td><td class='dgpp_addr_institution'>HNO-Praxis Dr. J. Uffenorde und Koll.<\/td><td class='dgpp_addr_doc'>Prof. Dr. Eberhard Kruse<\/td><td><a href='#de73'>Details<\/a><div id='de73' class='pop_overlay'><div class='pop_popup'><h2>Details<\/h2><a class='pop_close' href='#'>&times;<\/a><div class='pop_content'><p class='pop_institution'>HNO-Praxis Dr. J. Uffenorde und Koll.<\/p><p class='pop_doc'>Prof. Dr. Eberhard Kruse<\/p><p class='pop_address'>Waldweg 1, 37073 G\u00f6ttingen<\/p><p class='pop_tel'>Telefon: +49 (0)551-484 488<\/p><p class='pop_fax'>Telefax: <\/p><p class='pop_web'>Homepage: <a href='http:\/\/www.uffenorde.de' target='_blank'>http:\/\/www.uffenorde.de<\/a><\/p><p class='pop_mail'>E-Mail: <\/p><\/div><\/div><\/div><\/td><\/tr><tr><td class='dgpp_addr_city'>G\u00f6ttingen<\/td><td class='dgpp_addr_institution'>Praxis Dr. Michael J\u00e4kel<\/td><td class='dgpp_addr_doc'>Dr. Michael J\u00e4kel<\/td><td><a href='#de72'>Details<\/a><div id='de72' class='pop_overlay'><div class='pop_popup'><h2>Details<\/h2><a class='pop_close' href='#'>&times;<\/a><div class='pop_content'><p class='pop_institution'>Praxis Dr. Michael J\u00e4kel<\/p><p class='pop_doc'>Dr. Michael J\u00e4kel<\/p><p class='pop_address'>Goetheallee 3, 37073 G\u00f6ttingen<\/p><p class='pop_tel'>Telefon: <\/p><p class='pop_fax'>Telefax: <\/p><p class='pop_web'>Homepage: <a href='' target='_blank'><\/a><\/p><p class='pop_mail'>E-Mail: <\/p><\/div><\/div><\/div><\/td><\/tr><tr><td class='dgpp_addr_city'>G\u00f6ttingen<\/td><td class='dgpp_addr_institution'>Universit\u00e4tsmedizin G\u00f6ttingen - Abteilung f\u00fcr Phoniatrie und P\u00e4daudiologie<\/td><td class='dgpp_addr_doc'>PD Dr. Arno Olthoff<\/td><td><a href='#de74'>Details<\/a><div id='de74' class='pop_overlay'><div class='pop_popup'><h2>Details<\/h2><a class='pop_close' href='#'>&times;<\/a><div class='pop_content'><p class='pop_institution'>Universit\u00e4tsmedizin G\u00f6ttingen - Abteilung f\u00fcr Phoniatrie und P\u00e4daudiologie<\/p><p class='pop_doc'>PD Dr. Arno Olthoff<\/p><p class='pop_address'> Robert-Koch-Str. 40, 37075 G\u00f6ttingen<\/p><p class='pop_tel'>Telefon: +49 (0)551\/39-22811<\/p><p class='pop_fax'>Telefax: +49 (0)551\/39-22812<\/p><p class='pop_web'>Homepage: <a href='http:\/\/www.hno.med.uni-goettingen.de\/HNO_Phoniatrie_Paedaudiologie.html' target='_blank'>http:\/\/www.hno.med.uni-goettingen.de\/HNO_Phoniatrie_Paedaudiologie.html<\/a><\/p><p class='pop_mail'>E-Mail: <\/p><\/div><\/div><\/div><\/td><\/tr><tr><td class='dgpp_addr_city'>Greifswald<\/td><td class='dgpp_addr_institution'>Universit\u00e4tsmedizin Greifswald, Univ.-HNO-Klinik<\/td><td class='dgpp_addr_doc'><\/td><td><a href='#de75'>Details<\/a><div id='de75' class='pop_overlay'><div class='pop_popup'><h2>Details<\/h2><a class='pop_close' href='#'>&times;<\/a><div class='pop_content'><p class='pop_institution'>Universit\u00e4tsmedizin Greifswald, Univ.-HNO-Klinik<\/p><p class='pop_doc'><\/p><p class='pop_address'>Walther-Rathenau-Stra\u00dfe 43 - 45, 17475 Greifswald<\/p><p class='pop_tel'>Telefon: <\/p><p class='pop_fax'>Telefax: <\/p><p class='pop_web'>Homepage: <a href='http:\/\/medizin.uni-greifswald.de\/hno' target='_blank'>http:\/\/medizin.uni-greifswald.de\/hno<\/a><\/p><p class='pop_mail'>E-Mail: <\/p><\/div><\/div><\/div><\/td><\/tr><tr><td class='dgpp_addr_city'>Hagen\/Westf.<\/td><td class='dgpp_addr_institution'>St.-Marien-Hospital - Abteilung Phoniatrie und P\u00e4daudiologie<\/td><td class='dgpp_addr_doc'>Dr. Simona Valentina Cantemir<\/td><td><a href='#de76'>Details<\/a><div id='de76' class='pop_overlay'><div class='pop_popup'><h2>Details<\/h2><a class='pop_close' href='#'>&times;<\/a><div class='pop_content'><p class='pop_institution'>St.-Marien-Hospital - Abteilung Phoniatrie und P\u00e4daudiologie<\/p><p class='pop_doc'>Dr. Simona Valentina Cantemir<\/p><p class='pop_address'>Bergstr. 56, 58095 Hagen<\/p><p class='pop_tel'>Telefon: <\/p><p class='pop_fax'>Telefax: <\/p><p class='pop_web'>Homepage: <a href='' target='_blank'><\/a><\/p><p class='pop_mail'>E-Mail: <\/p><\/div><\/div><\/div><\/td><\/tr><tr><td class='dgpp_addr_city'>Halle\/Saale<\/td><td class='dgpp_addr_institution'>Universit\u00e4t Halle-Wittenberg - Sektion Phoniatrie und P\u00e4daudiologie<\/td><td class='dgpp_addr_doc'><\/td><td><a href='#de77'>Details<\/a><div id='de77' class='pop_overlay'><div class='pop_popup'><h2>Details<\/h2><a class='pop_close' href='#'>&times;<\/a><div class='pop_content'><p class='pop_institution'>Universit\u00e4t Halle-Wittenberg - Sektion Phoniatrie und P\u00e4daudiologie<\/p><p class='pop_doc'><\/p><p class='pop_address'>Magdeburger Str. 12, 06097 Halle<\/p><p class='pop_tel'>Telefon: <\/p><p class='pop_fax'>Telefax: <\/p><p class='pop_web'>Homepage: <a href='' target='_blank'><\/a><\/p><p class='pop_mail'>E-Mail: <\/p><\/div><\/div><\/div><\/td><\/tr><tr><td class='dgpp_addr_city'>Hamburg<\/td><td class='dgpp_addr_institution'>Gemeinschaftspraxis Dr. Fischer\/Dr. Schneider<\/td><td class='dgpp_addr_doc'><\/td><td><a href='#de80'>Details<\/a><div id='de80' class='pop_overlay'><div class='pop_popup'><h2>Details<\/h2><a class='pop_close' href='#'>&times;<\/a><div class='pop_content'><p class='pop_institution'>Gemeinschaftspraxis Dr. Fischer\/Dr. Schneider<\/p><p class='pop_doc'><\/p><p class='pop_address'>Zum Markt 1, 22459 Hamburg<\/p><p class='pop_tel'>Telefon: +49 (0)40 585 888<\/p><p class='pop_fax'>Telefax: <\/p><p class='pop_web'>Homepage: <a href='' target='_blank'><\/a><\/p><p class='pop_mail'>E-Mail: <\/p><\/div><\/div><\/div><\/td><\/tr><tr><td class='dgpp_addr_city'>Hamburg<\/td><td class='dgpp_addr_institution'>Gemeinschaftspraxis Dr. Rohlfs und Mohr<\/td><td class='dgpp_addr_doc'><\/td><td><a href='#de81'>Details<\/a><div id='de81' class='pop_overlay'><div class='pop_popup'><h2>Details<\/h2><a class='pop_close' href='#'>&times;<\/a><div class='pop_content'><p class='pop_institution'>Gemeinschaftspraxis Dr. Rohlfs und Mohr<\/p><p class='pop_doc'><\/p><p class='pop_address'>Eppendorfer Baum 3, 20249 Hamburg<\/p><p class='pop_tel'>Telefon: +49 (0)40 483 550<\/p><p class='pop_fax'>Telefax: +49 (0)40 4677-6054<\/p><p class='pop_web'>Homepage: <a href='http:\/\/www.hno-klosterstern.de' target='_blank'>http:\/\/www.hno-klosterstern.de<\/a><\/p><p class='pop_mail'>E-Mail: info@hno-klosterstern.de<\/p><\/div><\/div><\/div><\/td><\/tr><tr><td class='dgpp_addr_city'>Hamburg<\/td><td class='dgpp_addr_institution'>Gemeinschaftspraxis Swiridoff-Malligsen-Malligsen<\/td><td class='dgpp_addr_doc'><\/td><td><a href='#de83'>Details<\/a><div id='de83' class='pop_overlay'><div class='pop_popup'><h2>Details<\/h2><a class='pop_close' href='#'>&times;<\/a><div class='pop_content'><p class='pop_institution'>Gemeinschaftspraxis Swiridoff-Malligsen-Malligsen<\/p><p class='pop_doc'><\/p><p class='pop_address'>Pestalozzistr. 24, 22305 Hamburg<\/p><p class='pop_tel'>Telefon: +49 (0)40 6970-700<\/p><p class='pop_fax'>Telefax: +49 (0)40 6970-7022<\/p><p class='pop_web'>Homepage: <a href='http:\/\/www.hno-praxis-barmbek.de' target='_blank'>http:\/\/www.hno-praxis-barmbek.de<\/a><\/p><p class='pop_mail'>E-Mail: info@hno-praxis-barmbek.de<\/p><\/div><\/div><\/div><\/td><\/tr><tr><td class='dgpp_addr_city'>Hamburg<\/td><td class='dgpp_addr_institution'>MEDICAL VOICE CENTER<\/td><td class='dgpp_addr_doc'><\/td><td><a href='#de79'>Details<\/a><div id='de79' class='pop_overlay'><div class='pop_popup'><h2>Details<\/h2><a class='pop_close' href='#'>&times;<\/a><div class='pop_content'><p class='pop_institution'>MEDICAL VOICE CENTER<\/p><p class='pop_doc'><\/p><p class='pop_address'>Martinistra\u00dfe 64, D-20251 Hamburg<\/p><p class='pop_tel'>Telefon: +49 (0)40 513 13 007<\/p><p class='pop_fax'>Telefax: + 49 (0)40 51313009<\/p><p class='pop_web'>Homepage: <a href='https:\/\/mevoc.de' target='_blank'>https:\/\/mevoc.de<\/a><\/p><p class='pop_mail'>E-Mail: contact@mevoc.de<\/p><\/div><\/div><\/div><\/td><\/tr><tr><td class='dgpp_addr_city'>Hamburg<\/td><td class='dgpp_addr_institution'>Praxis Dr. Roskothen<\/td><td class='dgpp_addr_doc'>Dr. Roskothen<\/td><td><a href='#de82'>Details<\/a><div id='de82' class='pop_overlay'><div class='pop_popup'><h2>Details<\/h2><a class='pop_close' href='#'>&times;<\/a><div class='pop_content'><p class='pop_institution'>Praxis Dr. Roskothen<\/p><p class='pop_doc'>Dr. Roskothen<\/p><p class='pop_address'>Erdkampsweg 55, 22335 Hamburg<\/p><p class='pop_tel'>Telefon: +49 (0)40 597 072<\/p><p class='pop_fax'>Telefax: +49 (0)40 593 600 18<\/p><p class='pop_web'>Homepage: <a href='http:\/\/www.hno-alstertal.de' target='_blank'>http:\/\/www.hno-alstertal.de<\/a><\/p><p class='pop_mail'>E-Mail: fuhlsbuettel@hno-alstertal.de<\/p><\/div><\/div><\/div><\/td><\/tr><tr><td class='dgpp_addr_city'>Hamburg<\/td><td class='dgpp_addr_institution'>Praxis Dr. von Waldersee<\/td><td class='dgpp_addr_doc'>Dr. von Waldersee<\/td><td><a href='#de84'>Details<\/a><div id='de84' class='pop_overlay'><div class='pop_popup'><h2>Details<\/h2><a class='pop_close' href='#'>&times;<\/a><div class='pop_content'><p class='pop_institution'>Praxis Dr. von Waldersee<\/p><p class='pop_doc'>Dr. von Waldersee<\/p><p class='pop_address'>Jungfernstieg 48, 20354 Hamburg<\/p><p class='pop_tel'>Telefon: +49 (0)40 3571-4840<\/p><p class='pop_fax'>Telefax: +49 (0)40 3501-9929<\/p><p class='pop_web'>Homepage: <a href='' target='_blank'><\/a><\/p><p class='pop_mail'>E-Mail: phon.waldersee@googlemail.com<\/p><\/div><\/div><\/div><\/td><\/tr><tr><td class='dgpp_addr_city'>Hamburg<\/td><td class='dgpp_addr_institution'>Universit\u00e4tsklinik Hamburg-Eppendorf  -  Klinik und Poliklinik f\u00fcr H\u00f6r-, Stimm- und Sprachheilkunde<\/td><td class='dgpp_addr_doc'>PD Dr. med. Christina Pflug<\/td><td><a href='#de78'>Details<\/a><div id='de78' class='pop_overlay'><div class='pop_popup'><h2>Details<\/h2><a class='pop_close' href='#'>&times;<\/a><div class='pop_content'><p class='pop_institution'>Universit\u00e4tsklinik Hamburg-Eppendorf  -  Klinik und Poliklinik f\u00fcr H\u00f6r-, Stimm- und Sprachheilkunde<\/p><p class='pop_doc'>PD Dr. med. Christina Pflug<\/p><p class='pop_address'><\/p><p class='pop_tel'>Telefon: +49 (0)40 7410-59340<\/p><p class='pop_fax'>Telefax: +49 (0)40 7410-46814<\/p><p class='pop_web'>Homepage: <a href='http:\/\/www.uke.de\/kliniken\/phoniatrie\/' target='_blank'>http:\/\/www.uke.de\/kliniken\/phoniatrie\/<\/a><\/p><p class='pop_mail'>E-Mail: phoniatrie@uke.de<\/p><\/div><\/div><\/div><\/td><\/tr><tr><td class='dgpp_addr_city'>Hamburg<\/td><td class='dgpp_addr_institution'>Werner-Otto-Institut gGmbH<\/td><td class='dgpp_addr_doc'>Dr. Thomas Wiesner<\/td><td><a href='#de85'>Details<\/a><div id='de85' class='pop_overlay'><div class='pop_popup'><h2>Details<\/h2><a class='pop_close' href='#'>&times;<\/a><div class='pop_content'><p class='pop_institution'>Werner-Otto-Institut gGmbH<\/p><p class='pop_doc'>Dr. Thomas Wiesner<\/p><p class='pop_address'>Bodelschwinghstr. 23, 22337 Hamburg<\/p><p class='pop_tel'>Telefon: +49 (0)40 5077-3116<\/p><p class='pop_fax'>Telefax: <\/p><p class='pop_web'>Homepage: <a href='http:\/\/www.werner-otto-institut.de' target='_blank'>http:\/\/www.werner-otto-institut.de<\/a><\/p><p class='pop_mail'>E-Mail: phon@werner-otto-institut.de<\/p><\/div><\/div><\/div><\/td><\/tr><tr><td class='dgpp_addr_city'>Hannover<\/td><td class='dgpp_addr_institution'>Medizinische Hochschule Hannover - Klinik und Poliklinik f\u00fcr Phoniatrie und P\u00e4daudiologie<\/td><td class='dgpp_addr_doc'><\/td><td><a href='#de86'>Details<\/a><div id='de86' class='pop_overlay'><div class='pop_popup'><h2>Details<\/h2><a class='pop_close' href='#'>&times;<\/a><div class='pop_content'><p class='pop_institution'>Medizinische Hochschule Hannover - Klinik und Poliklinik f\u00fcr Phoniatrie und P\u00e4daudiologie<\/p><p class='pop_doc'><\/p><p class='pop_address'><\/p><p class='pop_tel'>Telefon: <\/p><p class='pop_fax'>Telefax: <\/p><p class='pop_web'>Homepage: <a href='http:\/\/www.mh-hannover.de\/paedaud.html' target='_blank'>http:\/\/www.mh-hannover.de\/paedaud.html<\/a><\/p><p class='pop_mail'>E-Mail: <\/p><\/div><\/div><\/div><\/td><\/tr><tr><td class='dgpp_addr_city'>Hannover<\/td><td class='dgpp_addr_institution'>Praxis f\u00fcr P\u00e4daudiologie und Phoniatrie<\/td><td class='dgpp_addr_doc'>Dr. med. Corinna Bergmann<\/td><td><a href='#de185'>Details<\/a><div id='de185' class='pop_overlay'><div class='pop_popup'><h2>Details<\/h2><a class='pop_close' href='#'>&times;<\/a><div class='pop_content'><p class='pop_institution'>Praxis f\u00fcr P\u00e4daudiologie und Phoniatrie<\/p><p class='pop_doc'>Dr. med. Corinna Bergmann<\/p><p class='pop_address'>Lavesstr. 3a, 30159 Hannover<\/p><p class='pop_tel'>Telefon: +49 (0)511  88 0770<\/p><p class='pop_fax'>Telefax: +49 (0)511 88 3140<\/p><p class='pop_web'>Homepage: <a href='http:\/\/www.phoniatrie-bergmann.de' target='_blank'>http:\/\/www.phoniatrie-bergmann.de<\/a><\/p><p class='pop_mail'>E-Mail: info@phoniatrie-bergmann.de<\/p><\/div><\/div><\/div><\/td><\/tr><tr><td class='dgpp_addr_city'>Heidelberg<\/td><td class='dgpp_addr_institution'>Universit\u00e4tsklinikum Heidelberg - Hals-Nasen-Ohrenklinik, Phoniatrie und P\u00e4daudiologie<\/td><td class='dgpp_addr_doc'>Leiterin Frau Dr. med. Cornelia Hornberger<\/td><td><a href='#de87'>Details<\/a><div id='de87' class='pop_overlay'><div class='pop_popup'><h2>Details<\/h2><a class='pop_close' href='#'>&times;<\/a><div class='pop_content'><p class='pop_institution'>Universit\u00e4tsklinikum Heidelberg - Hals-Nasen-Ohrenklinik, Phoniatrie und P\u00e4daudiologie<\/p><p class='pop_doc'>Leiterin Frau Dr. med. Cornelia Hornberger<\/p><p class='pop_address'>Im Neuenheimer Feld 400 (Kopfklinik), D-69120 Heidelberg<\/p><p class='pop_tel'>Telefon: 06221 \/ 56 7238<\/p><p class='pop_fax'>Telefax: 06221\/ 56 7335<\/p><p class='pop_web'>Homepage: <a href='http:\/\/klinikum.uni-heidelberg.de\/' target='_blank'>http:\/\/klinikum.uni-heidelberg.de\/<\/a><\/p><p class='pop_mail'>E-Mail: <\/p><\/div><\/div><\/div><\/td><\/tr><tr><td class='dgpp_addr_city'>H\u00f6hr-Grenzhausen<\/td><td class='dgpp_addr_institution'>Praxis HNOplus<\/td><td class='dgpp_addr_doc'>Dr. Yvonne Stelzig<\/td><td><a href='#de181'>Details<\/a><div id='de181' class='pop_overlay'><div class='pop_popup'><h2>Details<\/h2><a class='pop_close' href='#'>&times;<\/a><div class='pop_content'><p class='pop_institution'>Praxis HNOplus<\/p><p class='pop_doc'>Dr. Yvonne Stelzig<\/p><p class='pop_address'>Bergstr. 63a, 56203 H\u00f6hr-Grenzhausen<\/p><p class='pop_tel'>Telefon:  +49 (0)2624 9219120<\/p><p class='pop_fax'>Telefax: <\/p><p class='pop_web'>Homepage: <a href='https:\/\/www.hnoplus.eu\/' target='_blank'>https:\/\/www.hnoplus.eu\/<\/a><\/p><p class='pop_mail'>E-Mail: <\/p><\/div><\/div><\/div><\/td><\/tr><tr><td class='dgpp_addr_city'>Holzkirchen<\/td><td class='dgpp_addr_institution'>Praxis Dr. Birgit\/E.Pascher-Mankiewicz<\/td><td class='dgpp_addr_doc'><\/td><td><a href='#de88'>Details<\/a><div id='de88' class='pop_overlay'><div class='pop_popup'><h2>Details<\/h2><a class='pop_close' href='#'>&times;<\/a><div class='pop_content'><p class='pop_institution'>Praxis Dr. Birgit\/E.Pascher-Mankiewicz<\/p><p class='pop_doc'><\/p><p class='pop_address'>T\u00f6lzerstr. 14, 83607 Holzkirchen<\/p><p class='pop_tel'>Telefon: <\/p><p class='pop_fax'>Telefax: <\/p><p class='pop_web'>Homepage: <a href='' target='_blank'><\/a><\/p><p class='pop_mail'>E-Mail: <\/p><\/div><\/div><\/div><\/td><\/tr><tr><td class='dgpp_addr_city'>Homburg\/Saar<\/td><td class='dgpp_addr_institution'>Univ.-HNO-Klinik, Abteilung f\u00fcr Phoniatrie und P\u00e4daudiologie<\/td><td class='dgpp_addr_doc'>Leitung Dr. Carl-Albert Bader<\/td><td><a href='#de89'>Details<\/a><div id='de89' class='pop_overlay'><div class='pop_popup'><h2>Details<\/h2><a class='pop_close' href='#'>&times;<\/a><div class='pop_content'><p class='pop_institution'>Univ.-HNO-Klinik, Abteilung f\u00fcr Phoniatrie und P\u00e4daudiologie<\/p><p class='pop_doc'>Leitung Dr. Carl-Albert Bader<\/p><p class='pop_address'>Kirrbergerstr., D-66421 Homburg\/Saar<\/p><p class='pop_tel'>Telefon: +49 6841 1622900<\/p><p class='pop_fax'>Telefax: <\/p><p class='pop_web'>Homepage: <a href='' target='_blank'><\/a><\/p><p class='pop_mail'>E-Mail: <\/p><\/div><\/div><\/div><\/td><\/tr><tr><td class='dgpp_addr_city'>Jena<\/td><td class='dgpp_addr_institution'>Universit\u00e4t - Institut f\u00fcr Phoniatrie und P\u00e4daudiologie<\/td><td class='dgpp_addr_doc'><\/td><td><a href='#de90'>Details<\/a><div id='de90' class='pop_overlay'><div class='pop_popup'><h2>Details<\/h2><a class='pop_close' href='#'>&times;<\/a><div class='pop_content'><p class='pop_institution'>Universit\u00e4t - Institut f\u00fcr Phoniatrie und P\u00e4daudiologie<\/p><p class='pop_doc'><\/p><p class='pop_address'><\/p><p class='pop_tel'>Telefon: <\/p><p class='pop_fax'>Telefax: <\/p><p class='pop_web'>Homepage: <a href='http:\/\/www.uni-jena.de\/' target='_blank'>http:\/\/www.uni-jena.de\/<\/a><\/p><p class='pop_mail'>E-Mail: <\/p><\/div><\/div><\/div><\/td><\/tr><tr><td class='dgpp_addr_city'>Kaiserslautern<\/td><td class='dgpp_addr_institution'>Praxis PD Dr. Wolfgang Delb<\/td><td class='dgpp_addr_doc'>PD Dr. Wolfgang Delb<\/td><td><a href='#de91'>Details<\/a><div id='de91' class='pop_overlay'><div class='pop_popup'><h2>Details<\/h2><a class='pop_close' href='#'>&times;<\/a><div class='pop_content'><p class='pop_institution'>Praxis PD Dr. Wolfgang Delb<\/p><p class='pop_doc'>PD Dr. Wolfgang Delb<\/p><p class='pop_address'>St. Marienplatz 12, 67655 Kaiserslautern<\/p><p class='pop_tel'>Telefon: +49 631 92725<\/p><p class='pop_fax'>Telefax: <\/p><p class='pop_web'>Homepage: <a href='http:\/\/www.hno-kaiserslautern.de' target='_blank'>http:\/\/www.hno-kaiserslautern.de<\/a><\/p><p class='pop_mail'>E-Mail: <\/p><\/div><\/div><\/div><\/td><\/tr><tr><td class='dgpp_addr_city'>Karlsruhe<\/td><td class='dgpp_addr_institution'>St\u00e4dt. Klinikum - Abteilung Phoniatrie und P\u00e4daudiologie<\/td><td class='dgpp_addr_doc'>Prof. Dr. med. Monika Tigges<\/td><td><a href='#de92'>Details<\/a><div id='de92' class='pop_overlay'><div class='pop_popup'><h2>Details<\/h2><a class='pop_close' href='#'>&times;<\/a><div class='pop_content'><p class='pop_institution'>St\u00e4dt. Klinikum - Abteilung Phoniatrie und P\u00e4daudiologie<\/p><p class='pop_doc'>Prof. Dr. med. Monika Tigges<\/p><p class='pop_address'>Moltkestr. 90, D-76133 Karlsruhe<\/p><p class='pop_tel'>Telefon: 0721-974 2530<\/p><p class='pop_fax'>Telefax: 0721-974 2509<\/p><p class='pop_web'>Homepage: <a href='http:\/\/klinikum-karlsruhe.de' target='_blank'>http:\/\/klinikum-karlsruhe.de<\/a><\/p><p class='pop_mail'>E-Mail: phoniatrie@klinikum-karlsruhe.de<\/p><\/div><\/div><\/div><\/td><\/tr><tr><td class='dgpp_addr_city'>Kassel<\/td><td class='dgpp_addr_institution'>Praxis Dr. Martin Koch<\/td><td class='dgpp_addr_doc'>Dr. Martin Koch<\/td><td><a href='#de93'>Details<\/a><div id='de93' class='pop_overlay'><div class='pop_popup'><h2>Details<\/h2><a class='pop_close' href='#'>&times;<\/a><div class='pop_content'><p class='pop_institution'>Praxis Dr. Martin Koch<\/p><p class='pop_doc'>Dr. Martin Koch<\/p><p class='pop_address'>Holl\u00e4ndische Str. 75, 34127 Kassel<\/p><p class='pop_tel'>Telefon: 0561-83736<\/p><p class='pop_fax'>Telefax: 0561-8205285<\/p><p class='pop_web'>Homepage: <a href='' target='_blank'><\/a><\/p><p class='pop_mail'>E-Mail: <\/p><\/div><\/div><\/div><\/td><\/tr><tr><td class='dgpp_addr_city'>Kaufbeuren<\/td><td class='dgpp_addr_institution'>Gemeinschaftspraxis f\u00fcr HNO-Heilkunde Dr. med. Jochen R\u00f6cken und Koll.<\/td><td class='dgpp_addr_doc'><\/td><td><a href='#de94'>Details<\/a><div id='de94' class='pop_overlay'><div class='pop_popup'><h2>Details<\/h2><a class='pop_close' href='#'>&times;<\/a><div class='pop_content'><p class='pop_institution'>Gemeinschaftspraxis f\u00fcr HNO-Heilkunde Dr. med. Jochen R\u00f6cken und Koll.<\/p><p class='pop_doc'><\/p><p class='pop_address'>Alte Weberei 2, 87600 Kaufbeuren<\/p><p class='pop_tel'>Telefon: 08341-2463<\/p><p class='pop_fax'>Telefax: <\/p><p class='pop_web'>Homepage: <a href='http:\/\/www.hno-kaufbeuren.de' target='_blank'>http:\/\/www.hno-kaufbeuren.de<\/a><\/p><p class='pop_mail'>E-Mail: <\/p><\/div><\/div><\/div><\/td><\/tr><tr><td class='dgpp_addr_city'>Kempten<\/td><td class='dgpp_addr_institution'>Praxis Dr. J\u00fcrgen Sieron<\/td><td class='dgpp_addr_doc'>Dr. J\u00fcrgen Sieron<\/td><td><a href='#de95'>Details<\/a><div id='de95' class='pop_overlay'><div class='pop_popup'><h2>Details<\/h2><a class='pop_close' href='#'>&times;<\/a><div class='pop_content'><p class='pop_institution'>Praxis Dr. J\u00fcrgen Sieron<\/p><p class='pop_doc'>Dr. J\u00fcrgen Sieron<\/p><p class='pop_address'>Am Stadtpark 4, D-87435 Kempten<\/p><p class='pop_tel'>Telefon: +49-(0)831-5402170<\/p><p class='pop_fax'>Telefax: +49-(0)831-5402171<\/p><p class='pop_web'>Homepage: <a href='' target='_blank'><\/a><\/p><p class='pop_mail'>E-Mail: <\/p><\/div><\/div><\/div><\/td><\/tr><tr><td class='dgpp_addr_city'>Kiel<\/td><td class='dgpp_addr_institution'>Praxis Dr. Jan Baade<\/td><td class='dgpp_addr_doc'>Dr. Jan Baade<\/td><td><a href='#de96'>Details<\/a><div id='de96' class='pop_overlay'><div class='pop_popup'><h2>Details<\/h2><a class='pop_close' href='#'>&times;<\/a><div class='pop_content'><p class='pop_institution'>Praxis Dr. Jan Baade<\/p><p class='pop_doc'>Dr. Jan Baade<\/p><p class='pop_address'>Alter Markt 11, 24103 Kiel<\/p><p class='pop_tel'>Telefon: 0431 2371980<\/p><p class='pop_fax'>Telefax: 0431-2371982<\/p><p class='pop_web'>Homepage: <a href='' target='_blank'><\/a><\/p><p class='pop_mail'>E-Mail: dr.baade@freenet.de<\/p><\/div><\/div><\/div><\/td><\/tr><tr><td class='dgpp_addr_city'>Klingenberg<\/td><td class='dgpp_addr_institution'>Praxis Dr. Sigrun Imh\u00e4user<\/td><td class='dgpp_addr_doc'>Dr. Sigrun Imh\u00e4user<\/td><td><a href='#de97'>Details<\/a><div id='de97' class='pop_overlay'><div class='pop_popup'><h2>Details<\/h2><a class='pop_close' href='#'>&times;<\/a><div class='pop_content'><p class='pop_institution'>Praxis Dr. Sigrun Imh\u00e4user<\/p><p class='pop_doc'>Dr. Sigrun Imh\u00e4user<\/p><p class='pop_address'>Hofstr. 13, 63911 Klingenberg<\/p><p class='pop_tel'>Telefon: <\/p><p class='pop_fax'>Telefax: <\/p><p class='pop_web'>Homepage: <a href='' target='_blank'><\/a><\/p><p class='pop_mail'>E-Mail: <\/p><\/div><\/div><\/div><\/td><\/tr><tr><td class='dgpp_addr_city'>Koblenz<\/td><td class='dgpp_addr_institution'>Krankenhaus Marienhof - Abteilung Phoniatrie und P\u00e4daudiologie<\/td><td class='dgpp_addr_doc'><\/td><td><a href='#de98'>Details<\/a><div id='de98' class='pop_overlay'><div class='pop_popup'><h2>Details<\/h2><a class='pop_close' href='#'>&times;<\/a><div class='pop_content'><p class='pop_institution'>Krankenhaus Marienhof - Abteilung Phoniatrie und P\u00e4daudiologie<\/p><p class='pop_doc'><\/p><p class='pop_address'><\/p><p class='pop_tel'>Telefon: <\/p><p class='pop_fax'>Telefax: <\/p><p class='pop_web'>Homepage: <a href='' target='_blank'><\/a><\/p><p class='pop_mail'>E-Mail: <\/p><\/div><\/div><\/div><\/td><\/tr><tr><td class='dgpp_addr_city'>K\u00f6ln<\/td><td class='dgpp_addr_institution'>HNO-Gemeinschaftspraxis Dr. Zink\/Betten\/R\u00f6seler\/Lemke<\/td><td class='dgpp_addr_doc'>Dr. Jan-Henning Lemke<\/td><td><a href='#de100'>Details<\/a><div id='de100' class='pop_overlay'><div class='pop_popup'><h2>Details<\/h2><a class='pop_close' href='#'>&times;<\/a><div class='pop_content'><p class='pop_institution'>HNO-Gemeinschaftspraxis Dr. Zink\/Betten\/R\u00f6seler\/Lemke<\/p><p class='pop_doc'>Dr. Jan-Henning Lemke<\/p><p class='pop_address'>Chlodwigplatz 1, D-50678 K\u00f6ln<\/p><p class='pop_tel'>Telefon: 0221-314500<\/p><p class='pop_fax'>Telefax: 0221-321640<\/p><p class='pop_web'>Homepage: <a href='http:\/\/www.hnocologne.de' target='_blank'>http:\/\/www.hnocologne.de<\/a><\/p><p class='pop_mail'>E-Mail: <\/p><\/div><\/div><\/div><\/td><\/tr><tr><td class='dgpp_addr_city'>K\u00f6ln<\/td><td class='dgpp_addr_institution'>Phoniatrie und P\u00e4daudiologie an der Klinik und Poliklinik f\u00fcr Hals-Nasen-Ohrenheilkunde des Universit\u00e4tsklinikums K\u00f6ln<\/td><td class='dgpp_addr_doc'>Dr. med. Ruth Lang-Roth<\/td><td><a href='#de99'>Details<\/a><div id='de99' class='pop_overlay'><div class='pop_popup'><h2>Details<\/h2><a class='pop_close' href='#'>&times;<\/a><div class='pop_content'><p class='pop_institution'>Phoniatrie und P\u00e4daudiologie an der Klinik und Poliklinik f\u00fcr Hals-Nasen-Ohrenheilkunde des Universit\u00e4tsklinikums K\u00f6ln<\/p><p class='pop_doc'>Dr. med. Ruth Lang-Roth<\/p><p class='pop_address'>Joseph-Stelzmann-Stra\u00dfe 9, 50931 K\u00f6ln<\/p><p class='pop_tel'>Telefon: 0221-4784787<\/p><p class='pop_fax'>Telefax: <\/p><p class='pop_web'>Homepage: <a href='' target='_blank'><\/a><\/p><p class='pop_mail'>E-Mail: <\/p><\/div><\/div><\/div><\/td><\/tr><tr><td class='dgpp_addr_city'>K\u00f6ln<\/td><td class='dgpp_addr_institution'>Praxis Dr. Petra Scheer<\/td><td class='dgpp_addr_doc'>Dr. Petra Scheer \/ Dr. Stephan Wolter<\/td><td><a href='#de101'>Details<\/a><div id='de101' class='pop_overlay'><div class='pop_popup'><h2>Details<\/h2><a class='pop_close' href='#'>&times;<\/a><div class='pop_content'><p class='pop_institution'>Praxis Dr. Petra Scheer<\/p><p class='pop_doc'>Dr. Petra Scheer \/ Dr. Stephan Wolter<\/p><p class='pop_address'>Rambouxstr. 327, 50373 K\u00f6ln-Longerich<\/p><p class='pop_tel'>Telefon: 0221\/974 21 36<\/p><p class='pop_fax'>Telefax: 0221\/ 974 21 38<\/p><p class='pop_web'>Homepage: <a href='' target='_blank'><\/a><\/p><p class='pop_mail'>E-Mail: <\/p><\/div><\/div><\/div><\/td><\/tr><tr><td class='dgpp_addr_city'>Krefeld<\/td><td class='dgpp_addr_institution'>Klinikum - Abteilung Phoniatrie und P\u00e4daudiologie<\/td><td class='dgpp_addr_doc'>Dr. Jerzy Zabiega<\/td><td><a href='#de102'>Details<\/a><div id='de102' class='pop_overlay'><div class='pop_popup'><h2>Details<\/h2><a class='pop_close' href='#'>&times;<\/a><div class='pop_content'><p class='pop_institution'>Klinikum - Abteilung Phoniatrie und P\u00e4daudiologie<\/p><p class='pop_doc'>Dr. Jerzy Zabiega<\/p><p class='pop_address'>Lutherplatz 40, 47805 Krefeld<\/p><p class='pop_tel'>Telefon: <\/p><p class='pop_fax'>Telefax: <\/p><p class='pop_web'>Homepage: <a href='' target='_blank'><\/a><\/p><p class='pop_mail'>E-Mail: <\/p><\/div><\/div><\/div><\/td><\/tr><tr><td class='dgpp_addr_city'>Leer<\/td><td class='dgpp_addr_institution'>Praxis Dr. med. K. U. Jahn<\/td><td class='dgpp_addr_doc'>Dr. med. K. U. Jahn<\/td><td><a href='#de103'>Details<\/a><div id='de103' class='pop_overlay'><div class='pop_popup'><h2>Details<\/h2><a class='pop_close' href='#'>&times;<\/a><div class='pop_content'><p class='pop_institution'>Praxis Dr. med. K. U. Jahn<\/p><p class='pop_doc'>Dr. med. K. U. Jahn<\/p><p class='pop_address'>Groninger Stra\u00dfe 45E, D-26789 Leer (Ostfriesland)<\/p><p class='pop_tel'>Telefon: 0491\/97693366<\/p><p class='pop_fax'>Telefax: 0491\/97693377<\/p><p class='pop_web'>Homepage: <a href='http:\/\/paedaudiologie-leer.de' target='_blank'>http:\/\/paedaudiologie-leer.de<\/a><\/p><p class='pop_mail'>E-Mail: info@paedaudiologie-leer.de<\/p><\/div><\/div><\/div><\/td><\/tr><tr><td class='dgpp_addr_city'>Leipzig<\/td><td class='dgpp_addr_institution'>Medizinisches Versorgungszentrum des Universit\u00e4tsklinikums Leipzig<\/td><td class='dgpp_addr_doc'>Dr. med. Julia Klecker<\/td><td><a href='#de178'>Details<\/a><div id='de178' class='pop_overlay'><div class='pop_popup'><h2>Details<\/h2><a class='pop_close' href='#'>&times;<\/a><div class='pop_content'><p class='pop_institution'>Medizinisches Versorgungszentrum des Universit\u00e4tsklinikums Leipzig<\/p><p class='pop_doc'>Dr. med. Julia Klecker<\/p><p class='pop_address'>Br\u00fchl 33, 04109 Leipzig<\/p><p class='pop_tel'>Telefon: +49(0)341 988 988 66<\/p><p class='pop_fax'>Telefax: <\/p><p class='pop_web'>Homepage: <a href='https:\/\/nuwamed.de\/HNO-Heilkunde.13.0.html' target='_blank'>https:\/\/nuwamed.de\/HNO-Heilkunde.13.0.html<\/a><\/p><p class='pop_mail'>E-Mail: info@nuwamed.de<\/p><\/div><\/div><\/div><\/td><\/tr><tr><td class='dgpp_addr_city'>Leipzig<\/td><td class='dgpp_addr_institution'>Praxis Dr. med. Silke Heidemann<\/td><td class='dgpp_addr_doc'>Dr. med. Silke Heidemann<\/td><td><a href='#de105'>Details<\/a><div id='de105' class='pop_overlay'><div class='pop_popup'><h2>Details<\/h2><a class='pop_close' href='#'>&times;<\/a><div class='pop_content'><p class='pop_institution'>Praxis Dr. med. Silke Heidemann<\/p><p class='pop_doc'>Dr. med. Silke Heidemann<\/p><p class='pop_address'>Wittenberger Str. 38, 04129 Leipzig<\/p><p class='pop_tel'>Telefon: (0341) 9 12 27 44<\/p><p class='pop_fax'>Telefax: (0341) 9 01 67 59<\/p><p class='pop_web'>Homepage: <a href='http:\/\/www.hno-heidemann.de' target='_blank'>http:\/\/www.hno-heidemann.de<\/a><\/p><p class='pop_mail'>E-Mail: praxis@hno-heidemann.de<\/p><\/div><\/div><\/div><\/td><\/tr><tr><td class='dgpp_addr_city'>Leipzig<\/td><td class='dgpp_addr_institution'>Praxis Dr. med. Uta H\u00e4nsch<\/td><td class='dgpp_addr_doc'>Dr. med. Uta H\u00e4nsch<\/td><td><a href='#de104'>Details<\/a><div id='de104' class='pop_overlay'><div class='pop_popup'><h2>Details<\/h2><a class='pop_close' href='#'>&times;<\/a><div class='pop_content'><p class='pop_institution'>Praxis Dr. med. Uta H\u00e4nsch<\/p><p class='pop_doc'>Dr. med. Uta H\u00e4nsch<\/p><p class='pop_address'>Mockauer Str. 123, D-04357 Leipzig<\/p><p class='pop_tel'>Telefon: 0341\/6012681<\/p><p class='pop_fax'>Telefax: <\/p><p class='pop_web'>Homepage: <a href='' target='_blank'><\/a><\/p><p class='pop_mail'>E-Mail: dr.utahaensch@web.de<\/p><\/div><\/div><\/div><\/td><\/tr><tr><td class='dgpp_addr_city'>Leipzig<\/td><td class='dgpp_addr_institution'>Sektion f\u00fcr Phoniatrie und Audiologie des Universit\u00e4tsklinikums Leipzig A\u00f6R<\/td><td class='dgpp_addr_doc'>Leiter Prof. Dr. Michael Fuchs<\/td><td><a href='#de106'>Details<\/a><div id='de106' class='pop_overlay'><div class='pop_popup'><h2>Details<\/h2><a class='pop_close' href='#'>&times;<\/a><div class='pop_content'><p class='pop_institution'>Sektion f\u00fcr Phoniatrie und Audiologie des Universit\u00e4tsklinikums Leipzig A\u00f6R<\/p><p class='pop_doc'>Leiter Prof. Dr. Michael Fuchs<\/p><p class='pop_address'>Liebigstra\u00dfe 10-14, 04103 Leipzig<\/p><p class='pop_tel'>Telefon: (0341) 9721800<\/p><p class='pop_fax'>Telefax: (0341) 9721809<\/p><p class='pop_web'>Homepage: <a href='http:\/\/phoniatrie-audiologie.uniklinikum-leipzig.de\/' target='_blank'>http:\/\/phoniatrie-audiologie.uniklinikum-leipzig.de\/<\/a><\/p><p class='pop_mail'>E-Mail: phoniatrie@medizin.uni-leipzig.de<\/p><\/div><\/div><\/div><\/td><\/tr><tr><td class='dgpp_addr_city'>Leverkusen<\/td><td class='dgpp_addr_institution'>Praxis Dr. Till O. Seidler<\/td><td class='dgpp_addr_doc'><\/td><td><a href='#de107'>Details<\/a><div id='de107' class='pop_overlay'><div class='pop_popup'><h2>Details<\/h2><a class='pop_close' href='#'>&times;<\/a><div class='pop_content'><p class='pop_institution'>Praxis Dr. Till O. Seidler<\/p><p class='pop_doc'><\/p><p class='pop_address'>Im Dorf 4, D-51381 Leverkusen<\/p><p class='pop_tel'>Telefon: 02171 765177<\/p><p class='pop_fax'>Telefax: 02171 765178<\/p><p class='pop_web'>Homepage: <a href='' target='_blank'><\/a><\/p><p class='pop_mail'>E-Mail: <\/p><\/div><\/div><\/div><\/td><\/tr><tr><td class='dgpp_addr_city'>Lippstadt<\/td><td class='dgpp_addr_institution'>Zentrum f\u00fcr HNO und Phoniatrie-P\u00e4daudiologie<\/td><td class='dgpp_addr_doc'>Dr. W. Reuter<\/td><td><a href='#de108'>Details<\/a><div id='de108' class='pop_overlay'><div class='pop_popup'><h2>Details<\/h2><a class='pop_close' href='#'>&times;<\/a><div class='pop_content'><p class='pop_institution'>Zentrum f\u00fcr HNO und Phoniatrie-P\u00e4daudiologie<\/p><p class='pop_doc'>Dr. W. Reuter<\/p><p class='pop_address'>Woldemei 16, D-59555 Lippstadt<\/p><p class='pop_tel'>Telefon: +49-(0)2941-78604<\/p><p class='pop_fax'>Telefax: +49-(0)2941-79032<\/p><p class='pop_web'>Homepage: <a href='http:\/\/www.phoniatrie-lippstadt.de' target='_blank'>http:\/\/www.phoniatrie-lippstadt.de<\/a><\/p><p class='pop_mail'>E-Mail: info@phoniatrie-lippstadt.de<\/p><\/div><\/div><\/div><\/td><\/tr><tr><td class='dgpp_addr_city'>L\u00fcbeck<\/td><td class='dgpp_addr_institution'>Universit\u00e4tsklinikum Schleswig-Holstein Campus L\u00fcbeck - Abteilung f\u00fcr Phoniatrie und P\u00e4daudiologie<\/td><td class='dgpp_addr_doc'>Leiter Prof. Dr. R. Sch\u00f6nweiler<\/td><td><a href='#de109'>Details<\/a><div id='de109' class='pop_overlay'><div class='pop_popup'><h2>Details<\/h2><a class='pop_close' href='#'>&times;<\/a><div class='pop_content'><p class='pop_institution'>Universit\u00e4tsklinikum Schleswig-Holstein Campus L\u00fcbeck - Abteilung f\u00fcr Phoniatrie und P\u00e4daudiologie<\/p><p class='pop_doc'>Leiter Prof. Dr. R. Sch\u00f6nweiler<\/p><p class='pop_address'>Ratzeburger Allee 160, D-23538 L\u00fcbeck<\/p><p class='pop_tel'>Telefon: <\/p><p class='pop_fax'>Telefax: <\/p><p class='pop_web'>Homepage: <a href='http:\/\/www.phoniatrie-luebeck.uk-sh.de' target='_blank'>http:\/\/www.phoniatrie-luebeck.uk-sh.de<\/a><\/p><p class='pop_mail'>E-Mail: Rainer.Schoenweiler@phoniatrie.uni-luebeck.de<\/p><\/div><\/div><\/div><\/td><\/tr><tr><td class='dgpp_addr_city'>Ludwigshafen<\/td><td class='dgpp_addr_institution'>Klinikum der Stadt Ludwigshafen, Hals-Nasen-Ohrenklinik, Abteilung f\u00fcr Phoniatrie und P\u00e4daudiologie<\/td><td class='dgpp_addr_doc'>Leiterin Dr. med. F. Feldhusen<\/td><td><a href='#de110'>Details<\/a><div id='de110' class='pop_overlay'><div class='pop_popup'><h2>Details<\/h2><a class='pop_close' href='#'>&times;<\/a><div class='pop_content'><p class='pop_institution'>Klinikum der Stadt Ludwigshafen, Hals-Nasen-Ohrenklinik, Abteilung f\u00fcr Phoniatrie und P\u00e4daudiologie<\/p><p class='pop_doc'>Leiterin Dr. med. F. Feldhusen<\/p><p class='pop_address'>Bremser Str. 79, 67063 Ludwigshafen<\/p><p class='pop_tel'>Telefon: 0621\/503-3443<\/p><p class='pop_fax'>Telefax: 0621\/503-3470<\/p><p class='pop_web'>Homepage: <a href='' target='_blank'><\/a><\/p><p class='pop_mail'>E-Mail: <\/p><\/div><\/div><\/div><\/td><\/tr><tr><td class='dgpp_addr_city'>Mainz<\/td><td class='dgpp_addr_institution'>Universit\u00e4t - Klinik f\u00fcr Kommunikationsst\u00f6rungen<\/td><td class='dgpp_addr_doc'><\/td><td><a href='#de111'>Details<\/a><div id='de111' class='pop_overlay'><div class='pop_popup'><h2>Details<\/h2><a class='pop_close' href='#'>&times;<\/a><div class='pop_content'><p class='pop_institution'>Universit\u00e4t - Klinik f\u00fcr Kommunikationsst\u00f6rungen<\/p><p class='pop_doc'><\/p><p class='pop_address'><\/p><p class='pop_tel'>Telefon: <\/p><p class='pop_fax'>Telefax: <\/p><p class='pop_web'>Homepage: <a href='http:\/\/www.unimedizin-mainz.de\/' target='_blank'>http:\/\/www.unimedizin-mainz.de\/<\/a><\/p><p class='pop_mail'>E-Mail: <\/p><\/div><\/div><\/div><\/td><\/tr><tr><td class='dgpp_addr_city'>Mannheim<\/td><td class='dgpp_addr_institution'>Klinikum Mannheim - Abteilung Phoniatrie und P\u00e4daudiologie<\/td><td class='dgpp_addr_doc'>Univ.-Prof. Dr. Manfred H\u00fclse<\/td><td><a href='#de112'>Details<\/a><div id='de112' class='pop_overlay'><div class='pop_popup'><h2>Details<\/h2><a class='pop_close' href='#'>&times;<\/a><div class='pop_content'><p class='pop_institution'>Klinikum Mannheim - Abteilung Phoniatrie und P\u00e4daudiologie<\/p><p class='pop_doc'>Univ.-Prof. Dr. Manfred H\u00fclse<\/p><p class='pop_address'>Theodor-Kutzer-Ufer 1-3, 68135 Mannheim<\/p><p class='pop_tel'>Telefon: <\/p><p class='pop_fax'>Telefax: <\/p><p class='pop_web'>Homepage: <a href='' target='_blank'><\/a><\/p><p class='pop_mail'>E-Mail: <\/p><\/div><\/div><\/div><\/td><\/tr><tr><td class='dgpp_addr_city'>Marburg<\/td><td class='dgpp_addr_institution'>Praxis Dr. Wolf-R\u00fcdiger Schneider<\/td><td class='dgpp_addr_doc'>Dr. Wolf-R\u00fcdiger Schneider<\/td><td><a href='#de114'>Details<\/a><div id='de114' class='pop_overlay'><div class='pop_popup'><h2>Details<\/h2><a class='pop_close' href='#'>&times;<\/a><div class='pop_content'><p class='pop_institution'>Praxis Dr. Wolf-R\u00fcdiger Schneider<\/p><p class='pop_doc'>Dr. Wolf-R\u00fcdiger Schneider<\/p><p class='pop_address'>Universit\u00e4tsstr. 28, 35037 Marburg<\/p><p class='pop_tel'>Telefon: <\/p><p class='pop_fax'>Telefax: <\/p><p class='pop_web'>Homepage: <a href='' target='_blank'><\/a><\/p><p class='pop_mail'>E-Mail: <\/p><\/div><\/div><\/div><\/td><\/tr><tr><td class='dgpp_addr_city'>Marburg<\/td><td class='dgpp_addr_institution'>Universit\u00e4t - Abteilung f\u00fcr Phoniatrie und P\u00e4daudiologie<\/td><td class='dgpp_addr_doc'>Prof. Dr. Christiane Hey<\/td><td><a href='#de113'>Details<\/a><div id='de113' class='pop_overlay'><div class='pop_popup'><h2>Details<\/h2><a class='pop_close' href='#'>&times;<\/a><div class='pop_content'><p class='pop_institution'>Universit\u00e4t - Abteilung f\u00fcr Phoniatrie und P\u00e4daudiologie<\/p><p class='pop_doc'>Prof. Dr. Christiane Hey<\/p><p class='pop_address'><\/p><p class='pop_tel'>Telefon: <\/p><p class='pop_fax'>Telefax: <\/p><p class='pop_web'>Homepage: <a href='http:\/\/www.ukgm.de\/ugm_2\/deu\/' target='_blank'>http:\/\/www.ukgm.de\/ugm_2\/deu\/<\/a><\/p><p class='pop_mail'>E-Mail: <\/p><\/div><\/div><\/div><\/td><\/tr><tr><td class='dgpp_addr_city'>Marl<\/td><td class='dgpp_addr_institution'>Praxis Dr. Uta Kottmann<\/td><td class='dgpp_addr_doc'>Dr. Uta Kottmann<\/td><td><a href='#de115'>Details<\/a><div id='de115' class='pop_overlay'><div class='pop_popup'><h2>Details<\/h2><a class='pop_close' href='#'>&times;<\/a><div class='pop_content'><p class='pop_institution'>Praxis Dr. Uta Kottmann<\/p><p class='pop_doc'>Dr. Uta Kottmann<\/p><p class='pop_address'>Feuerbachstr. 24, 45768 Marl<\/p><p class='pop_tel'>Telefon: <\/p><p class='pop_fax'>Telefax: <\/p><p class='pop_web'>Homepage: <a href='' target='_blank'><\/a><\/p><p class='pop_mail'>E-Mail: <\/p><\/div><\/div><\/div><\/td><\/tr><tr><td class='dgpp_addr_city'>Meiningen<\/td><td class='dgpp_addr_institution'>Praxis Dr. Jochen Fischer<\/td><td class='dgpp_addr_doc'>Dr. Jochen Fischer<\/td><td><a href='#de116'>Details<\/a><div id='de116' class='pop_overlay'><div class='pop_popup'><h2>Details<\/h2><a class='pop_close' href='#'>&times;<\/a><div class='pop_content'><p class='pop_institution'>Praxis Dr. Jochen Fischer<\/p><p class='pop_doc'>Dr. Jochen Fischer<\/p><p class='pop_address'>Charlottenstr. 4A, 98617 Meiningen<\/p><p class='pop_tel'>Telefon: <\/p><p class='pop_fax'>Telefax: <\/p><p class='pop_web'>Homepage: <a href='' target='_blank'><\/a><\/p><p class='pop_mail'>E-Mail: <\/p><\/div><\/div><\/div><\/td><\/tr><tr><td class='dgpp_addr_city'>Moers<\/td><td class='dgpp_addr_institution'>Praxis f\u00fcr Phoniatrie\/P\u00e4daudiologie, Naturheilverfahren, Hom\u00f6opathie<\/td><td class='dgpp_addr_doc'>Dr. Karin Ehret<\/td><td><a href='#de183'>Details<\/a><div id='de183' class='pop_overlay'><div class='pop_popup'><h2>Details<\/h2><a class='pop_close' href='#'>&times;<\/a><div class='pop_content'><p class='pop_institution'>Praxis f\u00fcr Phoniatrie\/P\u00e4daudiologie, Naturheilverfahren, Hom\u00f6opathie<\/p><p class='pop_doc'>Dr. Karin Ehret<\/p><p class='pop_address'>Schwalbenstr. 41, 47441 Moers<\/p><p class='pop_tel'>Telefon: +49 179 6996623<\/p><p class='pop_fax'>Telefax: <\/p><p class='pop_web'>Homepage: <a href='http:\/\/dr-ehret-integrative-medizin.de' target='_blank'>http:\/\/dr-ehret-integrative-medizin.de<\/a><\/p><p class='pop_mail'>E-Mail: karin-ehret@t-online.de<\/p><\/div><\/div><\/div><\/td><\/tr><tr><td class='dgpp_addr_city'>M\u00f6nchengladbach<\/td><td class='dgpp_addr_institution'>Praxis Dr. W. Lambeck<\/td><td class='dgpp_addr_doc'>Dr. W. Lambeck<\/td><td><a href='#de117'>Details<\/a><div id='de117' class='pop_overlay'><div class='pop_popup'><h2>Details<\/h2><a class='pop_close' href='#'>&times;<\/a><div class='pop_content'><p class='pop_institution'>Praxis Dr. W. Lambeck<\/p><p class='pop_doc'>Dr. W. Lambeck<\/p><p class='pop_address'>Parkstr. 41, 41061 M\u00f6nchengladbach<\/p><p class='pop_tel'>Telefon: <\/p><p class='pop_fax'>Telefax: <\/p><p class='pop_web'>Homepage: <a href='' target='_blank'><\/a><\/p><p class='pop_mail'>E-Mail: <\/p><\/div><\/div><\/div><\/td><\/tr><tr><td class='dgpp_addr_city'>M\u00fcnchen<\/td><td class='dgpp_addr_institution'>kbo-Kinderzentrum<\/td><td class='dgpp_addr_doc'>PD Dr. Katharina Eder<\/td><td><a href='#de122'>Details<\/a><div id='de122' class='pop_overlay'><div class='pop_popup'><h2>Details<\/h2><a class='pop_close' href='#'>&times;<\/a><div class='pop_content'><p class='pop_institution'>kbo-Kinderzentrum<\/p><p class='pop_doc'>PD Dr. Katharina Eder<\/p><p class='pop_address'>Heiglhofstr. 69, 81377 M\u00fcnchen<\/p><p class='pop_tel'>Telefon: 089\/71009-1361\/2\/3<\/p><p class='pop_fax'>Telefax: <\/p><p class='pop_web'>Homepage: <a href='www.kbo-kinderzentrum-muenchen.de' target='_blank'>www.kbo-kinderzentrum-muenchen.de<\/a><\/p><p class='pop_mail'>E-Mail: katharina.eder@kbo.de <\/p><\/div><\/div><\/div><\/td><\/tr><tr><td class='dgpp_addr_city'>M\u00fcnchen<\/td><td class='dgpp_addr_institution'>Klinikum Rechts der Isar, TU M\u00fcnchen, Ambulanz f\u00fcr Phoniatrie und P\u00e4daudiologie<\/td><td class='dgpp_addr_doc'>Leiterin Dr. Steffi Johanna Brockmeier<\/td><td><a href='#de119'>Details<\/a><div id='de119' class='pop_overlay'><div class='pop_popup'><h2>Details<\/h2><a class='pop_close' href='#'>&times;<\/a><div class='pop_content'><p class='pop_institution'>Klinikum Rechts der Isar, TU M\u00fcnchen, Ambulanz f\u00fcr Phoniatrie und P\u00e4daudiologie<\/p><p class='pop_doc'>Leiterin Dr. Steffi Johanna Brockmeier<\/p><p class='pop_address'>HNO-Klinik: Troger Str. 32, 81675 M\u00fcnchen, Postadresse: Ismaninger Str. 22, 81675 M\u00fcnchen<\/p><p class='pop_tel'>Telefon: 089-41402697<\/p><p class='pop_fax'>Telefax: 089-41404971<\/p><p class='pop_web'>Homepage: <a href='' target='_blank'><\/a><\/p><p class='pop_mail'>E-Mail: <\/p><\/div><\/div><\/div><\/td><\/tr><tr><td class='dgpp_addr_city'>M\u00fcnchen<\/td><td class='dgpp_addr_institution'>LMU, Campus Gro\u00dfhadern - Abteilung f\u00fcr Phoniatrie und P\u00e4daudiologie<\/td><td class='dgpp_addr_doc'>Univ. Prof. Dr. Matthias Echternach<\/td><td><a href='#de179'>Details<\/a><div id='de179' class='pop_overlay'><div class='pop_popup'><h2>Details<\/h2><a class='pop_close' href='#'>&times;<\/a><div class='pop_content'><p class='pop_institution'>LMU, Campus Gro\u00dfhadern - Abteilung f\u00fcr Phoniatrie und P\u00e4daudiologie<\/p><p class='pop_doc'>Univ. Prof. Dr. Matthias Echternach<\/p><p class='pop_address'>Campus Gro\u00dfhadern, Marchioninistra\u00dfe 15, 81377 M\u00fcnchen<\/p><p class='pop_tel'>Telefon: +49 (89) 44 00 7 38 61<\/p><p class='pop_fax'>Telefax: +49 (89) 44 00 7 86 85<\/p><p class='pop_web'>Homepage: <a href='http:\/\/med.uni-muenchen.de' target='_blank'>http:\/\/med.uni-muenchen.de<\/a><\/p><p class='pop_mail'>E-Mail: matthias.echternach@med.uni-muenchen.de<\/p><\/div><\/div><\/div><\/td><\/tr><tr><td class='dgpp_addr_city'>M\u00fcnchen<\/td><td class='dgpp_addr_institution'>LMU, Campus Innenstadt - Abteilung f\u00fcr Phoniatrie und P\u00e4daudiologie<\/td><td class='dgpp_addr_doc'>Univ. Prof. Dr. Matthias Echternach<\/td><td><a href='#de121'>Details<\/a><div id='de121' class='pop_overlay'><div class='pop_popup'><h2>Details<\/h2><a class='pop_close' href='#'>&times;<\/a><div class='pop_content'><p class='pop_institution'>LMU, Campus Innenstadt - Abteilung f\u00fcr Phoniatrie und P\u00e4daudiologie<\/p><p class='pop_doc'>Univ. Prof. Dr. Matthias Echternach<\/p><p class='pop_address'>Campus Innenstadt, Pettenkoferstr. 4a, 80336 M\u00fcnchen<\/p><p class='pop_tel'>Telefon: +49 (89) 44 00 7 38 61<\/p><p class='pop_fax'>Telefax: +49 (89) 44 00 7 86 85<\/p><p class='pop_web'>Homepage: <a href='http:\/\/med.uni-muenchen.de' target='_blank'>http:\/\/med.uni-muenchen.de<\/a><\/p><p class='pop_mail'>E-Mail: matthias.echternach@med.uni-muenchen.de<\/p><\/div><\/div><\/div><\/td><\/tr><tr><td class='dgpp_addr_city'>M\u00fcnchen<\/td><td class='dgpp_addr_institution'>Praxis Dr. Birgit Pascher<\/td><td class='dgpp_addr_doc'>Dr. Birgit Pascher<\/td><td><a href='#de126'>Details<\/a><div id='de126' class='pop_overlay'><div class='pop_popup'><h2>Details<\/h2><a class='pop_close' href='#'>&times;<\/a><div class='pop_content'><p class='pop_institution'>Praxis Dr. Birgit Pascher<\/p><p class='pop_doc'>Dr. Birgit Pascher<\/p><p class='pop_address'>Augustenstr. 3, 80333 M\u00fcnchen<\/p><p class='pop_tel'>Telefon: 089\/53889734<\/p><p class='pop_fax'>Telefax: <\/p><p class='pop_web'>Homepage: <a href='http:\/\/www.praxis-pascher.de' target='_blank'>http:\/\/www.praxis-pascher.de<\/a><\/p><p class='pop_mail'>E-Mail: info@praxis-pascher.de<\/p><\/div><\/div><\/div><\/td><\/tr><tr><td class='dgpp_addr_city'>M\u00fcnchen<\/td><td class='dgpp_addr_institution'>Praxis Dr. Karin Joussen<\/td><td class='dgpp_addr_doc'>Dr. Karin Joussen<\/td><td><a href='#de124'>Details<\/a><div id='de124' class='pop_overlay'><div class='pop_popup'><h2>Details<\/h2><a class='pop_close' href='#'>&times;<\/a><div class='pop_content'><p class='pop_institution'>Praxis Dr. Karin Joussen<\/p><p class='pop_doc'>Dr. Karin Joussen<\/p><p class='pop_address'>Brienner Str. 1, 80333 M\u00fcnchen<\/p><p class='pop_tel'>Telefon: <\/p><p class='pop_fax'>Telefax: <\/p><p class='pop_web'>Homepage: <a href='' target='_blank'><\/a><\/p><p class='pop_mail'>E-Mail: <\/p><\/div><\/div><\/div><\/td><\/tr><tr><td class='dgpp_addr_city'>M\u00fcnchen<\/td><td class='dgpp_addr_institution'>Praxis Prof. Dr. Frank Martin und Dr. Barbara Arnold<\/td><td class='dgpp_addr_doc'><\/td><td><a href='#de125'>Details<\/a><div id='de125' class='pop_overlay'><div class='pop_popup'><h2>Details<\/h2><a class='pop_close' href='#'>&times;<\/a><div class='pop_content'><p class='pop_institution'>Praxis Prof. Dr. Frank Martin und Dr. Barbara Arnold<\/p><p class='pop_doc'><\/p><p class='pop_address'>Tal 34, D-80331 M\u00fcnchen<\/p><p class='pop_tel'>Telefon: +49-(0)89-26022988<\/p><p class='pop_fax'>Telefax: +49-(0)89-26022989<\/p><p class='pop_web'>Homepage: <a href='' target='_blank'><\/a><\/p><p class='pop_mail'>E-Mail: <\/p><\/div><\/div><\/div><\/td><\/tr><tr><td class='dgpp_addr_city'>M\u00fcnchen<\/td><td class='dgpp_addr_institution'>Praxis Prof. Dr. med. Gerhard B\u00f6hme<\/td><td class='dgpp_addr_doc'>Prof. Dr. med. Gerhard B\u00f6hme<\/td><td><a href='#de123'>Details<\/a><div id='de123' class='pop_overlay'><div class='pop_popup'><h2>Details<\/h2><a class='pop_close' href='#'>&times;<\/a><div class='pop_content'><p class='pop_institution'>Praxis Prof. Dr. med. Gerhard B\u00f6hme<\/p><p class='pop_doc'>Prof. Dr. med. Gerhard B\u00f6hme<\/p><p class='pop_address'>Scharnitzer Str. 37, 82166 Gr\u00e4felfing (M\u00fcnchen)<\/p><p class='pop_tel'>Telefon: 089\/876642<\/p><p class='pop_fax'>Telefax: <\/p><p class='pop_web'>Homepage: <a href='' target='_blank'><\/a><\/p><p class='pop_mail'>E-Mail: drgboehme@freenet.de<\/p><\/div><\/div><\/div><\/td><\/tr><tr><td class='dgpp_addr_city'>M\u00fcnchen<\/td><td class='dgpp_addr_institution'>St\u00e4dtisches Krankenhaus M\u00fcnchen-Bogenhausen, Abteilung f\u00fcr Neuropsychologie<\/td><td class='dgpp_addr_doc'>Dr. Heidrun Schr\u00f6ter-Morasch<\/td><td><a href='#de118'>Details<\/a><div id='de118' class='pop_overlay'><div class='pop_popup'><h2>Details<\/h2><a class='pop_close' href='#'>&times;<\/a><div class='pop_content'><p class='pop_institution'>St\u00e4dtisches Krankenhaus M\u00fcnchen-Bogenhausen, Abteilung f\u00fcr Neuropsychologie<\/p><p class='pop_doc'>Dr. Heidrun Schr\u00f6ter-Morasch<\/p><p class='pop_address'>Englschalkinger Str. 77, 81925 M\u00fcnchen<\/p><p class='pop_tel'>Telefon: <\/p><p class='pop_fax'>Telefax: <\/p><p class='pop_web'>Homepage: <a href='' target='_blank'><\/a><\/p><p class='pop_mail'>E-Mail: <\/p><\/div><\/div><\/div><\/td><\/tr><tr><td class='dgpp_addr_city'>M\u00fcnster<\/td><td class='dgpp_addr_institution'>Gemeinschaftspraxis Doleschal\/Bremken\/H\u00fcbner\/Weidemann\/Schmidt<\/td><td class='dgpp_addr_doc'><\/td><td><a href='#de128'>Details<\/a><div id='de128' class='pop_overlay'><div class='pop_popup'><h2>Details<\/h2><a class='pop_close' href='#'>&times;<\/a><div class='pop_content'><p class='pop_institution'>Gemeinschaftspraxis Doleschal\/Bremken\/H\u00fcbner\/Weidemann\/Schmidt<\/p><p class='pop_doc'><\/p><p class='pop_address'>Gasselstiege 21, 48159 M\u00fcnster<\/p><p class='pop_tel'>Telefon: +49 (0)251\/98157-10<\/p><p class='pop_fax'>Telefax: +49 (0)251\/98157-15<\/p><p class='pop_web'>Homepage: <a href='http:\/\/www.Phoniatrie-Paedaudiologie.com' target='_blank'>http:\/\/www.Phoniatrie-Paedaudiologie.com<\/a><\/p><p class='pop_mail'>E-Mail: <\/p><\/div><\/div><\/div><\/td><\/tr><tr><td class='dgpp_addr_city'>M\u00fcnster<\/td><td class='dgpp_addr_institution'>Westf\u00e4lische Wilhelms-Universit\u00e4t M\u00fcnster, Klinik und Poliklinik f\u00fcr Phoniatrie und P\u00e4daudiologie<\/td><td class='dgpp_addr_doc'>Univ.-Prof. Dr. Antoinette am Zehnhoff-Dinnesen<\/td><td><a href='#de127'>Details<\/a><div id='de127' class='pop_overlay'><div class='pop_popup'><h2>Details<\/h2><a class='pop_close' href='#'>&times;<\/a><div class='pop_content'><p class='pop_institution'>Westf\u00e4lische Wilhelms-Universit\u00e4t M\u00fcnster, Klinik und Poliklinik f\u00fcr Phoniatrie und P\u00e4daudiologie<\/p><p class='pop_doc'>Univ.-Prof. Dr. Antoinette am Zehnhoff-Dinnesen<\/p><p class='pop_address'>Kardinal-von-Galen-Ring 10, 48129 M\u00fcnster<\/p><p class='pop_tel'>Telefon: +49 (0)251\/8356859 <\/p><p class='pop_fax'>Telefax: +49 (0)251\/356889<\/p><p class='pop_web'>Homepage: <a href='http:\/\/campus.uni-muenster.de' target='_blank'>http:\/\/campus.uni-muenster.de<\/a><\/p><p class='pop_mail'>E-Mail: <\/p><\/div><\/div><\/div><\/td><\/tr><tr><td class='dgpp_addr_city'>Neubrandenburg<\/td><td class='dgpp_addr_institution'>Dietrich-Bonhoeffer-Klinikum, HNO-Klinik<\/td><td class='dgpp_addr_doc'>Dr. Dagmar Kayser<\/td><td><a href='#de129'>Details<\/a><div id='de129' class='pop_overlay'><div class='pop_popup'><h2>Details<\/h2><a class='pop_close' href='#'>&times;<\/a><div class='pop_content'><p class='pop_institution'>Dietrich-Bonhoeffer-Klinikum, HNO-Klinik<\/p><p class='pop_doc'>Dr. Dagmar Kayser<\/p><p class='pop_address'>Salvador-Allende-Str. 30, 17036 Neubrandenburg<\/p><p class='pop_tel'>Telefon: <\/p><p class='pop_fax'>Telefax: <\/p><p class='pop_web'>Homepage: <a href='' target='_blank'><\/a><\/p><p class='pop_mail'>E-Mail: <\/p><\/div><\/div><\/div><\/td><\/tr><tr><td class='dgpp_addr_city'>Neuss<\/td><td class='dgpp_addr_institution'>St\u00e4dtische Kliniken Neuss, Klinik f\u00fcr HNO-Krankheiten<\/td><td class='dgpp_addr_doc'>Prof. Dr. Hans-J\u00fcrgen Schultz-Coulon<\/td><td><a href='#de130'>Details<\/a><div id='de130' class='pop_overlay'><div class='pop_popup'><h2>Details<\/h2><a class='pop_close' href='#'>&times;<\/a><div class='pop_content'><p class='pop_institution'>St\u00e4dtische Kliniken Neuss, Klinik f\u00fcr HNO-Krankheiten<\/p><p class='pop_doc'>Prof. Dr. Hans-J\u00fcrgen Schultz-Coulon<\/p><p class='pop_address'>Preu\u00dfenstr. 84, 41464 Neuss<\/p><p class='pop_tel'>Telefon: <\/p><p class='pop_fax'>Telefax: <\/p><p class='pop_web'>Homepage: <a href='' target='_blank'><\/a><\/p><p class='pop_mail'>E-Mail: <\/p><\/div><\/div><\/div><\/td><\/tr><tr><td class='dgpp_addr_city'>Neustrelitz<\/td><td class='dgpp_addr_institution'>Praxis Dr. Karin K\u00f6ppen<\/td><td class='dgpp_addr_doc'>Dr. Karin K\u00f6ppen<\/td><td><a href='#de131'>Details<\/a><div id='de131' class='pop_overlay'><div class='pop_popup'><h2>Details<\/h2><a class='pop_close' href='#'>&times;<\/a><div class='pop_content'><p class='pop_institution'>Praxis Dr. Karin K\u00f6ppen<\/p><p class='pop_doc'>Dr. Karin K\u00f6ppen<\/p><p class='pop_address'>Zierker Str. 1 A, 17235 Neustrelitz<\/p><p class='pop_tel'>Telefon: <\/p><p class='pop_fax'>Telefax: <\/p><p class='pop_web'>Homepage: <a href='' target='_blank'><\/a><\/p><p class='pop_mail'>E-Mail: <\/p><\/div><\/div><\/div><\/td><\/tr><tr><td class='dgpp_addr_city'>N\u00fcrnberg<\/td><td class='dgpp_addr_institution'>Amt f\u00fcr Versorgung und Familienf\u00f6rderung<\/td><td class='dgpp_addr_doc'>Dr. Petra S\u00f6nning<\/td><td><a href='#de132'>Details<\/a><div id='de132' class='pop_overlay'><div class='pop_popup'><h2>Details<\/h2><a class='pop_close' href='#'>&times;<\/a><div class='pop_content'><p class='pop_institution'>Amt f\u00fcr Versorgung und Familienf\u00f6rderung<\/p><p class='pop_doc'>Dr. Petra S\u00f6nning<\/p><p class='pop_address'>Roonstr. 20, 90336 N\u00fcrnberg<\/p><p class='pop_tel'>Telefon: <\/p><p class='pop_fax'>Telefax: <\/p><p class='pop_web'>Homepage: <a href='' target='_blank'><\/a><\/p><p class='pop_mail'>E-Mail: <\/p><\/div><\/div><\/div><\/td><\/tr><tr><td class='dgpp_addr_city'>N\u00fcrnberg<\/td><td class='dgpp_addr_institution'>Praxis Dr. Lynda G\u00fcnthner<\/td><td class='dgpp_addr_doc'>Dr. Lynda G\u00fcnthner<\/td><td><a href='#de135'>Details<\/a><div id='de135' class='pop_overlay'><div class='pop_popup'><h2>Details<\/h2><a class='pop_close' href='#'>&times;<\/a><div class='pop_content'><p class='pop_institution'>Praxis Dr. Lynda G\u00fcnthner<\/p><p class='pop_doc'>Dr. Lynda G\u00fcnthner<\/p><p class='pop_address'>Emilienstra\u00dfe 4, D-90491 N\u00fcrnberg<\/p><p class='pop_tel'>Telefon: +49 (0)911-999 8541<\/p><p class='pop_fax'>Telefax: +49 (0)911-999 8542<\/p><p class='pop_web'>Homepage: <a href='http:\/\/www.hnonuernberg.org' target='_blank'>http:\/\/www.hnonuernberg.org<\/a><\/p><p class='pop_mail'>E-Mail: <\/p><\/div><\/div><\/div><\/td><\/tr><tr><td class='dgpp_addr_city'>N\u00fcrnberg<\/td><td class='dgpp_addr_institution'>Praxis Dr. Sieglinde Freitag<\/td><td class='dgpp_addr_doc'>Dr. Sieglinde Freitag<\/td><td><a href='#de133'>Details<\/a><div id='de133' class='pop_overlay'><div class='pop_popup'><h2>Details<\/h2><a class='pop_close' href='#'>&times;<\/a><div class='pop_content'><p class='pop_institution'>Praxis Dr. Sieglinde Freitag<\/p><p class='pop_doc'>Dr. Sieglinde Freitag<\/p><p class='pop_address'>Elisabeth-Selbert-Platz 1 im MEDCENTER LANGWASSER, D-90473 N\u00fcrnberg<\/p><p class='pop_tel'>Telefon: +49 (0)911-8174 240<\/p><p class='pop_fax'>Telefax: +49 (0)911-8174 2424<\/p><p class='pop_web'>Homepage: <a href='http:\/\/www.hno-praxis-nuernberg.de' target='_blank'>http:\/\/www.hno-praxis-nuernberg.de<\/a><\/p><p class='pop_mail'>E-Mail: <\/p><\/div><\/div><\/div><\/td><\/tr><tr><td class='dgpp_addr_city'>N\u00fcrnberg<\/td><td class='dgpp_addr_institution'>Praxis Dr. Stefan Th\u00fcrmer<\/td><td class='dgpp_addr_doc'>Dr. Stefan Th\u00fcrmer<\/td><td><a href='#de134'>Details<\/a><div id='de134' class='pop_overlay'><div class='pop_popup'><h2>Details<\/h2><a class='pop_close' href='#'>&times;<\/a><div class='pop_content'><p class='pop_institution'>Praxis Dr. Stefan Th\u00fcrmer<\/p><p class='pop_doc'>Dr. Stefan Th\u00fcrmer<\/p><p class='pop_address'>K\u00f6nigstr. 23, D-90402 N\u00fcrnberg<\/p><p class='pop_tel'>Telefon: +49 (0)911-224462<\/p><p class='pop_fax'>Telefax: +49 (0)911-223447<\/p><p class='pop_web'>Homepage: <a href='http:\/\/www.thuermer-docs.de' target='_blank'>http:\/\/www.thuermer-docs.de<\/a><\/p><p class='pop_mail'>E-Mail: <\/p><\/div><\/div><\/div><\/td><\/tr><tr><td class='dgpp_addr_city'>N\u00fcrnberg<\/td><td class='dgpp_addr_institution'>Praxis f\u00fcr Hals-Nasen-Ohrenheilkunde, Phoniatrie und P\u00e4daudiologie im Metropol Medical Center<\/td><td class='dgpp_addr_doc'>Prof. Dr. med. Maria Schuster<\/td><td><a href='#de191'>Details<\/a><div id='de191' class='pop_overlay'><div class='pop_popup'><h2>Details<\/h2><a class='pop_close' href='#'>&times;<\/a><div class='pop_content'><p class='pop_institution'>Praxis f\u00fcr Hals-Nasen-Ohrenheilkunde, Phoniatrie und P\u00e4daudiologie im Metropol Medical Center<\/p><p class='pop_doc'>Prof. Dr. med. Maria Schuster<\/p><p class='pop_address'>Virnsberger Strasse 75, 90431 N\u00fcrnberg<\/p><p class='pop_tel'>Telefon: +49 (0)911 99904325<\/p><p class='pop_fax'>Telefax: +49 (0)911 99904329<\/p><p class='pop_web'>Homepage: <a href='https:\/\/www.hnopraxis-nbg.de\/' target='_blank'>https:\/\/www.hnopraxis-nbg.de\/<\/a><\/p><p class='pop_mail'>E-Mail: kontakt@hnopraxis-nbg.de<\/p><\/div><\/div><\/div><\/td><\/tr><tr><td class='dgpp_addr_city'>Oberursel<\/td><td class='dgpp_addr_institution'>Praxis Dr. Roland Teprt<\/td><td class='dgpp_addr_doc'>Dr. Roland Teprt<\/td><td><a href='#de136'>Details<\/a><div id='de136' class='pop_overlay'><div class='pop_popup'><h2>Details<\/h2><a class='pop_close' href='#'>&times;<\/a><div class='pop_content'><p class='pop_institution'>Praxis Dr. Roland Teprt<\/p><p class='pop_doc'>Dr. Roland Teprt<\/p><p class='pop_address'>Vorstadt 20, 61440 Oberursel<\/p><p class='pop_tel'>Telefon: +49 (0)6171\/708800<\/p><p class='pop_fax'>Telefax: <\/p><p class='pop_web'>Homepage: <a href='' target='_blank'><\/a><\/p><p class='pop_mail'>E-Mail: Roland.Teprt@googlemail.com<\/p><\/div><\/div><\/div><\/td><\/tr><tr><td class='dgpp_addr_city'>Oftersheim<\/td><td class='dgpp_addr_institution'>Praxis Dr. Viktor Uttenweiler<\/td><td class='dgpp_addr_doc'>Dr. Viktor Uttenweiler<\/td><td><a href='#de137'>Details<\/a><div id='de137' class='pop_overlay'><div class='pop_popup'><h2>Details<\/h2><a class='pop_close' href='#'>&times;<\/a><div class='pop_content'><p class='pop_institution'>Praxis Dr. Viktor Uttenweiler<\/p><p class='pop_doc'>Dr. Viktor Uttenweiler<\/p><p class='pop_address'>Hardtwaldring 36, 68723 Oftersheim<\/p><p class='pop_tel'>Telefon: <\/p><p class='pop_fax'>Telefax: <\/p><p class='pop_web'>Homepage: <a href='' target='_blank'><\/a><\/p><p class='pop_mail'>E-Mail: uttenweiler@t-online.de<\/p><\/div><\/div><\/div><\/td><\/tr><tr><td class='dgpp_addr_city'>Oldenburg<\/td><td class='dgpp_addr_institution'>Praxis Dr. Bernard L\u00fcske<\/td><td class='dgpp_addr_doc'>Dr. Bernard L\u00fcske<\/td><td><a href='#de138'>Details<\/a><div id='de138' class='pop_overlay'><div class='pop_popup'><h2>Details<\/h2><a class='pop_close' href='#'>&times;<\/a><div class='pop_content'><p class='pop_institution'>Praxis Dr. Bernard L\u00fcske<\/p><p class='pop_doc'>Dr. Bernard L\u00fcske<\/p><p class='pop_address'>Bismarckstr. 6, 26122 Oldenburg<\/p><p class='pop_tel'>Telefon: <\/p><p class='pop_fax'>Telefax: <\/p><p class='pop_web'>Homepage: <a href='' target='_blank'><\/a><\/p><p class='pop_mail'>E-Mail: <\/p><\/div><\/div><\/div><\/td><\/tr><tr><td class='dgpp_addr_city'>Oldenburg in Oldenburg<\/td><td class='dgpp_addr_institution'>Ev. Krankenhaus, Abteilung Phoniatrie-P\u00e4daudiologie-Neurootologie<\/td><td class='dgpp_addr_doc'><\/td><td><a href='#de139'>Details<\/a><div id='de139' class='pop_overlay'><div class='pop_popup'><h2>Details<\/h2><a class='pop_close' href='#'>&times;<\/a><div class='pop_content'><p class='pop_institution'>Ev. Krankenhaus, Abteilung Phoniatrie-P\u00e4daudiologie-Neurootologie<\/p><p class='pop_doc'><\/p><p class='pop_address'><\/p><p class='pop_tel'>Telefon: <\/p><p class='pop_fax'>Telefax: <\/p><p class='pop_web'>Homepage: <a href='http:\/\/www.evangelischeskrankenhaus.de\/' target='_blank'>http:\/\/www.evangelischeskrankenhaus.de\/<\/a><\/p><p class='pop_mail'>E-Mail: info@hno-zentrum-ol.de<\/p><\/div><\/div><\/div><\/td><\/tr><tr><td class='dgpp_addr_city'>Oranienburg<\/td><td class='dgpp_addr_institution'>Praxis Dr. Anya Reinhardt<\/td><td class='dgpp_addr_doc'>Dr. Anya Reinhardt<\/td><td><a href='#de24'>Details<\/a><div id='de24' class='pop_overlay'><div class='pop_popup'><h2>Details<\/h2><a class='pop_close' href='#'>&times;<\/a><div class='pop_content'><p class='pop_institution'>Praxis Dr. Anya Reinhardt<\/p><p class='pop_doc'>Dr. Anya Reinhardt<\/p><p class='pop_address'>Sachsenhausener Str. 32, 16515 Oranienburg<\/p><p class='pop_tel'>Telefon: +49 (0)3301 70 20 28<\/p><p class='pop_fax'>Telefax: <\/p><p class='pop_web'>Homepage: <a href='' target='_blank'><\/a><\/p><p class='pop_mail'>E-Mail: <\/p><\/div><\/div><\/div><\/td><\/tr><tr><td class='dgpp_addr_city'>Osnabr\u00fcck<\/td><td class='dgpp_addr_institution'>Praxisgemeinschaft HNO\/Phoniatrie-P\u00e4daudiologie<\/td><td class='dgpp_addr_doc'>Dr. Jan Swart<\/td><td><a href='#de140'>Details<\/a><div id='de140' class='pop_overlay'><div class='pop_popup'><h2>Details<\/h2><a class='pop_close' href='#'>&times;<\/a><div class='pop_content'><p class='pop_institution'>Praxisgemeinschaft HNO\/Phoniatrie-P\u00e4daudiologie<\/p><p class='pop_doc'>Dr. Jan Swart<\/p><p class='pop_address'>J\u00fcrgensort 10, 49074 Osnabr\u00fcck<\/p><p class='pop_tel'>Telefon: +49 (0)541\/2005-443<\/p><p class='pop_fax'>Telefax: +49 (0)541\/2005-444<\/p><p class='pop_web'>Homepage: <a href='' target='_blank'><\/a><\/p><p class='pop_mail'>E-Mail: <\/p><\/div><\/div><\/div><\/td><\/tr><tr><td class='dgpp_addr_city'>Osnabr\u00fcck<\/td><td class='dgpp_addr_institution'>Rehaklinik Werscherberg<\/td><td class='dgpp_addr_doc'><\/td><td><a href='#de141'>Details<\/a><div id='de141' class='pop_overlay'><div class='pop_popup'><h2>Details<\/h2><a class='pop_close' href='#'>&times;<\/a><div class='pop_content'><p class='pop_institution'>Rehaklinik Werscherberg<\/p><p class='pop_doc'><\/p><p class='pop_address'>Am Werscherberg 3, 49143 Bissendorf<\/p><p class='pop_tel'>Telefon: +49 (0)5402\/406-0<\/p><p class='pop_fax'>Telefax: +49 (0)5402\/406-110<\/p><p class='pop_web'>Homepage: <a href='' target='_blank'><\/a><\/p><p class='pop_mail'>E-Mail: <\/p><\/div><\/div><\/div><\/td><\/tr><tr><td class='dgpp_addr_city'>Pforzheim<\/td><td class='dgpp_addr_institution'>Siloah-Krankenhaus, Abteilung f\u00fcr Phoniatrie und P\u00e4daudiologie<\/td><td class='dgpp_addr_doc'>Dr. Raimund B\u00f6ckler<\/td><td><a href='#de142'>Details<\/a><div id='de142' class='pop_overlay'><div class='pop_popup'><h2>Details<\/h2><a class='pop_close' href='#'>&times;<\/a><div class='pop_content'><p class='pop_institution'>Siloah-Krankenhaus, Abteilung f\u00fcr Phoniatrie und P\u00e4daudiologie<\/p><p class='pop_doc'>Dr. Raimund B\u00f6ckler<\/p><p class='pop_address'>Wilferdinger Str. 67, 75179 Pforzheim<\/p><p class='pop_tel'>Telefon: <\/p><p class='pop_fax'>Telefax: <\/p><p class='pop_web'>Homepage: <a href='' target='_blank'><\/a><\/p><p class='pop_mail'>E-Mail: <\/p><\/div><\/div><\/div><\/td><\/tr><tr><td class='dgpp_addr_city'>Plauen<\/td><td class='dgpp_addr_institution'>Gemeinschaftspraxis Dr. Susanne Zehmisch<\/td><td class='dgpp_addr_doc'>Dr. Susanne Zehmisch<\/td><td><a href='#de143'>Details<\/a><div id='de143' class='pop_overlay'><div class='pop_popup'><h2>Details<\/h2><a class='pop_close' href='#'>&times;<\/a><div class='pop_content'><p class='pop_institution'>Gemeinschaftspraxis Dr. Susanne Zehmisch<\/p><p class='pop_doc'>Dr. Susanne Zehmisch<\/p><p class='pop_address'>Stresemannstr. 40, 08523 Plauen<\/p><p class='pop_tel'>Telefon: <\/p><p class='pop_fax'>Telefax: <\/p><p class='pop_web'>Homepage: <a href='' target='_blank'><\/a><\/p><p class='pop_mail'>E-Mail: <\/p><\/div><\/div><\/div><\/td><\/tr><tr><td class='dgpp_addr_city'>Potsdam<\/td><td class='dgpp_addr_institution'>Ernst von Bergmann Klinikum, Sektion Phoniatrie und P\u00e4daudiologie<\/td><td class='dgpp_addr_doc'>M. Seipelt<\/td><td><a href='#de144'>Details<\/a><div id='de144' class='pop_overlay'><div class='pop_popup'><h2>Details<\/h2><a class='pop_close' href='#'>&times;<\/a><div class='pop_content'><p class='pop_institution'>Ernst von Bergmann Klinikum, Sektion Phoniatrie und P\u00e4daudiologie<\/p><p class='pop_doc'>M. Seipelt<\/p><p class='pop_address'>Charlottenstra\u00dfe 72, 14467 Potsdam<\/p><p class='pop_tel'>Telefon: +49 (0)331 2415702<\/p><p class='pop_fax'>Telefax: +49 (0)331 2415700<\/p><p class='pop_web'>Homepage: <a href='' target='_blank'><\/a><\/p><p class='pop_mail'>E-Mail: <\/p><\/div><\/div><\/div><\/td><\/tr><tr><td class='dgpp_addr_city'>Potsdam<\/td><td class='dgpp_addr_institution'>MVZ Luisenplatz<\/td><td class='dgpp_addr_doc'>Dr. med. Barbara Lindemann<\/td><td><a href='#de145'>Details<\/a><div id='de145' class='pop_overlay'><div class='pop_popup'><h2>Details<\/h2><a class='pop_close' href='#'>&times;<\/a><div class='pop_content'><p class='pop_institution'>MVZ Luisenplatz<\/p><p class='pop_doc'>Dr. med. Barbara Lindemann<\/p><p class='pop_address'>Luisenplatz 1, 14471 Potsdam<\/p><p class='pop_tel'>Telefon: <\/p><p class='pop_fax'>Telefax: <\/p><p class='pop_web'>Homepage: <a href='' target='_blank'><\/a><\/p><p class='pop_mail'>E-Mail: <\/p><\/div><\/div><\/div><\/td><\/tr><tr><td class='dgpp_addr_city'>Regensburg<\/td><td class='dgpp_addr_institution'>HNO-Zentrum Regensburg, Facharztzentrum am KH Barmherzige Br\u00fcder<\/td><td class='dgpp_addr_doc'>Dr. Sven Herkenhoff\u00fcr<\/td><td><a href='#de147'>Details<\/a><div id='de147' class='pop_overlay'><div class='pop_popup'><h2>Details<\/h2><a class='pop_close' href='#'>&times;<\/a><div class='pop_content'><p class='pop_institution'>HNO-Zentrum Regensburg, Facharztzentrum am KH Barmherzige Br\u00fcder<\/p><p class='pop_doc'>Dr. Sven Herkenhoff\u00fcr<\/p><p class='pop_address'>Pr\u00fcfeninger Str. 86, D-93049 Regensburg<\/p><p class='pop_tel'>Telefon: +49 (0)941 369 28 80<\/p><p class='pop_fax'>Telefax: <\/p><p class='pop_web'>Homepage: <a href='' target='_blank'><\/a><\/p><p class='pop_mail'>E-Mail: <\/p><\/div><\/div><\/div><\/td><\/tr><tr><td class='dgpp_addr_city'>Regensburg<\/td><td class='dgpp_addr_institution'>Praxis Dr. Weikert<\/td><td class='dgpp_addr_doc'>Dr. Weikert<\/td><td><a href='#de146'>Details<\/a><div id='de146' class='pop_overlay'><div class='pop_popup'><h2>Details<\/h2><a class='pop_close' href='#'>&times;<\/a><div class='pop_content'><p class='pop_institution'>Praxis Dr. Weikert<\/p><p class='pop_doc'>Dr. Weikert<\/p><p class='pop_address'>Paracelsusstr. 1, D-93051 Regensburg<\/p><p class='pop_tel'>Telefon: +49 (0)941-29707-0<\/p><p class='pop_fax'>Telefax: +49 (0)941-29707-29<\/p><p class='pop_web'>Homepage: <a href='http:\/\/www.hno-phoniatrie-regensburg.de\/' target='_blank'>http:\/\/www.hno-phoniatrie-regensburg.de\/<\/a><\/p><p class='pop_mail'>E-Mail: <\/p><\/div><\/div><\/div><\/td><\/tr><tr><td class='dgpp_addr_city'>Regensburg<\/td><td class='dgpp_addr_institution'>Praxis Neupfarrplatz<\/td><td class='dgpp_addr_doc'>Dr. Sven Herkenhoff\u00fcr<\/td><td><a href='#de148'>Details<\/a><div id='de148' class='pop_overlay'><div class='pop_popup'><h2>Details<\/h2><a class='pop_close' href='#'>&times;<\/a><div class='pop_content'><p class='pop_institution'>Praxis Neupfarrplatz<\/p><p class='pop_doc'>Dr. Sven Herkenhoff\u00fcr<\/p><p class='pop_address'>Neupfarrplatz 12, D-93047 Regensburg<\/p><p class='pop_tel'>Telefon: +49 (0)941 599 38 70<\/p><p class='pop_fax'>Telefax: <\/p><p class='pop_web'>Homepage: <a href='' target='_blank'><\/a><\/p><p class='pop_mail'>E-Mail: <\/p><\/div><\/div><\/div><\/td><\/tr><tr><td class='dgpp_addr_city'>Regensburg<\/td><td class='dgpp_addr_institution'>Universit\u00e4tsklinikum Regensburg, HNO-Klinik, Abteilung Phoniatrie und P\u00e4daudiologie<\/td><td class='dgpp_addr_doc'>Prof. Dr. Peter Kummer<\/td><td><a href='#de149'>Details<\/a><div id='de149' class='pop_overlay'><div class='pop_popup'><h2>Details<\/h2><a class='pop_close' href='#'>&times;<\/a><div class='pop_content'><p class='pop_institution'>Universit\u00e4tsklinikum Regensburg, HNO-Klinik, Abteilung Phoniatrie und P\u00e4daudiologie<\/p><p class='pop_doc'>Prof. Dr. Peter Kummer<\/p><p class='pop_address'>Franz-Josef-Strau\u00df-Allee 11, 93053 Regensburg<\/p><p class='pop_tel'>Telefon: +49 (0)941\/944-9471<\/p><p class='pop_fax'>Telefax: +49 (0)941\/944-9472<\/p><p class='pop_web'>Homepage: <a href='' target='_blank'><\/a><\/p><p class='pop_mail'>E-Mail: <\/p><\/div><\/div><\/div><\/td><\/tr><tr><td class='dgpp_addr_city'>Reutlingen<\/td><td class='dgpp_addr_institution'>Praxis Dr. Christine Schmitz-Salu<\/td><td class='dgpp_addr_doc'>Dr. Christine Schmitz-Salu<\/td><td><a href='#de150'>Details<\/a><div id='de150' class='pop_overlay'><div class='pop_popup'><h2>Details<\/h2><a class='pop_close' href='#'>&times;<\/a><div class='pop_content'><p class='pop_institution'>Praxis Dr. Christine Schmitz-Salu<\/p><p class='pop_doc'>Dr. Christine Schmitz-Salu<\/p><p class='pop_address'>Obere W\u00e4ssere 3-7, D-72764 Reutlingen<\/p><p class='pop_tel'>Telefon: +49 (0)7121 3018741<\/p><p class='pop_fax'>Telefax: +49 (0)7121 3018740<\/p><p class='pop_web'>Homepage: <a href='' target='_blank'><\/a><\/p><p class='pop_mail'>E-Mail: <\/p><\/div><\/div><\/div><\/td><\/tr><tr><td class='dgpp_addr_city'>Rinteln<\/td><td class='dgpp_addr_institution'>Praxis Dr. Egbert J\u00fcrges<\/td><td class='dgpp_addr_doc'>Dr. Egbert J\u00fcrges<\/td><td><a href='#de151'>Details<\/a><div id='de151' class='pop_overlay'><div class='pop_popup'><h2>Details<\/h2><a class='pop_close' href='#'>&times;<\/a><div class='pop_content'><p class='pop_institution'>Praxis Dr. Egbert J\u00fcrges<\/p><p class='pop_doc'>Dr. Egbert J\u00fcrges<\/p><p class='pop_address'>Bahnhofstr. 1a, 31737 Rinteln<\/p><p class='pop_tel'>Telefon: +49 (0)5751 6017<\/p><p class='pop_fax'>Telefax: +49 (0)5751 6010<\/p><p class='pop_web'>Homepage: <a href='http:\/\/www.juerges-hno.de' target='_blank'>http:\/\/www.juerges-hno.de<\/a><\/p><p class='pop_mail'>E-Mail: hno@teleos-web.de<\/p><\/div><\/div><\/div><\/td><\/tr><tr><td class='dgpp_addr_city'>Rostock<\/td><td class='dgpp_addr_institution'>Praxis Dr. Rosemarie Morche<\/td><td class='dgpp_addr_doc'>Dr. Rosemarie Morche<\/td><td><a href='#de153'>Details<\/a><div id='de153' class='pop_overlay'><div class='pop_popup'><h2>Details<\/h2><a class='pop_close' href='#'>&times;<\/a><div class='pop_content'><p class='pop_institution'>Praxis Dr. Rosemarie Morche<\/p><p class='pop_doc'>Dr. Rosemarie Morche<\/p><p class='pop_address'>Paulstr. 48, 18055 Rostock<\/p><p class='pop_tel'>Telefon: <\/p><p class='pop_fax'>Telefax: <\/p><p class='pop_web'>Homepage: <a href='' target='_blank'><\/a><\/p><p class='pop_mail'>E-Mail: <\/p><\/div><\/div><\/div><\/td><\/tr><tr><td class='dgpp_addr_city'>Rostock<\/td><td class='dgpp_addr_institution'>Universit\u00e4ts-HNO-Klinik und Poliklinik Otto K\u00f6rner<\/td><td class='dgpp_addr_doc'><\/td><td><a href='#de152'>Details<\/a><div id='de152' class='pop_overlay'><div class='pop_popup'><h2>Details<\/h2><a class='pop_close' href='#'>&times;<\/a><div class='pop_content'><p class='pop_institution'>Universit\u00e4ts-HNO-Klinik und Poliklinik Otto K\u00f6rner<\/p><p class='pop_doc'><\/p><p class='pop_address'>Doberaner Str. 137-139, 18055 Rostock<\/p><p class='pop_tel'>Telefon: <\/p><p class='pop_fax'>Telefax: <\/p><p class='pop_web'>Homepage: <a href='' target='_blank'><\/a><\/p><p class='pop_mail'>E-Mail: <\/p><\/div><\/div><\/div><\/td><\/tr><tr><td class='dgpp_addr_city'>Rottweil<\/td><td class='dgpp_addr_institution'>Praxis Dr. Susanne M\u00fcller-Hermann<\/td><td class='dgpp_addr_doc'>Dr. Susanne M\u00fcller-Hermann<\/td><td><a href='#de154'>Details<\/a><div id='de154' class='pop_overlay'><div class='pop_popup'><h2>Details<\/h2><a class='pop_close' href='#'>&times;<\/a><div class='pop_content'><p class='pop_institution'>Praxis Dr. Susanne M\u00fcller-Hermann<\/p><p class='pop_doc'>Dr. Susanne M\u00fcller-Hermann<\/p><p class='pop_address'>K\u00f6nigstr. 19, 78628 Rottweil<\/p><p class='pop_tel'>Telefon: <\/p><p class='pop_fax'>Telefax: <\/p><p class='pop_web'>Homepage: <a href='' target='_blank'><\/a><\/p><p class='pop_mail'>E-Mail: <\/p><\/div><\/div><\/div><\/td><\/tr><tr><td class='dgpp_addr_city'>Rudolstadt<\/td><td class='dgpp_addr_institution'>Praxis Dr. Dieter Groh<\/td><td class='dgpp_addr_doc'>Dr. Dieter Groh<\/td><td><a href='#de155'>Details<\/a><div id='de155' class='pop_overlay'><div class='pop_popup'><h2>Details<\/h2><a class='pop_close' href='#'>&times;<\/a><div class='pop_content'><p class='pop_institution'>Praxis Dr. Dieter Groh<\/p><p class='pop_doc'>Dr. Dieter Groh<\/p><p class='pop_address'>Otto-Nuschke-Str. 6a, 07407 Rudolstadt<\/p><p class='pop_tel'>Telefon: <\/p><p class='pop_fax'>Telefax: <\/p><p class='pop_web'>Homepage: <a href='' target='_blank'><\/a><\/p><p class='pop_mail'>E-Mail: <\/p><\/div><\/div><\/div><\/td><\/tr><tr><td class='dgpp_addr_city'>Saarbr\u00fccken<\/td><td class='dgpp_addr_institution'>Praxis Fuchs & Wannenmacher<\/td><td class='dgpp_addr_doc'>Dr.med. Christian Fuchs<\/td><td><a href='#de192'>Details<\/a><div id='de192' class='pop_overlay'><div class='pop_popup'><h2>Details<\/h2><a class='pop_close' href='#'>&times;<\/a><div class='pop_content'><p class='pop_institution'>Praxis Fuchs & Wannenmacher<\/p><p class='pop_doc'>Dr.med. Christian Fuchs<\/p><p class='pop_address'>Altneugasse 25, 66117 Saarbr\u00fccken<\/p><p class='pop_tel'>Telefon: +49 (0)681 983328-0  <\/p><p class='pop_fax'>Telefax: <\/p><p class='pop_web'>Homepage: <a href='http:\/\/hno.saarland\/' target='_blank'>http:\/\/hno.saarland\/<\/a><\/p><p class='pop_mail'>E-Mail: info@hno.saarland<\/p><\/div><\/div><\/div><\/td><\/tr><tr><td class='dgpp_addr_city'>Saarbr\u00fccken<\/td><td class='dgpp_addr_institution'>Praxis Karl Brill<\/td><td class='dgpp_addr_doc'>Karl Brill <\/td><td><a href='#de156'>Details<\/a><div id='de156' class='pop_overlay'><div class='pop_popup'><h2>Details<\/h2><a class='pop_close' href='#'>&times;<\/a><div class='pop_content'><p class='pop_institution'>Praxis Karl Brill<\/p><p class='pop_doc'>Karl Brill <\/p><p class='pop_address'>Rheinstra\u00dfe 35, 66113 Saarbr\u00fccken<\/p><p class='pop_tel'>Telefon: +49 (0)681-971350<\/p><p class='pop_fax'>Telefax: +49 (0)681-9713567<\/p><p class='pop_web'>Homepage: <a href='http:\/\/phoniatrie-saar.de' target='_blank'>http:\/\/phoniatrie-saar.de<\/a><\/p><p class='pop_mail'>E-Mail: <\/p><\/div><\/div><\/div><\/td><\/tr><tr><td class='dgpp_addr_city'>Schleswig<\/td><td class='dgpp_addr_institution'>Praxis Dr. Anja H\u00fcper<\/td><td class='dgpp_addr_doc'>Dr. Anja H\u00fcper<\/td><td><a href='#de157'>Details<\/a><div id='de157' class='pop_overlay'><div class='pop_popup'><h2>Details<\/h2><a class='pop_close' href='#'>&times;<\/a><div class='pop_content'><p class='pop_institution'>Praxis Dr. Anja H\u00fcper<\/p><p class='pop_doc'>Dr. Anja H\u00fcper<\/p><p class='pop_address'>Seminarweg 4, 24837 Schleswig<\/p><p class='pop_tel'>Telefon: +49 (0)4621 855182<\/p><p class='pop_fax'>Telefax: <\/p><p class='pop_web'>Homepage: <a href='' target='_blank'><\/a><\/p><p class='pop_mail'>E-Mail: <\/p><\/div><\/div><\/div><\/td><\/tr><tr><td class='dgpp_addr_city'>Sch\u00f6nebeck<\/td><td class='dgpp_addr_institution'>Praxis Dr. Karin Hamann<\/td><td class='dgpp_addr_doc'>Dr. Karin Hamann<\/td><td><a href='#de158'>Details<\/a><div id='de158' class='pop_overlay'><div class='pop_popup'><h2>Details<\/h2><a class='pop_close' href='#'>&times;<\/a><div class='pop_content'><p class='pop_institution'>Praxis Dr. Karin Hamann<\/p><p class='pop_doc'>Dr. Karin Hamann<\/p><p class='pop_address'>Schillerstr. 28, 39218 Sch\u00f6nebeck<\/p><p class='pop_tel'>Telefon: <\/p><p class='pop_fax'>Telefax: <\/p><p class='pop_web'>Homepage: <a href='' target='_blank'><\/a><\/p><p class='pop_mail'>E-Mail: <\/p><\/div><\/div><\/div><\/td><\/tr><tr><td class='dgpp_addr_city'>S\u00f6mmerda<\/td><td class='dgpp_addr_institution'>Praxis f\u00fcr HNO-Krankheiten\/Stimm- und Sprachst\u00f6rungen<\/td><td class='dgpp_addr_doc'>Dr. Christa Andrae<\/td><td><a href='#de159'>Details<\/a><div id='de159' class='pop_overlay'><div class='pop_popup'><h2>Details<\/h2><a class='pop_close' href='#'>&times;<\/a><div class='pop_content'><p class='pop_institution'>Praxis f\u00fcr HNO-Krankheiten\/Stimm- und Sprachst\u00f6rungen<\/p><p class='pop_doc'>Dr. Christa Andrae<\/p><p class='pop_address'>Franz-Mehring-Str. 10, D-99610 S\u00f6mmerda<\/p><p class='pop_tel'>Telefon: <\/p><p class='pop_fax'>Telefax: <\/p><p class='pop_web'>Homepage: <a href='' target='_blank'><\/a><\/p><p class='pop_mail'>E-Mail: <\/p><\/div><\/div><\/div><\/td><\/tr><tr><td class='dgpp_addr_city'>Starnberg<\/td><td class='dgpp_addr_institution'>Gemeinschaftspraxis Dr. Junge-H\u00fclsing\/von Bredow\/Fintelmann<\/td><td class='dgpp_addr_doc'><\/td><td><a href='#de160'>Details<\/a><div id='de160' class='pop_overlay'><div class='pop_popup'><h2>Details<\/h2><a class='pop_close' href='#'>&times;<\/a><div class='pop_content'><p class='pop_institution'>Gemeinschaftspraxis Dr. Junge-H\u00fclsing\/von Bredow\/Fintelmann<\/p><p class='pop_doc'><\/p><p class='pop_address'>Josef-J\u00e4gerhuber-Str. 7, 82319 Starnberg<\/p><p class='pop_tel'>Telefon: 08151\/666999<\/p><p class='pop_fax'>Telefax: <\/p><p class='pop_web'>Homepage: <a href='' target='_blank'><\/a><\/p><p class='pop_mail'>E-Mail: <\/p><\/div><\/div><\/div><\/td><\/tr><tr><td class='dgpp_addr_city'>Stendal<\/td><td class='dgpp_addr_institution'>Johanniter-Krankenhaus Genthin-Stendal GmbH<\/td><td class='dgpp_addr_doc'>Dr. med. Anja Pollak-Hainz<\/td><td><a href='#de161'>Details<\/a><div id='de161' class='pop_overlay'><div class='pop_popup'><h2>Details<\/h2><a class='pop_close' href='#'>&times;<\/a><div class='pop_content'><p class='pop_institution'>Johanniter-Krankenhaus Genthin-Stendal GmbH<\/p><p class='pop_doc'>Dr. med. Anja Pollak-Hainz<\/p><p class='pop_address'>Wendstra\u00dfe 31, 39576 Stendal<\/p><p class='pop_tel'>Telefon: 03931 66 16 04<\/p><p class='pop_fax'>Telefax: 03931 66 16 02<\/p><p class='pop_web'>Homepage: <a href='http:\/\/www.johanniter-stendal.de' target='_blank'>http:\/\/www.johanniter-stendal.de<\/a><\/p><p class='pop_mail'>E-Mail: Anja.Pollak-Hainz@jksdl.de<\/p><\/div><\/div><\/div><\/td><\/tr><tr><td class='dgpp_addr_city'>Straubing<\/td><td class='dgpp_addr_institution'>Klinikum St. Elisabeth, Sektion Phoniatrie und P\u00e4daudiologie der HNO-Klinik<\/td><td class='dgpp_addr_doc'>Dr. Igor Schifris<\/td><td><a href='#de162'>Details<\/a><div id='de162' class='pop_overlay'><div class='pop_popup'><h2>Details<\/h2><a class='pop_close' href='#'>&times;<\/a><div class='pop_content'><p class='pop_institution'>Klinikum St. Elisabeth, Sektion Phoniatrie und P\u00e4daudiologie der HNO-Klinik<\/p><p class='pop_doc'>Dr. Igor Schifris<\/p><p class='pop_address'>St. Elisabethstr. 23, 94315 Straubing<\/p><p class='pop_tel'>Telefon: +49 (0)9421 710 1684<\/p><p class='pop_fax'>Telefax: +49 (0)9421 710 1697<\/p><p class='pop_web'>Homepage: <a href='http:\/\/klinikum-straubing.de' target='_blank'>http:\/\/klinikum-straubing.de<\/a><\/p><p class='pop_mail'>E-Mail: info-hno@klinikum-straubing.de<\/p><\/div><\/div><\/div><\/td><\/tr><tr><td class='dgpp_addr_city'>Stuttgart<\/td><td class='dgpp_addr_institution'>Klinikum Stuttgart Katharinenhospital, Stimm- und Sprachabteilung<\/td><td class='dgpp_addr_doc'>Dr. Erhard Miethe<\/td><td><a href='#de163'>Details<\/a><div id='de163' class='pop_overlay'><div class='pop_popup'><h2>Details<\/h2><a class='pop_close' href='#'>&times;<\/a><div class='pop_content'><p class='pop_institution'>Klinikum Stuttgart Katharinenhospital, Stimm- und Sprachabteilung<\/p><p class='pop_doc'>Dr. Erhard Miethe<\/p><p class='pop_address'>Kriegsbergstr. 60, 79174 Stuttgart<\/p><p class='pop_tel'>Telefon: +49 (0)711 278 3270<\/p><p class='pop_fax'>Telefax: +49 (0)711 278 3208<\/p><p class='pop_web'>Homepage: <a href='' target='_blank'><\/a><\/p><p class='pop_mail'>E-Mail: e.miethe@katharinenhospital.de<\/p><\/div><\/div><\/div><\/td><\/tr><tr><td class='dgpp_addr_city'>Stuttgart<\/td><td class='dgpp_addr_institution'>Klinikum Stuttgart Olgahospital, Abteilung f\u00fcr P\u00e4daudiologie und Phoniatrie<\/td><td class='dgpp_addr_doc'>Frau Barbara Gerold und Frau Dr. Nathalie Weber<\/td><td><a href='#de165'>Details<\/a><div id='de165' class='pop_overlay'><div class='pop_popup'><h2>Details<\/h2><a class='pop_close' href='#'>&times;<\/a><div class='pop_content'><p class='pop_institution'>Klinikum Stuttgart Olgahospital, Abteilung f\u00fcr P\u00e4daudiologie und Phoniatrie<\/p><p class='pop_doc'>Frau Barbara Gerold und Frau Dr. Nathalie Weber<\/p><p class='pop_address'>Kriegsbergstrasse 62, 70174 Stuttgart<\/p><p class='pop_tel'>Telefon: +49 (0)711 278 73060<\/p><p class='pop_fax'>Telefax: +49 (0)711-278-73061<\/p><p class='pop_web'>Homepage: <a href='http:\/\/www.olgahospital.de' target='_blank'>http:\/\/www.olgahospital.de<\/a><\/p><p class='pop_mail'>E-Mail: <\/p><\/div><\/div><\/div><\/td><\/tr><tr><td class='dgpp_addr_city'>Stuttgart<\/td><td class='dgpp_addr_institution'>Marienhospital - Abteilung Phoniatrie und P\u00e4daudiologie<\/td><td class='dgpp_addr_doc'>Prof. Dr. Dorothee Rickert<\/td><td><a href='#de164'>Details<\/a><div id='de164' class='pop_overlay'><div class='pop_popup'><h2>Details<\/h2><a class='pop_close' href='#'>&times;<\/a><div class='pop_content'><p class='pop_institution'>Marienhospital - Abteilung Phoniatrie und P\u00e4daudiologie<\/p><p class='pop_doc'>Prof. Dr. Dorothee Rickert<\/p><p class='pop_address'>B\u00f6heimstr. 37, 70199 Stuttgart<\/p><p class='pop_tel'>Telefon: +49 (0)711 6489 2577<\/p><p class='pop_fax'>Telefax: +49 (0)711 6489 2582<\/p><p class='pop_web'>Homepage: <a href='' target='_blank'><\/a><\/p><p class='pop_mail'>E-Mail: paedaudiologie@vinzenz.de<\/p><\/div><\/div><\/div><\/td><\/tr><tr><td class='dgpp_addr_city'>Trier<\/td><td class='dgpp_addr_institution'>Mutterhaus der Borrom\u00e4erinnen, Sektion Phoniatrie und P\u00e4daudiologie<\/td><td class='dgpp_addr_doc'>Dr. A. Martin<\/td><td><a href='#de166'>Details<\/a><div id='de166' class='pop_overlay'><div class='pop_popup'><h2>Details<\/h2><a class='pop_close' href='#'>&times;<\/a><div class='pop_content'><p class='pop_institution'>Mutterhaus der Borrom\u00e4erinnen, Sektion Phoniatrie und P\u00e4daudiologie<\/p><p class='pop_doc'>Dr. A. Martin<\/p><p class='pop_address'>Feldstra\u00dfe 16, D-54290 Trier<\/p><p class='pop_tel'>Telefon: +49 (0)651 9472489<\/p><p class='pop_fax'>Telefax: +49 651 947 2493<\/p><p class='pop_web'>Homepage: <a href='http:\/\/www.mutterhaus.de' target='_blank'>http:\/\/www.mutterhaus.de<\/a><\/p><p class='pop_mail'>E-Mail: hno-ambulanz@mutterhaus.de<\/p><\/div><\/div><\/div><\/td><\/tr><tr><td class='dgpp_addr_city'>T\u00fcbingen<\/td><td class='dgpp_addr_institution'>Universit\u00e4tsklinikum T\u00fcbingen, Abteilung f\u00fcr Phoniatrie und P\u00e4daudiologie<\/td><td class='dgpp_addr_doc'>Dr. L. Michels<\/td><td><a href='#de167'>Details<\/a><div id='de167' class='pop_overlay'><div class='pop_popup'><h2>Details<\/h2><a class='pop_close' href='#'>&times;<\/a><div class='pop_content'><p class='pop_institution'>Universit\u00e4tsklinikum T\u00fcbingen, Abteilung f\u00fcr Phoniatrie und P\u00e4daudiologie<\/p><p class='pop_doc'>Dr. L. Michels<\/p><p class='pop_address'>Elfriede-Aulhorn-Strasse 5, D-72076 T\u00fcbingen<\/p><p class='pop_tel'>Telefon: +49 (0)7071 2988079<\/p><p class='pop_fax'>Telefax: +49 (0)7071 294421<\/p><p class='pop_web'>Homepage: <a href='http:\/\/www.uni-tuebingen.de' target='_blank'>http:\/\/www.uni-tuebingen.de<\/a><\/p><p class='pop_mail'>E-Mail: <\/p><\/div><\/div><\/div><\/td><\/tr><tr><td class='dgpp_addr_city'>Ulm<\/td><td class='dgpp_addr_institution'>Bundeswehrkrankenhaus Ulm, Sektion Phoniatrie der HNO-Klinik<\/td><td class='dgpp_addr_doc'>OFA F. Hofer<\/td><td><a href='#de182'>Details<\/a><div id='de182' class='pop_overlay'><div class='pop_popup'><h2>Details<\/h2><a class='pop_close' href='#'>&times;<\/a><div class='pop_content'><p class='pop_institution'>Bundeswehrkrankenhaus Ulm, Sektion Phoniatrie der HNO-Klinik<\/p><p class='pop_doc'>OFA F. Hofer<\/p><p class='pop_address'>Oberer Eselsberg 40, 89081 Ulm<\/p><p class='pop_tel'>Telefon: +49 (0)731 1701-1515<\/p><p class='pop_fax'>Telefax: +49 (0)731\/1710-29411530<\/p><p class='pop_web'>Homepage: <a href='https:\/\/ulm.bwkrankenhaus.de\/startseite\/kliniken\/hals-nasen-und-ohrenheilkunde.html' target='_blank'>https:\/\/ulm.bwkrankenhaus.de\/startseite\/kliniken\/hals-nasen-und-ohrenheilkunde.html<\/a><\/p><p class='pop_mail'>E-Mail: BwKrhsUlmAbtVHNO@bundeswehr.org<\/p><\/div><\/div><\/div><\/td><\/tr><tr><td class='dgpp_addr_city'>Ulm<\/td><td class='dgpp_addr_institution'>Universit\u00e4tsklinikum Ulm, Sektion Phoniatrie\/P\u00e4daudiologie<\/td><td class='dgpp_addr_doc'>Prof. Dr. S. Brosch<\/td><td><a href='#de168'>Details<\/a><div id='de168' class='pop_overlay'><div class='pop_popup'><h2>Details<\/h2><a class='pop_close' href='#'>&times;<\/a><div class='pop_content'><p class='pop_institution'>Universit\u00e4tsklinikum Ulm, Sektion Phoniatrie\/P\u00e4daudiologie<\/p><p class='pop_doc'>Prof. Dr. S. Brosch<\/p><p class='pop_address'>Frauensteige 12, D-89070 Ulm<\/p><p class='pop_tel'>Telefon: +49 (0)731 500 59701<\/p><p class='pop_fax'>Telefax: +49 (0 731 500 59702<\/p><p class='pop_web'>Homepage: <a href='http:\/\/www.uni-ulm.de' target='_blank'>http:\/\/www.uni-ulm.de<\/a><\/p><p class='pop_mail'>E-Mail: sektion.phoniatrie@uniklinik-ulm.de<\/p><\/div><\/div><\/div><\/td><\/tr><tr><td class='dgpp_addr_city'>Vaterstetten<\/td><td class='dgpp_addr_institution'>Praxis f\u00fcr HNO-Heilkunde, Stimm-, Sprach- und kindliche H\u00f6rst\u00f6rungen in Vaterstetten<\/td><td class='dgpp_addr_doc'>Dr. Viktor Voigt<\/td><td><a href='#de187'>Details<\/a><div id='de187' class='pop_overlay'><div class='pop_popup'><h2>Details<\/h2><a class='pop_close' href='#'>&times;<\/a><div class='pop_content'><p class='pop_institution'>Praxis f\u00fcr HNO-Heilkunde, Stimm-, Sprach- und kindliche H\u00f6rst\u00f6rungen in Vaterstetten<\/p><p class='pop_doc'>Dr. Viktor Voigt<\/p><p class='pop_address'>Schwalbenstrasse 6, 85591 Vaterstetten<\/p><p class='pop_tel'>Telefon: +49 (0)8092 9999 112<\/p><p class='pop_fax'>Telefax: +49 (0)8092 9999 113<\/p><p class='pop_web'>Homepage: <a href='http:\/\/www.hno-vaterstetten.de' target='_blank'>http:\/\/www.hno-vaterstetten.de<\/a><\/p><p class='pop_mail'>E-Mail: info@hno-vaterstetten.de<\/p><\/div><\/div><\/div><\/td><\/tr><tr><td class='dgpp_addr_city'>Vechta<\/td><td class='dgpp_addr_institution'>Phoniatrie-P\u00e4daudiologie im St. Marienhospital Vechta an der HNO-Klinik<\/td><td class='dgpp_addr_doc'>Dr. med. K. Goldschmidt<\/td><td><a href='#de169'>Details<\/a><div id='de169' class='pop_overlay'><div class='pop_popup'><h2>Details<\/h2><a class='pop_close' href='#'>&times;<\/a><div class='pop_content'><p class='pop_institution'>Phoniatrie-P\u00e4daudiologie im St. Marienhospital Vechta an der HNO-Klinik<\/p><p class='pop_doc'>Dr. med. K. Goldschmidt<\/p><p class='pop_address'>Marienstr. 6-8, 49377 Vechta<\/p><p class='pop_tel'>Telefon: +49 (0)4441 991343<\/p><p class='pop_fax'>Telefax: <\/p><p class='pop_web'>Homepage: <a href='' target='_blank'><\/a><\/p><p class='pop_mail'>E-Mail: <\/p><\/div><\/div><\/div><\/td><\/tr><tr><td class='dgpp_addr_city'>Vellmar<\/td><td class='dgpp_addr_institution'>Praxis Dr. Bernadette Talartschik<\/td><td class='dgpp_addr_doc'>Dr. Bernadette Talartschik<\/td><td><a href='#de170'>Details<\/a><div id='de170' class='pop_overlay'><div class='pop_popup'><h2>Details<\/h2><a class='pop_close' href='#'>&times;<\/a><div class='pop_content'><p class='pop_institution'>Praxis Dr. Bernadette Talartschik<\/p><p class='pop_doc'>Dr. Bernadette Talartschik<\/p><p class='pop_address'>Rathausplatz 4, 34246 Vellmar<\/p><p class='pop_tel'>Telefon: <\/p><p class='pop_fax'>Telefax: <\/p><p class='pop_web'>Homepage: <a href='' target='_blank'><\/a><\/p><p class='pop_mail'>E-Mail: <\/p><\/div><\/div><\/div><\/td><\/tr><tr><td class='dgpp_addr_city'>Walsrode<\/td><td class='dgpp_addr_institution'>Praxis Dr. Simon H\u00f6lz<\/td><td class='dgpp_addr_doc'>Dr. Simon H\u00f6lz<\/td><td><a href='#de171'>Details<\/a><div id='de171' class='pop_overlay'><div class='pop_popup'><h2>Details<\/h2><a class='pop_close' href='#'>&times;<\/a><div class='pop_content'><p class='pop_institution'>Praxis Dr. Simon H\u00f6lz<\/p><p class='pop_doc'>Dr. Simon H\u00f6lz<\/p><p class='pop_address'>Schmersahlstra\u00dfe 13, 29664 Walsrode<\/p><p class='pop_tel'>Telefon: +49 (0)5161 5277<\/p><p class='pop_fax'>Telefax: <\/p><p class='pop_web'>Homepage: <a href='' target='_blank'><\/a><\/p><p class='pop_mail'>E-Mail: <\/p><\/div><\/div><\/div><\/td><\/tr><tr><td class='dgpp_addr_city'>Waltrop<\/td><td class='dgpp_addr_institution'>Praxis Dr. Andreas Baun<\/td><td class='dgpp_addr_doc'>Dr. Andreas Baun<\/td><td><a href='#de172'>Details<\/a><div id='de172' class='pop_overlay'><div class='pop_popup'><h2>Details<\/h2><a class='pop_close' href='#'>&times;<\/a><div class='pop_content'><p class='pop_institution'>Praxis Dr. Andreas Baun<\/p><p class='pop_doc'>Dr. Andreas Baun<\/p><p class='pop_address'>Hochstra\u00dfe 62, 45731 Waltrop<\/p><p class='pop_tel'>Telefon: +49 (0)2309 600311<\/p><p class='pop_fax'>Telefax: +49 (0)2309 600313<\/p><p class='pop_web'>Homepage: <a href='' target='_blank'><\/a><\/p><p class='pop_mail'>E-Mail: praxisdr.baun@gmx.de<\/p><\/div><\/div><\/div><\/td><\/tr><tr><td class='dgpp_addr_city'>Weilm\u00fcnster<\/td><td class='dgpp_addr_institution'>Klinikum Weilm\u00fcnster, Klinik f\u00fcr Stimm- und Spracherkrankungen<\/td><td class='dgpp_addr_doc'><\/td><td><a href='#de173'>Details<\/a><div id='de173' class='pop_overlay'><div class='pop_popup'><h2>Details<\/h2><a class='pop_close' href='#'>&times;<\/a><div class='pop_content'><p class='pop_institution'>Klinikum Weilm\u00fcnster, Klinik f\u00fcr Stimm- und Spracherkrankungen<\/p><p class='pop_doc'><\/p><p class='pop_address'>Weilstr. 10, 35789 Weilm\u00fcnster<\/p><p class='pop_tel'>Telefon: +49 (0)6472 60282 <\/p><p class='pop_fax'>Telefax: +49 (0)6472 60283<\/p><p class='pop_web'>Homepage: <a href='http:\/\/www.klinikum-weilmuenster.de' target='_blank'>http:\/\/www.klinikum-weilmuenster.de<\/a><\/p><p class='pop_mail'>E-Mail: stimmklinik@klinikum-weilmuenster.de<\/p><\/div><\/div><\/div><\/td><\/tr><tr><td class='dgpp_addr_city'>Weimar (Lahn)<\/td><td class='dgpp_addr_institution'>Praxis Dr. Peter Rausch<\/td><td class='dgpp_addr_doc'>Dr. Peter Rausch<\/td><td><a href='#de174'>Details<\/a><div id='de174' class='pop_overlay'><div class='pop_popup'><h2>Details<\/h2><a class='pop_close' href='#'>&times;<\/a><div class='pop_content'><p class='pop_institution'>Praxis Dr. Peter Rausch<\/p><p class='pop_doc'>Dr. Peter Rausch<\/p><p class='pop_address'>Finkenweg 14, 35096 Weimar (Lahn)<\/p><p class='pop_tel'>Telefon: <\/p><p class='pop_fax'>Telefax: <\/p><p class='pop_web'>Homepage: <a href='' target='_blank'><\/a><\/p><p class='pop_mail'>E-Mail: <\/p><\/div><\/div><\/div><\/td><\/tr><tr><td class='dgpp_addr_city'>Wittingen<\/td><td class='dgpp_addr_institution'>Praxis Dr. Gesine Meier<\/td><td class='dgpp_addr_doc'>Dr. Gesine Meier<\/td><td><a href='#de175'>Details<\/a><div id='de175' class='pop_overlay'><div class='pop_popup'><h2>Details<\/h2><a class='pop_close' href='#'>&times;<\/a><div class='pop_content'><p class='pop_institution'>Praxis Dr. Gesine Meier<\/p><p class='pop_doc'>Dr. Gesine Meier<\/p><p class='pop_address'>Dammstr. 23, 29378 Wittingen<\/p><p class='pop_tel'>Telefon: <\/p><p class='pop_fax'>Telefax: <\/p><p class='pop_web'>Homepage: <a href='' target='_blank'><\/a><\/p><p class='pop_mail'>E-Mail: <\/p><\/div><\/div><\/div><\/td><\/tr><tr><td class='dgpp_addr_city'>W\u00fcrzburg<\/td><td class='dgpp_addr_institution'>Praxis Dr. Roswitha Buttkus<\/td><td class='dgpp_addr_doc'>Dr. Roswitha Buttkus<\/td><td><a href='#de176'>Details<\/a><div id='de176' class='pop_overlay'><div class='pop_popup'><h2>Details<\/h2><a class='pop_close' href='#'>&times;<\/a><div class='pop_content'><p class='pop_institution'>Praxis Dr. Roswitha Buttkus<\/p><p class='pop_doc'>Dr. Roswitha Buttkus<\/p><p class='pop_address'>Kaiserstr. 13, 97070 W\u00fcrzburg<\/p><p class='pop_tel'>Telefon: <\/p><p class='pop_fax'>Telefax: <\/p><p class='pop_web'>Homepage: <a href='' target='_blank'><\/a><\/p><p class='pop_mail'>E-Mail: <\/p><\/div><\/div><\/div><\/td><\/tr><tr><td class='dgpp_addr_city'>W\u00fcrzburg<\/td><td class='dgpp_addr_institution'>Universit\u00e4tsklinikum W\u00fcrzburg, Abteilung Phoniatrie und P\u00e4daudiologie<\/td><td class='dgpp_addr_doc'>Prof. Dr. E\/T Wafaa Shehata-Dieler<\/td><td><a href='#de177'>Details<\/a><div id='de177' class='pop_overlay'><div class='pop_popup'><h2>Details<\/h2><a class='pop_close' href='#'>&times;<\/a><div class='pop_content'><p class='pop_institution'>Universit\u00e4tsklinikum W\u00fcrzburg, Abteilung Phoniatrie und P\u00e4daudiologie<\/p><p class='pop_doc'>Prof. Dr. E\/T Wafaa Shehata-Dieler<\/p><p class='pop_address'>Josef-Schneider-Str. 11, 97080 W\u00fcrzburg<\/p><p class='pop_tel'>Telefon: +49 (0)931 201 21 372 <\/p><p class='pop_fax'>Telefax: +49 (0)931 201 21 301<\/p><p class='pop_web'>Homepage: <a href='' target='_blank'><\/a><\/p><p class='pop_mail'>E-Mail: <\/p><\/div><\/div><\/div><\/td><\/tr><\/table>\n<h2 id=\"a\">Adressen in \u00d6sterreich<\/h2>\n<div class='kbe_search_field'><input type='text' id='filterInput_a' onkeyup='filterTable(\"a\")' placeholder='Tabelle filtern (A)...'><\/div>\n<table class='dgpp_addr' id='dgpp_addr_a'><tr><th>Stadt<\/th><th>Institution<\/th><th>Ansprechpartner<\/th><th>Details<\/th><\/tr><tr><td class='dgpp_addr_city'>Bregenz<\/td><td class='dgpp_addr_institution'>Praxis Dr. Johannes N. G\u00e4chter<\/td><td class='dgpp_addr_doc'>Dr. Johannes N. G\u00e4chter<\/td><td><a href='#a1'>Details<\/a><div id='a1' class='pop_overlay'><div class='pop_popup'><h2>Details<\/h2><a class='pop_close' href='#'>&times;<\/a><div class='pop_content'><p class='pop_institution'>Praxis Dr. Johannes N. G\u00e4chter<\/p><p class='pop_doc'>Dr. Johannes N. G\u00e4chter<\/p><p class='pop_address'>Bahnhofstr. 39, 6900 Bregenz<\/p><p class='pop_tel'>Telefon: +43 (0)5574 58163<\/p><p class='pop_fax'>Telefax:  +43 (0)5574 5816318<\/p><p class='pop_web'>Homepage: <a href='' target='_blank'><\/a><\/p><p class='pop_mail'>E-Mail: hno@gaechter.eu<\/p><\/div><\/div><\/div><\/td><\/tr><tr><td class='dgpp_addr_city'>Feldkirch<\/td><td class='dgpp_addr_institution'>Landeskrankenhaus Feldkirch<\/td><td class='dgpp_addr_doc'>Dr. Markus Hahn<\/td><td><a href='#a2'>Details<\/a><div id='a2' class='pop_overlay'><div class='pop_popup'><h2>Details<\/h2><a class='pop_close' href='#'>&times;<\/a><div class='pop_content'><p class='pop_institution'>Landeskrankenhaus Feldkirch<\/p><p class='pop_doc'>Dr. Markus Hahn<\/p><p class='pop_address'>Carinagasse 47, 6800 Feldkirch<\/p><p class='pop_tel'>Telefon: +43 (0)5522 303<\/p><p class='pop_fax'>Telefax: <\/p><p class='pop_web'>Homepage: <a href='http:\/\/lkhf.at' target='_blank'>http:\/\/lkhf.at<\/a><\/p><p class='pop_mail'>E-Mail: Markus.Hahn@lkhf.at<\/p><\/div><\/div><\/div><\/td><\/tr><tr><td class='dgpp_addr_city'>Graz<\/td><td class='dgpp_addr_institution'>Ambulatorien STGKK<\/td><td class='dgpp_addr_doc'>Dr. Reinhard Tripp<\/td><td><a href='#a3'>Details<\/a><div id='a3' class='pop_overlay'><div class='pop_popup'><h2>Details<\/h2><a class='pop_close' href='#'>&times;<\/a><div class='pop_content'><p class='pop_institution'>Ambulatorien STGKK<\/p><p class='pop_doc'>Dr. Reinhard Tripp<\/p><p class='pop_address'>Friedrichgasse 18, 8010 Graz<\/p><p class='pop_tel'>Telefon: +43 (0)316 80355355<\/p><p class='pop_fax'>Telefax: <\/p><p class='pop_web'>Homepage: <a href='http:\/\/stgkk.at' target='_blank'>http:\/\/stgkk.at<\/a><\/p><p class='pop_mail'>E-Mail: augen-gynaekologie-hno@stgkk.at<\/p><\/div><\/div><\/div><\/td><\/tr><tr><td class='dgpp_addr_city'>Graz<\/td><td class='dgpp_addr_institution'>Univ.-HNO-Klinik Graz, Klinische Abteilung Phoniatrie<\/td><td class='dgpp_addr_doc'>Univ. Prof. Dr. Gerhard Friedrich<\/td><td><a href='#a4'>Details<\/a><div id='a4' class='pop_overlay'><div class='pop_popup'><h2>Details<\/h2><a class='pop_close' href='#'>&times;<\/a><div class='pop_content'><p class='pop_institution'>Univ.-HNO-Klinik Graz, Klinische Abteilung Phoniatrie<\/p><p class='pop_doc'>Univ. Prof. Dr. Gerhard Friedrich<\/p><p class='pop_address'>Auenbruggerplatz 26-28, 8036 Graz<\/p><p class='pop_tel'>Telefon: +43 (0)316 38512579<\/p><p class='pop_fax'>Telefax: +43 (0)316 38513549<\/p><p class='pop_web'>Homepage: <a href='http:\/\/www.medunigraz.at\/phoniatrie' target='_blank'>http:\/\/www.medunigraz.at\/phoniatrie<\/a><\/p><p class='pop_mail'>E-Mail: <\/p><\/div><\/div><\/div><\/td><\/tr><tr><td class='dgpp_addr_city'>Innsbruck<\/td><td class='dgpp_addr_institution'>Praxis Dr. Annette Schmidt<\/td><td class='dgpp_addr_doc'>Dr. Annette Schmidt<\/td><td><a href='#a8'>Details<\/a><div id='a8' class='pop_overlay'><div class='pop_popup'><h2>Details<\/h2><a class='pop_close' href='#'>&times;<\/a><div class='pop_content'><p class='pop_institution'>Praxis Dr. Annette Schmidt<\/p><p class='pop_doc'>Dr. Annette Schmidt<\/p><p class='pop_address'>Klammstr. 9a, Top 12, 6020 Innsbruck<\/p><p class='pop_tel'>Telefon: +43 (0)512 235099<\/p><p class='pop_fax'>Telefax: <\/p><p class='pop_web'>Homepage: <a href='' target='_blank'><\/a><\/p><p class='pop_mail'>E-Mail: annette01@aon.at<\/p><\/div><\/div><\/div><\/td><\/tr><tr><td class='dgpp_addr_city'>Innsbruck<\/td><td class='dgpp_addr_institution'>Praxis Dr. Hermann Rauchegger<\/td><td class='dgpp_addr_doc'>Dr. Hermann Rauchegger<\/td><td><a href='#a7'>Details<\/a><div id='a7' class='pop_overlay'><div class='pop_popup'><h2>Details<\/h2><a class='pop_close' href='#'>&times;<\/a><div class='pop_content'><p class='pop_institution'>Praxis Dr. Hermann Rauchegger<\/p><p class='pop_doc'>Dr. Hermann Rauchegger<\/p><p class='pop_address'>Kaiser Franz Josef Str. 9, 6020 Innsbruck<\/p><p class='pop_tel'>Telefon: +43 (0)512 584907<\/p><p class='pop_fax'>Telefax: +43 (0)512 5849074<\/p><p class='pop_web'>Homepage: <a href='' target='_blank'><\/a><\/p><p class='pop_mail'>E-Mail: hno.rauchegger@medway.at<\/p><\/div><\/div><\/div><\/td><\/tr><tr><td class='dgpp_addr_city'>Innsbruck<\/td><td class='dgpp_addr_institution'>Praxis Dr. med. Markku T. Patjas<\/td><td class='dgpp_addr_doc'>Dr. med. Markku T. Patjas<\/td><td><a href='#a6'>Details<\/a><div id='a6' class='pop_overlay'><div class='pop_popup'><h2>Details<\/h2><a class='pop_close' href='#'>&times;<\/a><div class='pop_content'><p class='pop_institution'>Praxis Dr. med. Markku T. Patjas<\/p><p class='pop_doc'>Dr. med. Markku T. Patjas<\/p><p class='pop_address'>Pradler Stra\u00dfe 41, 6020 Innsbruck<\/p><p class='pop_tel'>Telefon: +43 (0)512 362328<\/p><p class='pop_fax'>Telefax: +43 (0)512 362421<\/p><p class='pop_web'>Homepage: <a href='' target='_blank'><\/a><\/p><p class='pop_mail'>E-Mail: patjas@hno-phoniatrie.net<\/p><\/div><\/div><\/div><\/td><\/tr><tr><td class='dgpp_addr_city'>Innsbruck<\/td><td class='dgpp_addr_institution'>Universit\u00e4tsklinik f\u00fcr Hals-, Nasen- und Ohrenheilkunde, Abteilung f\u00fcr H\u00f6r-, Stimm- und Sprachst\u00f6rungen<\/td><td class='dgpp_addr_doc'>Univ.-Prof. Dr. Patrick G. Zorowka<\/td><td><a href='#a5'>Details<\/a><div id='a5' class='pop_overlay'><div class='pop_popup'><h2>Details<\/h2><a class='pop_close' href='#'>&times;<\/a><div class='pop_content'><p class='pop_institution'>Universit\u00e4tsklinik f\u00fcr Hals-, Nasen- und Ohrenheilkunde, Abteilung f\u00fcr H\u00f6r-, Stimm- und Sprachst\u00f6rungen<\/p><p class='pop_doc'>Univ.-Prof. Dr. Patrick G. Zorowka<\/p><p class='pop_address'>Anichstr. 35, 6020 Innsbruck<\/p><p class='pop_tel'>Telefon: +43 (0)512 504216<\/p><p class='pop_fax'>Telefax: +43 (0)512 50423217<\/p><p class='pop_web'>Homepage: <a href='http:\/\/www.hss-innsbruck.at' target='_blank'>http:\/\/www.hss-innsbruck.at<\/a><\/p><p class='pop_mail'>E-Mail: <\/p><\/div><\/div><\/div><\/td><\/tr><tr><td class='dgpp_addr_city'>Klagenfurt<\/td><td class='dgpp_addr_institution'>LKH Klagenfurt, Abteilung f\u00fcr Hals-, Nasen-, Ohrenheilkunde<\/td><td class='dgpp_addr_doc'>Univ.-Prof. Dr. Hans E. Eckel<\/td><td><a href='#a9'>Details<\/a><div id='a9' class='pop_overlay'><div class='pop_popup'><h2>Details<\/h2><a class='pop_close' href='#'>&times;<\/a><div class='pop_content'><p class='pop_institution'>LKH Klagenfurt, Abteilung f\u00fcr Hals-, Nasen-, Ohrenheilkunde<\/p><p class='pop_doc'>Univ.-Prof. Dr. Hans E. Eckel<\/p><p class='pop_address'>St. Veiter Strasse 47, 9020 Klagenfurt<\/p><p class='pop_tel'>Telefon: +43 (0)463 53822753<\/p><p class='pop_fax'>Telefax: +43 (0)463 53823033<\/p><p class='pop_web'>Homepage: <a href='http:\/\/lkh-klu.at' target='_blank'>http:\/\/lkh-klu.at<\/a><\/p><p class='pop_mail'>E-Mail: hno.abteilung@lkh-klu.at<\/p><\/div><\/div><\/div><\/td><\/tr><tr><td class='dgpp_addr_city'>Klagenfurt<\/td><td class='dgpp_addr_institution'>Praxis Dr. Brigitte Schmedler<\/td><td class='dgpp_addr_doc'>Dr. Brigitte Schmedler<\/td><td><a href='#a12'>Details<\/a><div id='a12' class='pop_overlay'><div class='pop_popup'><h2>Details<\/h2><a class='pop_close' href='#'>&times;<\/a><div class='pop_content'><p class='pop_institution'>Praxis Dr. Brigitte Schmedler<\/p><p class='pop_doc'>Dr. Brigitte Schmedler<\/p><p class='pop_address'>Heimgasse 27, 9020 Klagenfurt<\/p><p class='pop_tel'>Telefon: +43 (0)463 25900<\/p><p class='pop_fax'>Telefax: <\/p><p class='pop_web'>Homepage: <a href='' target='_blank'><\/a><\/p><p class='pop_mail'>E-Mail: brigitte.schmedler@aon.at<\/p><\/div><\/div><\/div><\/td><\/tr><tr><td class='dgpp_addr_city'>Klagenfurt<\/td><td class='dgpp_addr_institution'>Praxis Dr. Gert H. Hafner<\/td><td class='dgpp_addr_doc'>Dr. Gert H. Hafner<\/td><td><a href='#a10'>Details<\/a><div id='a10' class='pop_overlay'><div class='pop_popup'><h2>Details<\/h2><a class='pop_close' href='#'>&times;<\/a><div class='pop_content'><p class='pop_institution'>Praxis Dr. Gert H. Hafner<\/p><p class='pop_doc'>Dr. Gert H. Hafner<\/p><p class='pop_address'>Herrengasse 10\/2, 9020 Klagenfurt<\/p><p class='pop_tel'>Telefon: +43 (0)463 511800<\/p><p class='pop_fax'>Telefax: +43 (0)463 5118004<\/p><p class='pop_web'>Homepage: <a href='' target='_blank'><\/a><\/p><p class='pop_mail'>E-Mail: gert.hafner@chello.at<\/p><\/div><\/div><\/div><\/td><\/tr><tr><td class='dgpp_addr_city'>Klagenfurt<\/td><td class='dgpp_addr_institution'>Praxis Dr. Sylvia Hirtenfelder<\/td><td class='dgpp_addr_doc'>Dr. Sylvia Hirtenfelder<\/td><td><a href='#a11'>Details<\/a><div id='a11' class='pop_overlay'><div class='pop_popup'><h2>Details<\/h2><a class='pop_close' href='#'>&times;<\/a><div class='pop_content'><p class='pop_institution'>Praxis Dr. Sylvia Hirtenfelder<\/p><p class='pop_doc'>Dr. Sylvia Hirtenfelder<\/p><p class='pop_address'>Sariastr. 9, 9020 Klagenfurt<\/p><p class='pop_tel'>Telefon: +43 (0)463 57045<\/p><p class='pop_fax'>Telefax: +43 (0)463 53823033<\/p><p class='pop_web'>Homepage: <a href='' target='_blank'><\/a><\/p><p class='pop_mail'>E-Mail: hirtenfelder.hno@aon.at<\/p><\/div><\/div><\/div><\/td><\/tr><tr><td class='dgpp_addr_city'>Misbach<\/td><td class='dgpp_addr_institution'>LK Weinvier Misbach, HNO-Abteilung<\/td><td class='dgpp_addr_doc'>Univ.-Prof. Dr. Csilla Neuchrist<\/td><td><a href='#a13'>Details<\/a><div id='a13' class='pop_overlay'><div class='pop_popup'><h2>Details<\/h2><a class='pop_close' href='#'>&times;<\/a><div class='pop_content'><p class='pop_institution'>LK Weinvier Misbach, HNO-Abteilung<\/p><p class='pop_doc'>Univ.-Prof. Dr. Csilla Neuchrist<\/p><p class='pop_address'>Liechtensteinstra\u00dfe 67, 2130 Misbach<\/p><p class='pop_tel'>Telefon: +43 (0)2572 33414166<\/p><p class='pop_fax'>Telefax: +43 (0)2572 33414167<\/p><p class='pop_web'>Homepage: <a href='http:\/\/misbach.lknoe.at' target='_blank'>http:\/\/misbach.lknoe.at<\/a><\/p><p class='pop_mail'>E-Mail: hno@misbach.lknoe.at<\/p><\/div><\/div><\/div><\/td><\/tr><tr><td class='dgpp_addr_city'>M\u00f6dling<\/td><td class='dgpp_addr_institution'>Praxis Dr. Harald Schl\u00f6gel<\/td><td class='dgpp_addr_doc'>Dr. Harald Schl\u00f6gel<\/td><td><a href='#a15'>Details<\/a><div id='a15' class='pop_overlay'><div class='pop_popup'><h2>Details<\/h2><a class='pop_close' href='#'>&times;<\/a><div class='pop_content'><p class='pop_institution'>Praxis Dr. Harald Schl\u00f6gel<\/p><p class='pop_doc'>Dr. Harald Schl\u00f6gel<\/p><p class='pop_address'>Dr. Hanns Sch\u00fcrff Gasse 6\/5, 2340 M\u00f6dling<\/p><p class='pop_tel'>Telefon: +43 (0)2236 4579818<\/p><p class='pop_fax'>Telefax: <\/p><p class='pop_web'>Homepage: <a href='' target='_blank'><\/a><\/p><p class='pop_mail'>E-Mail: h.schloegel@aon.at<\/p><\/div><\/div><\/div><\/td><\/tr><tr><td class='dgpp_addr_city'>M\u00f6dling<\/td><td class='dgpp_addr_institution'>Praxis Dr. Thomas Herbst<\/td><td class='dgpp_addr_doc'>Dr. Thomas Herbst<\/td><td><a href='#a14'>Details<\/a><div id='a14' class='pop_overlay'><div class='pop_popup'><h2>Details<\/h2><a class='pop_close' href='#'>&times;<\/a><div class='pop_content'><p class='pop_institution'>Praxis Dr. Thomas Herbst<\/p><p class='pop_doc'>Dr. Thomas Herbst<\/p><p class='pop_address'>Maria Theresien-G. 8, 2340 M\u00f6dling<\/p><p class='pop_tel'>Telefon: +43 (0)664-4869 556<\/p><p class='pop_fax'>Telefax: <\/p><p class='pop_web'>Homepage: <a href='' target='_blank'><\/a><\/p><p class='pop_mail'>E-Mail: herbst.hno@a1.net<\/p><\/div><\/div><\/div><\/td><\/tr><tr><td class='dgpp_addr_city'>Pasching<\/td><td class='dgpp_addr_institution'>Praxis Dr. O. Weichselbaumer<\/td><td class='dgpp_addr_doc'>Dr. O. Weichselbaumer<\/td><td><a href='#a16'>Details<\/a><div id='a16' class='pop_overlay'><div class='pop_popup'><h2>Details<\/h2><a class='pop_close' href='#'>&times;<\/a><div class='pop_content'><p class='pop_institution'>Praxis Dr. O. Weichselbaumer<\/p><p class='pop_doc'>Dr. O. Weichselbaumer<\/p><p class='pop_address'>D\u00f6rnbacherstra\u00dfe 23, 4061 Pasching<\/p><p class='pop_tel'>Telefon: +43 (0)7221 88233<\/p><p class='pop_fax'>Telefax: <\/p><p class='pop_web'>Homepage: <a href='' target='_blank'><\/a><\/p><p class='pop_mail'>E-Mail: <\/p><\/div><\/div><\/div><\/td><\/tr><tr><td class='dgpp_addr_city'>Sch\u00e4rding<\/td><td class='dgpp_addr_institution'>Praxis Dr. Christian Mayrhofer<\/td><td class='dgpp_addr_doc'>Dr. Christian Mayrhofer<\/td><td><a href='#a17'>Details<\/a><div id='a17' class='pop_overlay'><div class='pop_popup'><h2>Details<\/h2><a class='pop_close' href='#'>&times;<\/a><div class='pop_content'><p class='pop_institution'>Praxis Dr. Christian Mayrhofer<\/p><p class='pop_doc'>Dr. Christian Mayrhofer<\/p><p class='pop_address'>Ludwig-Pfliegl-G 29, 4780 Sch\u00e4rding<\/p><p class='pop_tel'>Telefon: +43 (0)7712 7377<\/p><p class='pop_fax'>Telefax: +43 (0)7712 73774<\/p><p class='pop_web'>Homepage: <a href='' target='_blank'><\/a><\/p><p class='pop_mail'>E-Mail: hno.mayrhofer@aon.at<\/p><\/div><\/div><\/div><\/td><\/tr><tr><td class='dgpp_addr_city'>V\u00f6lkermarkt<\/td><td class='dgpp_addr_institution'>Praxis Dr. Walter Gugl<\/td><td class='dgpp_addr_doc'>Dr. Walter Gugl<\/td><td><a href='#a18'>Details<\/a><div id='a18' class='pop_overlay'><div class='pop_popup'><h2>Details<\/h2><a class='pop_close' href='#'>&times;<\/a><div class='pop_content'><p class='pop_institution'>Praxis Dr. Walter Gugl<\/p><p class='pop_doc'>Dr. Walter Gugl<\/p><p class='pop_address'>Hans-Wiegelestr. 8, 9100 V\u00f6lkermarkt<\/p><p class='pop_tel'>Telefon: +43 (0)4232 2075<\/p><p class='pop_fax'>Telefax: +43 (0)4232 20754<\/p><p class='pop_web'>Homepage: <a href='' target='_blank'><\/a><\/p><p class='pop_mail'>E-Mail: waltergugl@hotmail.com<\/p><\/div><\/div><\/div><\/td><\/tr><tr><td class='dgpp_addr_city'>Wien<\/td><td class='dgpp_addr_institution'>KH der Barmherzigen Br\u00fcder, Abteilung f\u00fcr HNO-Krankheiten und Phoniatrie<\/td><td class='dgpp_addr_doc'>Dr. Elisabeth Legler<\/td><td><a href='#a20'>Details<\/a><div id='a20' class='pop_overlay'><div class='pop_popup'><h2>Details<\/h2><a class='pop_close' href='#'>&times;<\/a><div class='pop_content'><p class='pop_institution'>KH der Barmherzigen Br\u00fcder, Abteilung f\u00fcr HNO-Krankheiten und Phoniatrie<\/p><p class='pop_doc'>Dr. Elisabeth Legler<\/p><p class='pop_address'>Johannes von Gott-Platz 1, 1020 Wien<\/p><p class='pop_tel'>Telefon: +43 (0)1 211215121<\/p><p class='pop_fax'>Telefax: +43 (0)1 211213123<\/p><p class='pop_web'>Homepage: <a href='' target='_blank'><\/a><\/p><p class='pop_mail'>E-Mail: elisabeth.legler@gmail.com<\/p><\/div><\/div><\/div><\/td><\/tr><tr><td class='dgpp_addr_city'>Wien<\/td><td class='dgpp_addr_institution'>Krankenanstalt Rudolfstiftung, HNO-Abteilung<\/td><td class='dgpp_addr_doc'>Dr. Gudrun Mancusi <\/td><td><a href='#a28'>Details<\/a><div id='a28' class='pop_overlay'><div class='pop_popup'><h2>Details<\/h2><a class='pop_close' href='#'>&times;<\/a><div class='pop_content'><p class='pop_institution'>Krankenanstalt Rudolfstiftung, HNO-Abteilung<\/p><p class='pop_doc'>Dr. Gudrun Mancusi <\/p><p class='pop_address'>Juchgasse 25, 1030 Wien<\/p><p class='pop_tel'>Telefon: 00431 71165 74912<\/p><p class='pop_fax'>Telefax: <\/p><p class='pop_web'>Homepage: <a href='' target='_blank'><\/a><\/p><p class='pop_mail'>E-Mail: <\/p><\/div><\/div><\/div><\/td><\/tr><tr><td class='dgpp_addr_city'>Wien<\/td><td class='dgpp_addr_institution'>Praxis Dr. Eva \u00d6sterreicher<\/td><td class='dgpp_addr_doc'>Dr. Eva \u00d6sterreicher<\/td><td><a href='#a24'>Details<\/a><div id='a24' class='pop_overlay'><div class='pop_popup'><h2>Details<\/h2><a class='pop_close' href='#'>&times;<\/a><div class='pop_content'><p class='pop_institution'>Praxis Dr. Eva \u00d6sterreicher<\/p><p class='pop_doc'>Dr. Eva \u00d6sterreicher<\/p><p class='pop_address'>Belvederegasse 18\/8, 1040 Wien<\/p><p class='pop_tel'>Telefon: +43 (0)1505 4300<\/p><p class='pop_fax'>Telefax: +43 (0)1505 430010<\/p><p class='pop_web'>Homepage: <a href='http:\/\/hno-oesterreicher.at' target='_blank'>http:\/\/hno-oesterreicher.at<\/a><\/p><p class='pop_mail'>E-Mail: ordination@hno-oesterreicher.at<\/p><\/div><\/div><\/div><\/td><\/tr><tr><td class='dgpp_addr_city'>Wien<\/td><td class='dgpp_addr_institution'>Praxis Dr. Gudrun Mancusi<\/td><td class='dgpp_addr_doc'>Dr. Gudrun Mancusi<\/td><td><a href='#a29'>Details<\/a><div id='a29' class='pop_overlay'><div class='pop_popup'><h2>Details<\/h2><a class='pop_close' href='#'>&times;<\/a><div class='pop_content'><p class='pop_institution'>Praxis Dr. Gudrun Mancusi<\/p><p class='pop_doc'>Dr. Gudrun Mancusi<\/p><p class='pop_address'>Rechte Wienzeile 147, 1050 Wien<\/p><p class='pop_tel'>Telefon: 0043 6763582271<\/p><p class='pop_fax'>Telefax: <\/p><p class='pop_web'>Homepage: <a href='' target='_blank'><\/a><\/p><p class='pop_mail'>E-Mail: <\/p><\/div><\/div><\/div><\/td><\/tr><tr><td class='dgpp_addr_city'>Wien<\/td><td class='dgpp_addr_institution'>Praxis Dr. Patrick Lajtha<\/td><td class='dgpp_addr_doc'>Dr. Patrick Lajtha<\/td><td><a href='#a23'>Details<\/a><div id='a23' class='pop_overlay'><div class='pop_popup'><h2>Details<\/h2><a class='pop_close' href='#'>&times;<\/a><div class='pop_content'><p class='pop_institution'>Praxis Dr. Patrick Lajtha<\/p><p class='pop_doc'>Dr. Patrick Lajtha<\/p><p class='pop_address'>Hellwagstr. 14\/2, 1200 Wien<\/p><p class='pop_tel'>Telefon: +43 (0)1 3303333<\/p><p class='pop_fax'>Telefax: <\/p><p class='pop_web'>Homepage: <a href='http:\/\/hno-praxis.at' target='_blank'>http:\/\/hno-praxis.at<\/a><\/p><p class='pop_mail'>E-Mail: dr.lajtha@hno-praxis.at<\/p><\/div><\/div><\/div><\/td><\/tr><tr><td class='dgpp_addr_city'>Wien<\/td><td class='dgpp_addr_institution'>Praxis Dr. Thomas J. Schmal<\/td><td class='dgpp_addr_doc'>Dr. Thomas J. Schmal<\/td><td><a href='#a26'>Details<\/a><div id='a26' class='pop_overlay'><div class='pop_popup'><h2>Details<\/h2><a class='pop_close' href='#'>&times;<\/a><div class='pop_content'><p class='pop_institution'>Praxis Dr. Thomas J. Schmal<\/p><p class='pop_doc'>Dr. Thomas J. Schmal<\/p><p class='pop_address'>Braunschweiggasse 3A\/5, 1130 Wien<\/p><p class='pop_tel'>Telefon: +43 (0)664 3325342<\/p><p class='pop_fax'>Telefax: <\/p><p class='pop_web'>Homepage: <a href='' target='_blank'><\/a><\/p><p class='pop_mail'>E-Mail: dr.schmal@aon.at<\/p><\/div><\/div><\/div><\/td><\/tr><tr><td class='dgpp_addr_city'>Wien<\/td><td class='dgpp_addr_institution'>Praxis OA Dr. Bettina Schickinger-Fischer<\/td><td class='dgpp_addr_doc'>Dr. Bettina Schickinger-Fischer<\/td><td><a href='#a25'>Details<\/a><div id='a25' class='pop_overlay'><div class='pop_popup'><h2>Details<\/h2><a class='pop_close' href='#'>&times;<\/a><div class='pop_content'><p class='pop_institution'>Praxis OA Dr. Bettina Schickinger-Fischer<\/p><p class='pop_doc'>Dr. Bettina Schickinger-Fischer<\/p><p class='pop_address'>Clusiusgasse 2\/12, 1090 Wien<\/p><p class='pop_tel'>Telefon: +43 (0)650 7244254<\/p><p class='pop_fax'>Telefax: <\/p><p class='pop_web'>Homepage: <a href='http:\/\/schickinger-fischer.at' target='_blank'>http:\/\/schickinger-fischer.at<\/a><\/p><p class='pop_mail'>E-Mail: office@schickinger-fischer.at<\/p><\/div><\/div><\/div><\/td><\/tr><tr><td class='dgpp_addr_city'>Wien<\/td><td class='dgpp_addr_institution'>Praxis Prim. Univ. Doz. Dr. Heribert H\u00f6fler<\/td><td class='dgpp_addr_doc'>Dr. Heribert H\u00f6fler<\/td><td><a href='#a22'>Details<\/a><div id='a22' class='pop_overlay'><div class='pop_popup'><h2>Details<\/h2><a class='pop_close' href='#'>&times;<\/a><div class='pop_content'><p class='pop_institution'>Praxis Prim. Univ. Doz. Dr. Heribert H\u00f6fler<\/p><p class='pop_doc'>Dr. Heribert H\u00f6fler<\/p><p class='pop_address'>Lange Gasse 72, 1080 Wien<\/p><p class='pop_tel'>Telefon: +43 (0)1 40866600<\/p><p class='pop_fax'>Telefax: +43 (0)1 40866604<\/p><p class='pop_web'>Homepage: <a href='' target='_blank'><\/a><\/p><p class='pop_mail'>E-Mail: heribert.hoefler@gmx.at<\/p><\/div><\/div><\/div><\/td><\/tr><tr><td class='dgpp_addr_city'>Wien<\/td><td class='dgpp_addr_institution'>Praxis Univ. Prof. emer. Dr. Friedrich Frank<\/td><td class='dgpp_addr_doc'>Dr. Friedrich Frank<\/td><td><a href='#a21'>Details<\/a><div id='a21' class='pop_overlay'><div class='pop_popup'><h2>Details<\/h2><a class='pop_close' href='#'>&times;<\/a><div class='pop_content'><p class='pop_institution'>Praxis Univ. Prof. emer. Dr. Friedrich Frank<\/p><p class='pop_doc'>Dr. Friedrich Frank<\/p><p class='pop_address'>Eduard-Klein-Gasse 11, 1130 Wien<\/p><p class='pop_tel'>Telefon: +43 (0)1 8775649<\/p><p class='pop_fax'>Telefax: <\/p><p class='pop_web'>Homepage: <a href='' target='_blank'><\/a><\/p><p class='pop_mail'>E-Mail: optizentrale@drei.at<\/p><\/div><\/div><\/div><\/td><\/tr><tr><td class='dgpp_addr_city'>Wien<\/td><td class='dgpp_addr_institution'>Univ. HNO-Klinik Wien, Klinische Abteilung Phoniatrie-Logop\u00e4die<\/td><td class='dgpp_addr_doc'>Univ. Prof. Dr. Wolfgang Bigenzahn<\/td><td><a href='#a19'>Details<\/a><div id='a19' class='pop_overlay'><div class='pop_popup'><h2>Details<\/h2><a class='pop_close' href='#'>&times;<\/a><div class='pop_content'><p class='pop_institution'>Univ. HNO-Klinik Wien, Klinische Abteilung Phoniatrie-Logop\u00e4die<\/p><p class='pop_doc'>Univ. Prof. Dr. Wolfgang Bigenzahn<\/p><p class='pop_address'>W\u00e4hringer G\u00fcr 18-20, 1090 Wien<\/p><p class='pop_tel'>Telefon: +43 (0)1 404003317<\/p><p class='pop_fax'>Telefax: +43 (0)1 404003332<\/p><p class='pop_web'>Homepage: <a href='http:\/\/www.meduniwien.ac.at\/hno\/phoniatrie-logopaedie' target='_blank'>http:\/\/www.meduniwien.ac.at\/hno\/phoniatrie-logopaedie<\/a><\/p><p class='pop_mail'>E-Mail: <\/p><\/div><\/div><\/div><\/td><\/tr><tr><td class='dgpp_addr_city'>Wiener Neustadt<\/td><td class='dgpp_addr_institution'>Krankenhaus der Statutarstadt Wiener Neustadt<\/td><td class='dgpp_addr_doc'>Dr. Bettina Kerschhackel<\/td><td><a href='#a27'>Details<\/a><div id='a27' class='pop_overlay'><div class='pop_popup'><h2>Details<\/h2><a class='pop_close' href='#'>&times;<\/a><div class='pop_content'><p class='pop_institution'>Krankenhaus der Statutarstadt Wiener Neustadt<\/p><p class='pop_doc'>Dr. Bettina Kerschhackel<\/p><p class='pop_address'>Scheeberggasse 89, 2700 Wiener Neustadt<\/p><p class='pop_tel'>Telefon: +43 (0)2622 3212496<\/p><p class='pop_fax'>Telefax: +43 (0)2622 3212698<\/p><p class='pop_web'>Homepage: <a href='http:\/\/wienerneustadt.lknoe.at' target='_blank'>http:\/\/wienerneustadt.lknoe.at<\/a><\/p><p class='pop_mail'>E-Mail: ingrid.ochsenhofer@wienerneustadt.lknoe.at<\/p><\/div><\/div><\/div><\/td><\/tr><\/table>\n<h2 id=\"ch\">Adressen in der Schweiz<\/h2>\n<div class='kbe_search_field'><input type='text' id='filterInput_ch' onkeyup='filterTable(\"ch\")' placeholder='Tabelle filtern (CH)...'><\/div>\n<table class='dgpp_addr' id='dgpp_addr_ch'><tr><th>Stadt<\/th><th>Institution<\/th><th>Ansprechpartner<\/th><th>Details<\/th><\/tr><tr><td class='dgpp_addr_city'>Basel<\/td><td class='dgpp_addr_institution'>Universit\u00e4tsspital Basel, HNO-Klinik, Abteilung P\u00e4daudiologie<\/td><td class='dgpp_addr_doc'>PD Dr. Steffi J. Brockmeier<\/td><td><a href='#ch1'>Details<\/a><div id='ch1' class='pop_overlay'><div class='pop_popup'><h2>Details<\/h2><a class='pop_close' href='#'>&times;<\/a><div class='pop_content'><p class='pop_institution'>Universit\u00e4tsspital Basel, HNO-Klinik, Abteilung P\u00e4daudiologie<\/p><p class='pop_doc'>PD Dr. Steffi J. Brockmeier<\/p><p class='pop_address'><\/p><p class='pop_tel'>Telefon: +41 (0)61 2654133<\/p><p class='pop_fax'>Telefax: +41 (0)61 2654742<\/p><p class='pop_web'>Homepage: <a href='http:\/\/uhbs.ch' target='_blank'>http:\/\/uhbs.ch<\/a><\/p><p class='pop_mail'>E-Mail: cstorck@uhbs.ch<\/p><\/div><\/div><\/div><\/td><\/tr><tr><td class='dgpp_addr_city'>Bern\/Berne<\/td><td class='dgpp_addr_institution'>Inselspital\/Hospital d'Ile Bern, HNO-Klinik, Abteilung Phoniatrie<\/td><td class='dgpp_addr_doc'>Prof. Dr. Eberhard Seifert<\/td><td><a href='#ch2'>Details<\/a><div id='ch2' class='pop_overlay'><div class='pop_popup'><h2>Details<\/h2><a class='pop_close' href='#'>&times;<\/a><div class='pop_content'><p class='pop_institution'>Inselspital\/Hospital d'Ile Bern, HNO-Klinik, Abteilung Phoniatrie<\/p><p class='pop_doc'>Prof. Dr. Eberhard Seifert<\/p><p class='pop_address'>3010 Bern<\/p><p class='pop_tel'>Telefon: +41 (0)31 6323349<\/p><p class='pop_fax'>Telefax: +41 (0)31 6323193<\/p><p class='pop_web'>Homepage: <a href='http:\/\/insel.ch' target='_blank'>http:\/\/insel.ch<\/a><\/p><p class='pop_mail'>E-Mail: sekr.phoniatrie@insel.ch<\/p><\/div><\/div><\/div><\/td><\/tr><tr><td class='dgpp_addr_city'>Bern\/Berne<\/td><td class='dgpp_addr_institution'>Praxis Dr. Maria Mullis Gadient<\/td><td class='dgpp_addr_doc'>Dr. Maria Mullis Gadient<\/td><td><a href='#ch3'>Details<\/a><div id='ch3' class='pop_overlay'><div class='pop_popup'><h2>Details<\/h2><a class='pop_close' href='#'>&times;<\/a><div class='pop_content'><p class='pop_institution'>Praxis Dr. Maria Mullis Gadient<\/p><p class='pop_doc'>Dr. Maria Mullis Gadient<\/p><p class='pop_address'><\/p><p class='pop_tel'>Telefon: +41 (0)31 3818500<\/p><p class='pop_fax'>Telefax: +41 (0)31 3818512<\/p><p class='pop_web'>Homepage: <a href='' target='_blank'><\/a><\/p><p class='pop_mail'>E-Mail: <\/p><\/div><\/div><\/div><\/td><\/tr><tr><td class='dgpp_addr_city'>Freiburg\/Fribourg<\/td><td class='dgpp_addr_institution'>Praxis Dr. Birgit Pascher<\/td><td class='dgpp_addr_doc'>Dr. Birgit Pascher<\/td><td><a href='#ch4'>Details<\/a><div id='ch4' class='pop_overlay'><div class='pop_popup'><h2>Details<\/h2><a class='pop_close' href='#'>&times;<\/a><div class='pop_content'><p class='pop_institution'>Praxis Dr. Birgit Pascher<\/p><p class='pop_doc'>Dr. Birgit Pascher<\/p><p class='pop_address'>Rue St. Pierre 2, 1700 Fribourg<\/p><p class='pop_tel'>Telefon: +41 (0)26 3225656<\/p><p class='pop_fax'>Telefax: <\/p><p class='pop_web'>Homepage: <a href='' target='_blank'><\/a><\/p><p class='pop_mail'>E-Mail: bpascher@aol.com<\/p><\/div><\/div><\/div><\/td><\/tr><tr><td class='dgpp_addr_city'>Genf\/Gen\u00e8ve<\/td><td class='dgpp_addr_institution'>Praxis Dr. Edouard-Patrick Witzig<\/td><td class='dgpp_addr_doc'>Dr. Edouard-Patrick Witzig<\/td><td><a href='#ch6'>Details<\/a><div id='ch6' class='pop_overlay'><div class='pop_popup'><h2>Details<\/h2><a class='pop_close' href='#'>&times;<\/a><div class='pop_content'><p class='pop_institution'>Praxis Dr. Edouard-Patrick Witzig<\/p><p class='pop_doc'>Dr. Edouard-Patrick Witzig<\/p><p class='pop_address'>Route de Chene 5, 1207 Gen\u00e8ve<\/p><p class='pop_tel'>Telefon: +41 (0)22 7363765<\/p><p class='pop_fax'>Telefax: <\/p><p class='pop_web'>Homepage: <a href='' target='_blank'><\/a><\/p><p class='pop_mail'>E-Mail: <\/p><\/div><\/div><\/div><\/td><\/tr><tr><td class='dgpp_addr_city'>Genf\/Gen\u00e8ve<\/td><td class='dgpp_addr_institution'>Praxis Dr. Michel Queloz<\/td><td class='dgpp_addr_doc'>Dr. Michel Queloz<\/td><td><a href='#ch5'>Details<\/a><div id='ch5' class='pop_overlay'><div class='pop_popup'><h2>Details<\/h2><a class='pop_close' href='#'>&times;<\/a><div class='pop_content'><p class='pop_institution'>Praxis Dr. Michel Queloz<\/p><p class='pop_doc'>Dr. Michel Queloz<\/p><p class='pop_address'>Rue Jean-P\u00e9colat 5, 1201 Gen\u00e8ve<\/p><p class='pop_tel'>Telefon: +41 (0)22 7317545<\/p><p class='pop_fax'>Telefax: +41 (0)22 7961381<\/p><p class='pop_web'>Homepage: <a href='' target='_blank'><\/a><\/p><p class='pop_mail'>E-Mail: <\/p><\/div><\/div><\/div><\/td><\/tr><tr><td class='dgpp_addr_city'>K\u00fcsnacht<\/td><td class='dgpp_addr_institution'>Praxis Dr. Susanne Baumann<\/td><td class='dgpp_addr_doc'>Dr. Susanne Baumann<\/td><td><a href='#ch7'>Details<\/a><div id='ch7' class='pop_overlay'><div class='pop_popup'><h2>Details<\/h2><a class='pop_close' href='#'>&times;<\/a><div class='pop_content'><p class='pop_institution'>Praxis Dr. Susanne Baumann<\/p><p class='pop_doc'>Dr. Susanne Baumann<\/p><p class='pop_address'>Seestr. 29, 8700 K\u00fcsnacht<\/p><p class='pop_tel'>Telefon: +41 (0)44 9123200<\/p><p class='pop_fax'>Telefax: +41 (0)44 9123201<\/p><p class='pop_web'>Homepage: <a href='http:\/\/orlpraxen.com' target='_blank'>http:\/\/orlpraxen.com<\/a><\/p><p class='pop_mail'>E-Mail: contact@orlpraxen.com<\/p><\/div><\/div><\/div><\/td><\/tr><tr><td class='dgpp_addr_city'>Lausanne<\/td><td class='dgpp_addr_institution'>CHUV (Centre Hospitalier Universitaire Vaudois), Policlinique ORL<\/td><td class='dgpp_addr_doc'>Dr. Val\u00e9rie Schweizer<\/td><td><a href='#ch8'>Details<\/a><div id='ch8' class='pop_overlay'><div class='pop_popup'><h2>Details<\/h2><a class='pop_close' href='#'>&times;<\/a><div class='pop_content'><p class='pop_institution'>CHUV (Centre Hospitalier Universitaire Vaudois), Policlinique ORL<\/p><p class='pop_doc'>Dr. Val\u00e9rie Schweizer<\/p><p class='pop_address'>Rue du Bugnon 46, 1011 Lausanne<\/p><p class='pop_tel'>Telefon: +41 (0)21 3142643<\/p><p class='pop_fax'>Telefax: +41 (0)21 3142647<\/p><p class='pop_web'>Homepage: <a href='http:\/\/chuv.hospvd.ch' target='_blank'>http:\/\/chuv.hospvd.ch<\/a><\/p><p class='pop_mail'>E-Mail: valerie.schweizer@chuv.hospvd.ch<\/p><\/div><\/div><\/div><\/td><\/tr><tr><td class='dgpp_addr_city'>Lausanne<\/td><td class='dgpp_addr_institution'>Praxis Dr. Jacques Cherpillod<\/td><td class='dgpp_addr_doc'>Dr. Jacques Cherpillod<\/td><td><a href='#ch9'>Details<\/a><div id='ch9' class='pop_overlay'><div class='pop_popup'><h2>Details<\/h2><a class='pop_close' href='#'>&times;<\/a><div class='pop_content'><p class='pop_institution'>Praxis Dr. Jacques Cherpillod<\/p><p class='pop_doc'>Dr. Jacques Cherpillod<\/p><p class='pop_address'>Avenue de la Gare 2, 1003 Lausanne<\/p><p class='pop_tel'>Telefon: +41 (0)21 3207929<\/p><p class='pop_fax'>Telefax: +41 (0)21 3110084<\/p><p class='pop_web'>Homepage: <a href='' target='_blank'><\/a><\/p><p class='pop_mail'>E-Mail: jcherpil@worldcom.ch<\/p><\/div><\/div><\/div><\/td><\/tr><tr><td class='dgpp_addr_city'>Lausanne<\/td><td class='dgpp_addr_institution'>Praxis PD Dr. Mary-Louise Dutoit Marco<\/td><td class='dgpp_addr_doc'>Dr. Mary-Louise Dutoit Marco<\/td><td><a href='#ch10'>Details<\/a><div id='ch10' class='pop_overlay'><div class='pop_popup'><h2>Details<\/h2><a class='pop_close' href='#'>&times;<\/a><div class='pop_content'><p class='pop_institution'>Praxis PD Dr. Mary-Louise Dutoit Marco<\/p><p class='pop_doc'>Dr. Mary-Louise Dutoit Marco<\/p><p class='pop_address'>Chemin du Fr\u00eane 11, 1004 Lausanne<\/p><p class='pop_tel'>Telefon: +41 (0)21 6483234<\/p><p class='pop_fax'>Telefax: +41 (0)21 6480843<\/p><p class='pop_web'>Homepage: <a href='' target='_blank'><\/a><\/p><p class='pop_mail'>E-Mail: <\/p><\/div><\/div><\/div><\/td><\/tr><tr><td class='dgpp_addr_city'>Luzern\/Lucerne<\/td><td class='dgpp_addr_institution'>Luzerner Kantonsspital Luzern, HNO-Klinik, Abteilung Phoniatrie\/P\u00e4daudiologie<\/td><td class='dgpp_addr_doc'>Dr. Dipl.-Phys. Peter Oppermann<\/td><td><a href='#ch11'>Details<\/a><div id='ch11' class='pop_overlay'><div class='pop_popup'><h2>Details<\/h2><a class='pop_close' href='#'>&times;<\/a><div class='pop_content'><p class='pop_institution'>Luzerner Kantonsspital Luzern, HNO-Klinik, Abteilung Phoniatrie\/P\u00e4daudiologie<\/p><p class='pop_doc'>Dr. Dipl.-Phys. Peter Oppermann<\/p><p class='pop_address'>6000 Luzern 16<\/p><p class='pop_tel'>Telefon: +41 (0)41 2055071<\/p><p class='pop_fax'>Telefax: +41 (0)41 2052150<\/p><p class='pop_web'>Homepage: <a href='http:\/\/ksl.ch' target='_blank'>http:\/\/ksl.ch<\/a><\/p><p class='pop_mail'>E-Mail: peter.oppermann@ksl.ch<\/p><\/div><\/div><\/div><\/td><\/tr><tr><td class='dgpp_addr_city'>Luzern\/Lucerne<\/td><td class='dgpp_addr_institution'>Praxis Dr. Albert Sommerhalder<\/td><td class='dgpp_addr_doc'>Dr. Albert Sommerhalder<\/td><td><a href='#ch12'>Details<\/a><div id='ch12' class='pop_overlay'><div class='pop_popup'><h2>Details<\/h2><a class='pop_close' href='#'>&times;<\/a><div class='pop_content'><p class='pop_institution'>Praxis Dr. Albert Sommerhalder<\/p><p class='pop_doc'>Dr. Albert Sommerhalder<\/p><p class='pop_address'>Waldst\u00e4tterstrasse 17, 6003 Luzern<\/p><p class='pop_tel'>Telefon: +41 (0)41 2104461<\/p><p class='pop_fax'>Telefax: +41 (0)41 2104468<\/p><p class='pop_web'>Homepage: <a href='http:\/\/hnoarzt.com' target='_blank'>http:\/\/hnoarzt.com<\/a><\/p><p class='pop_mail'>E-Mail: info@hnoarzt.com<\/p><\/div><\/div><\/div><\/td><\/tr><tr><td class='dgpp_addr_city'>Rorschach<\/td><td class='dgpp_addr_institution'>Praxis Dr. Marcella Valenta<\/td><td class='dgpp_addr_doc'>Dr. Marcella Valenta<\/td><td><a href='#ch13'>Details<\/a><div id='ch13' class='pop_overlay'><div class='pop_popup'><h2>Details<\/h2><a class='pop_close' href='#'>&times;<\/a><div class='pop_content'><p class='pop_institution'>Praxis Dr. Marcella Valenta<\/p><p class='pop_doc'>Dr. Marcella Valenta<\/p><p class='pop_address'>Kirchstr. 20, 9400 Rorschach<\/p><p class='pop_tel'>Telefon: +41 (0)71 8416655<\/p><p class='pop_fax'>Telefax: +41 (0)71 8415665<\/p><p class='pop_web'>Homepage: <a href='' target='_blank'><\/a><\/p><p class='pop_mail'>E-Mail: valenta@smile.ch<\/p><\/div><\/div><\/div><\/td><\/tr><tr><td class='dgpp_addr_city'>Schaffhausen\/Schaffhouse<\/td><td class='dgpp_addr_institution'>Praxis Dr. Claudia Pieren Frei<\/td><td class='dgpp_addr_doc'>Dr. Claudia Pieren Frei<\/td><td><a href='#ch15'>Details<\/a><div id='ch15' class='pop_overlay'><div class='pop_popup'><h2>Details<\/h2><a class='pop_close' href='#'>&times;<\/a><div class='pop_content'><p class='pop_institution'>Praxis Dr. Claudia Pieren Frei<\/p><p class='pop_doc'>Dr. Claudia Pieren Frei<\/p><p class='pop_address'>Bachstr. 38, 8200 Schaffhausen<\/p><p class='pop_tel'>Telefon: +41 (0)52 6259020<\/p><p class='pop_fax'>Telefax: +41 (0)52 6240868<\/p><p class='pop_web'>Homepage: <a href='' target='_blank'><\/a><\/p><p class='pop_mail'>E-Mail: cpieren@bluewin.ch<\/p><\/div><\/div><\/div><\/td><\/tr><tr><td class='dgpp_addr_city'>Schlieren<\/td><td class='dgpp_addr_institution'>Praxis Dr. Salome Zwicky-Beck<\/td><td class='dgpp_addr_doc'>Dr. Salome Zwicky-Beck<\/td><td><a href='#ch16'>Details<\/a><div id='ch16' class='pop_overlay'><div class='pop_popup'><h2>Details<\/h2><a class='pop_close' href='#'>&times;<\/a><div class='pop_content'><p class='pop_institution'>Praxis Dr. Salome Zwicky-Beck<\/p><p class='pop_doc'>Dr. Salome Zwicky-Beck<\/p><p class='pop_address'>Uitikonerstr. 8, 8952 Schlieren<\/p><p class='pop_tel'>Telefon: +41 (0)44 7323010<\/p><p class='pop_fax'>Telefax: +41 (0)44 7323013<\/p><p class='pop_web'>Homepage: <a href='' target='_blank'><\/a><\/p><p class='pop_mail'>E-Mail: salomezwicky@gmx.ch<\/p><\/div><\/div><\/div><\/td><\/tr><tr><td class='dgpp_addr_city'>St. Gallen\/Saint-Gall<\/td><td class='dgpp_addr_institution'>Kantonsspital St. Gallen, ORL-Klinik, Abteilung Stimm-, Sprach-, H\u00f6rst\u00f6rungen und P\u00e4daudiologie<\/td><td class='dgpp_addr_doc'>Dr. med. Jochen Rosenfeld<\/td><td><a href='#ch14'>Details<\/a><div id='ch14' class='pop_overlay'><div class='pop_popup'><h2>Details<\/h2><a class='pop_close' href='#'>&times;<\/a><div class='pop_content'><p class='pop_institution'>Kantonsspital St. Gallen, ORL-Klinik, Abteilung Stimm-, Sprach-, H\u00f6rst\u00f6rungen und P\u00e4daudiologie<\/p><p class='pop_doc'>Dr. med. Jochen Rosenfeld<\/p><p class='pop_address'>Rorschacherstr. 95, 9007 St.Gallen<\/p><p class='pop_tel'>Telefon: +41 (0)71 4941696<\/p><p class='pop_fax'>Telefax: +41 (0)71 4946106<\/p><p class='pop_web'>Homepage: <a href='http:\/\/kssg.ch' target='_blank'>http:\/\/kssg.ch<\/a><\/p><p class='pop_mail'>E-Mail: jochen.rosenfeld@kssg.ch<\/p><\/div><\/div><\/div><\/td><\/tr><tr><td class='dgpp_addr_city'>Z\u00fcrich\/Zurich<\/td><td class='dgpp_addr_institution'>Praxis Dr. Daniel Jenny<\/td><td class='dgpp_addr_doc'>Dr. Daniel Jenny<\/td><td><a href='#ch19'>Details<\/a><div id='ch19' class='pop_overlay'><div class='pop_popup'><h2>Details<\/h2><a class='pop_close' href='#'>&times;<\/a><div class='pop_content'><p class='pop_institution'>Praxis Dr. Daniel Jenny<\/p><p class='pop_doc'>Dr. Daniel Jenny<\/p><p class='pop_address'>Falkenstr. 14, 8008 Z\u00fcrich<\/p><p class='pop_tel'>Telefon: +41 (0)44 2620977<\/p><p class='pop_fax'>Telefax: +41 (0)44 2620937<\/p><p class='pop_web'>Homepage: <a href='' target='_blank'><\/a><\/p><p class='pop_mail'>E-Mail: orl.jenny@bluewin.ch<\/p><\/div><\/div><\/div><\/td><\/tr><tr><td class='dgpp_addr_city'>Z\u00fcrich\/Zurich<\/td><td class='dgpp_addr_institution'>Universit\u00e4tsspital Z\u00fcrich, ORL-Klinik, Abteilung Audiologie-P\u00e4daudiologie<\/td><td class='dgpp_addr_doc'>KD Dr. Dorothe Veraguth<\/td><td><a href='#ch18'>Details<\/a><div id='ch18' class='pop_overlay'><div class='pop_popup'><h2>Details<\/h2><a class='pop_close' href='#'>&times;<\/a><div class='pop_content'><p class='pop_institution'>Universit\u00e4tsspital Z\u00fcrich, ORL-Klinik, Abteilung Audiologie-P\u00e4daudiologie<\/p><p class='pop_doc'>KD Dr. Dorothe Veraguth<\/p><p class='pop_address'>Frauenklinikstr. 24, 8091 Z\u00fcrich<\/p><p class='pop_tel'>Telefon: +41 (0)44 2555800<\/p><p class='pop_fax'>Telefax: +41 (0)44 2554420<\/p><p class='pop_web'>Homepage: <a href='http:\/\/usz.ch' target='_blank'>http:\/\/usz.ch<\/a><\/p><p class='pop_mail'>E-Mail: dorothe.veraguth@usz.ch<\/p><\/div><\/div><\/div><\/td><\/tr><tr><td class='dgpp_addr_city'>Z\u00fcrich\/Zurich<\/td><td class='dgpp_addr_institution'>Universit\u00e4tsspital Z\u00fcrich, ORL-Klinik, Abteilung Phoniatrie-Logop\u00e4die<\/td><td class='dgpp_addr_doc'>KD Dr. J\u00f6rg E. Bohlender<\/td><td><a href='#ch17'>Details<\/a><div id='ch17' class='pop_overlay'><div class='pop_popup'><h2>Details<\/h2><a class='pop_close' href='#'>&times;<\/a><div class='pop_content'><p class='pop_institution'>Universit\u00e4tsspital Z\u00fcrich, ORL-Klinik, Abteilung Phoniatrie-Logop\u00e4die<\/p><p class='pop_doc'>KD Dr. J\u00f6rg E. Bohlender<\/p><p class='pop_address'>Frauenklinikstr. 24, 8091 Z\u00fcrich<\/p><p class='pop_tel'>Telefon: +41 (0)44 2555830<\/p><p class='pop_fax'>Telefax: +41 (0)44 2554420<\/p><p class='pop_web'>Homepage: <a href='http:\/\/usz.ch' target='_blank'>http:\/\/usz.ch<\/a><\/p><p class='pop_mail'>E-Mail: joerg.bohlender@usz.ch<\/p><\/div><\/div><\/div><\/td><\/tr><\/table>\n","protected":false},"excerpt":{"rendered":"<p>Auf dieser Seite finden Sie die Adressen f\u00fcr phoniatrische und p\u00e4daudiologische Praxen beziehungsweise Kliniken mit entsprechenden Abteilungen. Telefon- und Faxnummern, Anschriften und Homepage-Adressen k\u00f6nnen \u00fcber den &#8220;Detail&#8221;-Knopf aufgerufen werden. Sie k\u00f6nnen auch direkt zur Liste f\u00fcr Deutschland, \u00d6sterreich oder die Schweiz springen. Die Suchfunktion filtert die jeweilige Tabelle des ausgew\u00e4hlten Landes. F\u00fcr die Bekanntgabe von <a href=\"https:\/\/dgpp.de\/de\/adressen\/\" class=\"more-link\"> &#8230; weiterlesen<\/a><\/p>\n","protected":false},"author":1,"featured_media":0,"parent":0,"menu_order":0,"comment_status":"closed","ping_status":"closed","template":"","meta":{"_links_to":"","_links_to_target":""},"_links":{"self":[{"href":"https:\/\/dgpp.de\/de\/wp-json\/wp\/v2\/pages\/266"}],"collection":[{"href":"https:\/\/dgpp.de\/de\/wp-json\/wp\/v2\/pages"}],"about":[{"href":"https:\/\/dgpp.de\/de\/wp-json\/wp\/v2\/types\/page"}],"author":[{"embeddable":true,"href":"https:\/\/dgpp.de\/de\/wp-json\/wp\/v2\/users\/1"}],"replies":[{"embeddable":true,"href":"https:\/\/dgpp.de\/de\/wp-json\/wp\/v2\/comments?post=266"}],"version-history":[{"count":7,"href":"https:\/\/dgpp.de\/de\/wp-json\/wp\/v2\/pages\/266\/revisions"}],"predecessor-version":[{"id":2902,"href":"https:\/\/dgpp.de\/de\/wp-json\/wp\/v2\/pages\/266\/revisions\/2902"}],"wp:attachment":[{"href":"https:\/\/dgpp.de\/de\/wp-json\/wp\/v2\/media?parent=266"}],"curies":[{"name":"wp","href":"https:\/\/api.w.org\/{rel}","templated":true}]}}