{"id":259,"date":"2019-09-05T19:50:38","date_gmt":"2019-09-05T17:50:38","guid":{"rendered":"http:\/\/dgpp.de\/de\/?page_id=259"},"modified":"2025-02-05T16:33:24","modified_gmt":"2025-02-05T15:33:24","slug":"praesidium-vorstand","status":"publish","type":"page","link":"https:\/\/dgpp.de\/de\/praesidium-vorstand\/","title":{"rendered":"Pr\u00e4sidium, Gesch\u00e4ftsstelle"},"content":{"rendered":"<p>Auf dieser Seite finden Sie das aktuelle Pr\u00e4sidium der DGPP, den erweiterten Vorstand, sowie die Adresse der Gesch\u00e4ftsstelle.<\/p>\n<h2>Pr\u00e4sidenten<\/h2>\n<style><\/style><div class=\"staff-member-listing presidents\"><div class=\"staff-member even \">\r\n\t\t\t<img class=\"staff-member-photo\" src=\"https:\/\/dgpp.de\/de\/wp-content\/uploads\/2020\/09\/pflug2022.png\" alt=\"PD Dr. med. Christina Pflug : Pr\u00e4sidentin\">\r\n\t\t\t<div class=\"staff-member-info-wrap\">\r\n\t\t\t\t<h3 class=\"staff-member-name\">PD Dr. med. Christina Pflug<\/h3>\r\n\t\t\t\t<h4 class=\"staff-member-position\">Pr\u00e4sidentin<\/h4>\r\n\t\t\t\t<div class=\"staff-member-bio\"><p>Direktorin der Klinik und Poliklinik f\u00fcr H\u00f6r-, Stimm- und Sprachheilkunde<br \/>\nUniversit\u00e4tsklinikum Hamburg-Eppendorf<\/p>\n<\/div>\r\n\t\t\t\t\r\n\t\t\t<\/div>\r\n\t\t<\/div> <!-- Close staff-member --><div class=\"staff-member odd \">\r\n\t\t\t<img class=\"staff-member-photo\" src=\"https:\/\/dgpp.de\/de\/wp-content\/uploads\/2022\/10\/echternach.png\" alt=\"Prof. Dr. med. Matthias Echternach : Incoming Pr\u00e4sident\">\r\n\t\t\t<div class=\"staff-member-info-wrap\">\r\n\t\t\t\t<h3 class=\"staff-member-name\">Prof. Dr. med. Matthias Echternach<\/h3>\r\n\t\t\t\t<h4 class=\"staff-member-position\">Incoming Pr\u00e4sident<\/h4>\r\n\t\t\t\t<div class=\"staff-member-bio\"><p>Leiter der Abteilung f\u00fcr Phoniatrie und P\u00e4daudiologie<br \/>\nKlinik und Poliklinik f\u00fcr Hals-, Nasen-, Ohrenheilkunde<br \/>\nLudwig-Maximilians-Universit\u00e4t M\u00fcnchen <\/p>\n<\/div>\r\n\t\t\t\t\r\n\t\t\t<\/div>\r\n\t\t<\/div> <!-- Close staff-member --><div class=\"staff-member even  last\">\r\n\t\t\t<img class=\"staff-member-photo\" src=\"https:\/\/dgpp.de\/de\/wp-content\/uploads\/2019\/09\/muerbe2022.png\" alt=\"Prof. Dr. med. Dirk M\u00fcrbe : Past Pr\u00e4sident\">\r\n\t\t\t<div class=\"staff-member-info-wrap\">\r\n\t\t\t\t<h3 class=\"staff-member-name\">Prof. Dr. med. Dirk M\u00fcrbe<\/h3>\r\n\t\t\t\t<h4 class=\"staff-member-position\">Past Pr\u00e4sident<\/h4>\r\n\t\t\t\t<div class=\"staff-member-bio\"><p>Direktor der Klinik f\u00fcr Audiologie und Phoniatrie<br \/>\nCharit\u00e9 - Universit\u00e4tsmedizin Berlin<\/p>\n<\/div>\r\n\t\t\t\t\r\n\t\t\t<\/div>\r\n\t\t<\/div> <!-- Close staff-member --><\/div> <!-- Close staff-member-listing -->\n<h2>Schriftf\u00fchrerin<\/h2>\n<style><\/style><div class=\"staff-member-listing schrift\"><div class=\"staff-member even  last\">\r\n\t\t\t<img class=\"staff-member-photo\" src=\"https:\/\/dgpp.de\/de\/wp-content\/uploads\/2022\/10\/graf.png\" alt=\"Univ.-Prof. Dr. med. Simone Graf : Schriftf\u00fchrerin\">\r\n\t\t\t<div class=\"staff-member-info-wrap\">\r\n\t\t\t\t<h3 class=\"staff-member-name\">Univ.-Prof. Dr. med. Simone Graf<\/h3>\r\n\t\t\t\t<h4 class=\"staff-member-position\">Schriftf\u00fchrerin<\/h4>\r\n\t\t\t\t<div class=\"staff-member-bio\"><p>Direktorin<br \/>\nUniversit\u00e4tsklinik f\u00fcr H\u00f6r-, Stimm- und Sprachst\u00f6rungen (HSS)<br \/>\nMedizinische Universit\u00e4t Innsbruck <\/p>\n<\/div>\r\n\t\t\t\t\r\n\t\t\t<\/div>\r\n\t\t<\/div> <!-- Close staff-member --><\/div> <!-- Close staff-member-listing -->\n<h2>Schatzmeisterin<\/h2>\n<style><\/style><div class=\"staff-member-listing treasure\"><div class=\"staff-member even  last\">\r\n\t\t\t<img class=\"staff-member-photo\" src=\"https:\/\/dgpp.de\/de\/wp-content\/uploads\/2022\/10\/schuetzenberger.png\" alt=\"Prof. Dr. med. Anne Sch\u00fctzenberger : Schatzmeisterin\">\r\n\t\t\t<div class=\"staff-member-info-wrap\">\r\n\t\t\t\t<h3 class=\"staff-member-name\">Prof. Dr. med. Anne Sch\u00fctzenberger<\/h3>\r\n\t\t\t\t<h4 class=\"staff-member-position\">Schatzmeisterin<\/h4>\r\n\t\t\t\t<div class=\"staff-member-bio\"><p>Leitung Abteilung Phoniatrie<br \/>\nHNO-Klinik Kopf- und Halschirurgie<br \/>\nUniversit\u00e4tsklinikum Erlangen<\/p>\n<\/div>\r\n\t\t\t\t\r\n\t\t\t<\/div>\r\n\t\t<\/div> <!-- Close staff-member --><\/div> <!-- Close staff-member-listing -->\n<h2>Beisitzer:innen<\/h2>\n<style><\/style><div class=\"staff-member-listing beisitzer\"><div class=\"staff-member even \">\r\n\t\t\t<img class=\"staff-member-photo\" src=\"https:\/\/dgpp.de\/de\/wp-content\/uploads\/2019\/09\/kummer2022.png\" alt=\"Prof. Dr. med. Peter Kummer : Beisitzer\">\r\n\t\t\t<div class=\"staff-member-info-wrap\">\r\n\t\t\t\t<h3 class=\"staff-member-name\">Prof. Dr. med. Peter Kummer<\/h3>\r\n\t\t\t\t<h4 class=\"staff-member-position\">Beisitzer<\/h4>\r\n\t\t\t\t<div class=\"staff-member-bio\"><p>Leiter der Sektion Phoniatrie und P\u00e4daudiologie<br \/>\nKlinik und Poliklinik f\u00fcr Hals-Nasen-Ohren-Heilkunde<br \/>\nUniversit\u00e4tsklinikum Regensburg<\/p>\n<\/div>\r\n\t\t\t\t\r\n\t\t\t<\/div>\r\n\t\t<\/div> <!-- Close staff-member --><div class=\"staff-member odd  last\">\r\n\t\t\t<img class=\"staff-member-photo\" src=\"https:\/\/dgpp.de\/de\/wp-content\/uploads\/2024\/09\/lang-roth.jpg\" alt=\"PD Dr. med. Ruth Lang-Roth : Beisitzerin\">\r\n\t\t\t<div class=\"staff-member-info-wrap\">\r\n\t\t\t\t<h3 class=\"staff-member-name\">PD Dr. med. Ruth Lang-Roth<\/h3>\r\n\t\t\t\t<h4 class=\"staff-member-position\">Beisitzerin<\/h4>\r\n\t\t\t\t<div class=\"staff-member-bio\"><p>Leitung Schwerpunkt Phoniatrie und P\u00e4daudiologie\/CIK<br \/>\nH\u00f6rscreeningzentrum Nordrhein<\/p>\n<\/div>\r\n\t\t\t\t\r\n\t\t\t<\/div>\r\n\t\t<\/div> <!-- Close staff-member --><\/div> <!-- Close staff-member-listing -->\n<p><!--\n\n<h2>Website<\/h2>\n\n\n[simple-staff-list group=\"website\"]--><\/p>\n<h2>Kooptierte Mitglieder<\/h2>\n<style><\/style><div class=\"staff-member-listing koopt\"><div class=\"staff-member even \">\r\n\t\t\t<img class=\"staff-member-photo\" src=\"https:\/\/dgpp.de\/de\/wp-content\/uploads\/2019\/09\/muerbe2022.png\" alt=\"Prof. Dr. med. Dirk M\u00fcrbe : Union of European Phoniatricians (UEP)\">\r\n\t\t\t<div class=\"staff-member-info-wrap\">\r\n\t\t\t\t<h3 class=\"staff-member-name\">Prof. Dr. med. Dirk M\u00fcrbe<\/h3>\r\n\t\t\t\t<h4 class=\"staff-member-position\">Union of European Phoniatricians (UEP)<\/h4>\r\n\t\t\t\t<div class=\"staff-member-bio\"><p>Direktor der Klinik f\u00fcr Audiologie und Phoniatrie<br \/>\nCharit\u00e9 - Universit\u00e4tsmedizin Berlin<\/p>\n<\/div>\r\n\t\t\t\t\r\n\t\t\t<\/div>\r\n\t\t<\/div> <!-- Close staff-member --><div class=\"staff-member odd \">\r\n\t\t\t<img class=\"staff-member-photo\" src=\"https:\/\/dgpp.de\/de\/wp-content\/uploads\/2019\/09\/Portrait_Placeholder.png\" alt=\"Prof. Dr. Annette Limberger : Deutsche Gesellschaft f\u00fcr Audiologie e.V.\">\r\n\t\t\t<div class=\"staff-member-info-wrap\">\r\n\t\t\t\t<h3 class=\"staff-member-name\">Prof. Dr. Annette Limberger<\/h3>\r\n\t\t\t\t<h4 class=\"staff-member-position\">Deutsche Gesellschaft f\u00fcr Audiologie e.V.<\/h4>\r\n\t\t\t\t<div class=\"staff-member-bio\"><p>Mitglied des Hochschulrates<br \/>\nHochschule Aalen<\/p>\n<\/div>\r\n\t\t\t\t\r\n\t\t\t<\/div>\r\n\t\t<\/div> <!-- Close staff-member --><div class=\"staff-member even \">\r\n\t\t\t<img class=\"staff-member-photo\" src=\"https:\/\/dgpp.de\/de\/wp-content\/uploads\/2019\/09\/Portrait_Placeholder.png\" alt=\"Dr. med. Sabrina Regele : Deutschsprachige Gesellschaft f\u00fcr Sprach- und Stimmheilkunde (DGSS)\">\r\n\t\t\t<div class=\"staff-member-info-wrap\">\r\n\t\t\t\t<h3 class=\"staff-member-name\">Dr. med. Sabrina Regele<\/h3>\r\n\t\t\t\t<h4 class=\"staff-member-position\">Deutschsprachige Gesellschaft f\u00fcr Sprach- und Stimmheilkunde (DGSS)<\/h4>\r\n\t\t\t\t\r\n\t\t\t\t\r\n\t\t\t<\/div>\r\n\t\t<\/div> <!-- Close staff-member --><div class=\"staff-member odd \">\r\n\t\t\t<img class=\"staff-member-photo\" src=\"https:\/\/dgpp.de\/de\/wp-content\/uploads\/2019\/09\/schoenweiler2022.png\" alt=\"Prof. Dr. med. Rainer Sch\u00f6nweiler : Deutsche Kinderhilfe e.V. - Aktion fr\u00fchkindliches H\u00f6ren\">\r\n\t\t\t<div class=\"staff-member-info-wrap\">\r\n\t\t\t\t<h3 class=\"staff-member-name\">Prof. Dr. med. Rainer Sch\u00f6nweiler<\/h3>\r\n\t\t\t\t<h4 class=\"staff-member-position\">Deutsche Kinderhilfe e.V. - Aktion fr\u00fchkindliches H\u00f6ren<\/h4>\r\n\t\t\t\t<div class=\"staff-member-bio\"><p>Leiter der Sektion f\u00fcr Phoniatrie und P\u00e4daudiologie<br \/>\nKlinik f\u00fcr Hals-, Nasen- und Ohrenheilkunde<br \/>\nUniversit\u00e4tsklinikum Schleswig-Holstein, Campus L\u00fcbeck<\/p>\n<\/div>\r\n\t\t\t\t\r\n\t\t\t<\/div>\r\n\t\t<\/div> <!-- Close staff-member --><div class=\"staff-member even \">\r\n\t\t\t<img class=\"staff-member-photo\" src=\"https:\/\/dgpp.de\/de\/wp-content\/uploads\/2019\/09\/salue2020.jpg\" alt=\"Dr. med. Christine Schmitz-Salue : DBVPP-Berufsverband\">\r\n\t\t\t<div class=\"staff-member-info-wrap\">\r\n\t\t\t\t<h3 class=\"staff-member-name\">Dr. med. Christine Schmitz-Salue<\/h3>\r\n\t\t\t\t<h4 class=\"staff-member-position\">DBVPP-Berufsverband<\/h4>\r\n\t\t\t\t<div class=\"staff-member-bio\"><p>Reutlingen<\/p>\n<\/div>\r\n\t\t\t\t\r\n\t\t\t<\/div>\r\n\t\t<\/div> <!-- Close staff-member --><div class=\"staff-member odd \">\r\n\t\t\t<img class=\"staff-member-photo\" src=\"https:\/\/dgpp.de\/de\/wp-content\/uploads\/2022\/10\/bohlender.png\" alt=\"PD Dr. med. J\u00f6rg Bohlender : Schweizerische Gesellschaft f\u00fcr Phoniatrie (SGP)\">\r\n\t\t\t<div class=\"staff-member-info-wrap\">\r\n\t\t\t\t<h3 class=\"staff-member-name\">PD Dr. med. J\u00f6rg Bohlender<\/h3>\r\n\t\t\t\t<h4 class=\"staff-member-position\">Schweizerische Gesellschaft f\u00fcr Phoniatrie (SGP)<\/h4>\r\n\t\t\t\t<div class=\"staff-member-bio\"><p>Z\u00fcrich<\/p>\n<\/div>\r\n\t\t\t\t\r\n\t\t\t<\/div>\r\n\t\t<\/div> <!-- Close staff-member --><div class=\"staff-member even \">\r\n\t\t\t<img class=\"staff-member-photo\" src=\"https:\/\/dgpp.de\/de\/wp-content\/uploads\/2019\/09\/keilmann2.jpg\" alt=\"Prof. Dr. med. Annerose Keilmann : Deutscher Bundesverband f\u00fcr Logop\u00e4die e.V. (dbl)\">\r\n\t\t\t<div class=\"staff-member-info-wrap\">\r\n\t\t\t\t<h3 class=\"staff-member-name\">Prof. Dr. med. Annerose Keilmann<\/h3>\r\n\t\t\t\t<h4 class=\"staff-member-position\">Deutscher Bundesverband f\u00fcr Logop\u00e4die e.V. (dbl)<\/h4>\r\n\t\t\t\t<div class=\"staff-member-bio\"><p>Bad Rappenau<\/p>\n<\/div>\r\n\t\t\t\t\r\n\t\t\t<\/div>\r\n\t\t<\/div> <!-- Close staff-member --><div class=\"staff-member odd \">\r\n\t\t\t<img class=\"staff-member-photo\" src=\"https:\/\/dgpp.de\/de\/wp-content\/uploads\/2019\/09\/neumann2020.jpg\" alt=\"Prof. Dr. med. Katrin Neumann : WHO\">\r\n\t\t\t<div class=\"staff-member-info-wrap\">\r\n\t\t\t\t<h3 class=\"staff-member-name\">Prof. Dr. med. Katrin Neumann<\/h3>\r\n\t\t\t\t<h4 class=\"staff-member-position\">WHO<\/h4>\r\n\t\t\t\t<div class=\"staff-member-bio\"><p>M\u00fcnster<\/p>\n<\/div>\r\n\t\t\t\t\r\n\t\t\t<\/div>\r\n\t\t<\/div> <!-- Close staff-member --><div class=\"staff-member even  last\">\r\n\t\t\t<img class=\"staff-member-photo\" src=\"https:\/\/dgpp.de\/de\/wp-content\/uploads\/2019\/09\/zorowka2020.jpg\" alt=\"Prof. Dr. med. Patrick Zorowka : \u00d6sterreichische Gesellschaft f\u00fcr HNO-Heilkunde, Kopf- und Halschirurgie\">\r\n\t\t\t<div class=\"staff-member-info-wrap\">\r\n\t\t\t\t<h3 class=\"staff-member-name\">Prof. Dr. med. Patrick Zorowka<\/h3>\r\n\t\t\t\t<h4 class=\"staff-member-position\">\u00d6sterreichische Gesellschaft f\u00fcr HNO-Heilkunde, Kopf- und Halschirurgie<\/h4>\r\n\t\t\t\t<div class=\"staff-member-bio\"><p>Innsbruck<\/p>\n<\/div>\r\n\t\t\t\t\r\n\t\t\t<\/div>\r\n\t\t<\/div> <!-- Close staff-member --><\/div> <!-- Close staff-member-listing -->\n<h2>Gesch\u00e4ftsstelle<\/h2>\n<style><\/style><div class=\"staff-member-listing office\"><div class=\"staff-member even  last\">\r\n\t\t\t<img class=\"staff-member-photo\" src=\"https:\/\/dgpp.de\/de\/wp-content\/uploads\/2019\/09\/dgppStripes.png\" alt=\"DGPP e.V. : Gesch\u00e4ftsstelle\">\r\n\t\t\t<div class=\"staff-member-info-wrap\">\r\n\t\t\t\t<h3 class=\"staff-member-name\">DGPP e.V.<\/h3>\r\n\t\t\t\t<h4 class=\"staff-member-position\">Gesch\u00e4ftsstelle<\/h4>\r\n\t\t\t\t<div class=\"staff-member-bio\"><p>Deutsche Gesellschaft f\u00fcr Phoniatrie und P\u00e4daudiologie e.V.<br \/>\nOlaf Theuerkauf<br \/>\nc\/o Vokativ GmbH<br \/>\nRie\u00dfnerstra\u00dfe 12 B, 99427 Weimar<br \/>\nTel: +49 173 6490187<\/p>\n<\/div>\r\n\t\t\t\t<a class=\"staff-member-email\" href=\"mailto:&#111;&#102;&#102;ic&#101;&#064;&#100;gp&#112;&#046;&#100;e\" title=\"Email DGPP e.V.\">&#111;&#102;f&#105;c&#101;&#064;d&#103;pp.d&#101;<\/a>\r\n\t\t\t<\/div>\r\n\t\t<\/div> <!-- Close staff-member --><\/div> <!-- Close staff-member-listing -->\n","protected":false},"excerpt":{"rendered":"<p>Auf dieser Seite finden Sie das aktuelle Pr\u00e4sidium der DGPP, den erweiterten Vorstand, sowie die Adresse der Gesch\u00e4ftsstelle. Pr\u00e4sidenten Schriftf\u00fchrerin Schatzmeisterin Beisitzer:innen Kooptierte Mitglieder Gesch\u00e4ftsstelle <a href=\"https:\/\/dgpp.de\/de\/staff-members\/dgpp-e-v\/\" class=\"more-link\"> &#8230; weiterlesen<\/a><\/p>\n","protected":false},"author":1,"featured_media":0,"parent":0,"menu_order":0,"comment_status":"closed","ping_status":"closed","template":"","meta":{"_links_to":"","_links_to_target":""},"_links":{"self":[{"href":"https:\/\/dgpp.de\/de\/wp-json\/wp\/v2\/pages\/259"}],"collection":[{"href":"https:\/\/dgpp.de\/de\/wp-json\/wp\/v2\/pages"}],"about":[{"href":"https:\/\/dgpp.de\/de\/wp-json\/wp\/v2\/types\/page"}],"author":[{"embeddable":true,"href":"https:\/\/dgpp.de\/de\/wp-json\/wp\/v2\/users\/1"}],"replies":[{"embeddable":true,"href":"https:\/\/dgpp.de\/de\/wp-json\/wp\/v2\/comments?post=259"}],"version-history":[{"count":6,"href":"https:\/\/dgpp.de\/de\/wp-json\/wp\/v2\/pages\/259\/revisions"}],"predecessor-version":[{"id":2717,"href":"https:\/\/dgpp.de\/de\/wp-json\/wp\/v2\/pages\/259\/revisions\/2717"}],"wp:attachment":[{"href":"https:\/\/dgpp.de\/de\/wp-json\/wp\/v2\/media?parent=259"}],"curies":[{"name":"wp","href":"https:\/\/api.w.org\/{rel}","templated":true}]}}